{"id":20717,"date":"2024-08-02T13:08:33","date_gmt":"2024-08-02T11:08:33","guid":{"rendered":"https:\/\/www.boisbuchet.org\/?page_id=20717"},"modified":"2024-08-02T13:08:33","modified_gmt":"2024-08-02T11:08:33","slug":"les-couleurs-de-larchitecture-des-grottes-de-lascaux-aux-graffiti-urbains","status":"publish","type":"page","link":"https:\/\/www.boisbuchet.org\/fr\/expositions\/les-couleurs-de-larchitecture-des-grottes-de-lascaux-aux-graffiti-urbains\/","title":{"rendered":"Les couleurs de l&#8217;architecture \u2013 des grottes de Lascaux aux graffiti urbains"},"content":{"rendered":"<div class=\"fusion-fullwidth fullwidth-box fusion-builder-row-1 fusion-flex-container has-pattern-background has-mask-background nonhundred-percent-fullwidth non-hundred-percent-height-scrolling\" style=\"--awb-border-radius-top-left:0px;--awb-border-radius-top-right:0px;--awb-border-radius-bottom-right:0px;--awb-border-radius-bottom-left:0px;--awb-flex-wrap:wrap;\" ><div class=\"fusion-builder-row fusion-row fusion-flex-align-items-flex-start fusion-flex-content-wrap\" style=\"max-width:1144px;margin-left: calc(-4% \/ 2 );margin-right: calc(-4% \/ 2 );\"><div class=\"fusion-layout-column fusion_builder_column fusion-builder-column-0 fusion_builder_column_1_1 1_1 fusion-flex-column\" style=\"--awb-bg-size:cover;--awb-width-large:100%;--awb-margin-top-large:0px;--awb-spacing-right-large:1.92%;--awb-margin-bottom-large:20px;--awb-spacing-left-large:1.92%;--awb-width-medium:100%;--awb-order-medium:0;--awb-spacing-right-medium:1.92%;--awb-spacing-left-medium:1.92%;--awb-width-small:100%;--awb-order-small:0;--awb-spacing-right-small:1.92%;--awb-spacing-left-small:1.92%;\"><div class=\"fusion-column-wrapper fusion-column-has-shadow fusion-flex-justify-content-flex-start fusion-content-layout-column\"><div class=\"fusion-title title fusion-title-1 fusion-sep-none fusion-title-center fusion-title-text fusion-title-size-three\" style=\"--awb-text-color:#999999;--awb-margin-top-small:0px;--awb-margin-right-small:0px;--awb-margin-bottom-small:20px;--awb-margin-left-small:0px;\"><h3 class=\"fusion-title-heading title-heading-center\" style=\"margin:0;\">EXPOSITION D&#8217;\u00c9T\u00c9<\/h3><\/div><div class=\"fusion-title title fusion-title-2 fusion-title-center fusion-title-text fusion-title-size-one\" style=\"--awb-text-color:#333333;--awb-margin-top-small:0px;--awb-margin-right-small:0px;--awb-margin-bottom-small:20px;--awb-margin-left-small:0px;\"><div class=\"title-sep-container title-sep-container-left\"><div class=\"title-sep sep-single sep-solid\" style=\"border-color:#e0dede;\"><\/div><\/div><span class=\"awb-title-spacer\"><\/span><h1 class=\"fusion-title-heading title-heading-center\" style=\"margin:0;letter-spacing:5px;\">LES COULEURS DE L&#8217;ARCHITECTURE<\/h1><span class=\"awb-title-spacer\"><\/span><div class=\"title-sep-container title-sep-container-right\"><div class=\"title-sep sep-single sep-solid\" style=\"border-color:#e0dede;\"><\/div><\/div><\/div><div class=\"fusion-title title fusion-title-3 fusion-sep-none fusion-title-center fusion-title-text fusion-title-size-six\" style=\"--awb-text-color:#999999;--awb-margin-top-small:0px;--awb-margin-right-small:0px;--awb-margin-bottom-small:20px;--awb-margin-left-small:0px;\"><h6 class=\"fusion-title-heading title-heading-center\" style=\"margin:0;\">DOMAINE DE BOISBUCHET<\/h6><\/div><\/div><\/div><\/div><\/div><div class=\"fusion-fullwidth fullwidth-box fusion-builder-row-2 nonhundred-percent-fullwidth non-hundred-percent-height-scrolling\" style=\"--awb-border-radius-top-left:0px;--awb-border-radius-top-right:0px;--awb-border-radius-bottom-right:0px;--awb-border-radius-bottom-left:0px;--awb-flex-wrap:wrap;\" ><div class=\"fusion-builder-row fusion-row\"><div class=\"fusion-layout-column fusion_builder_column fusion-builder-column-1 fusion_builder_column_1_1 1_1 fusion-one-full fusion-column-first fusion-column-last\" style=\"--awb-bg-size:cover;\"><div class=\"fusion-column-wrapper fusion-column-has-shadow fusion-flex-column-wrapper-legacy\"><div class=\"fusion-text fusion-text-1\"><p style=\"text-align: center;\"><em>Cette exposition explore l&#8217;utilisation de la couleur dans l&#8217;architecture, depuis les grottes de Lascaux jusqu&#8217;aux graffitis urbains contemporains.<\/em><\/p>\n<\/div><div class=\"fusion-clearfix\"><\/div><\/div><\/div><\/div><\/div><div class=\"fusion-fullwidth fullwidth-box fusion-builder-row-3 nonhundred-percent-fullwidth non-hundred-percent-height-scrolling\" style=\"--awb-border-radius-top-left:0px;--awb-border-radius-top-right:0px;--awb-border-radius-bottom-right:0px;--awb-border-radius-bottom-left:0px;--awb-flex-wrap:wrap;\" ><div class=\"fusion-builder-row fusion-row\"><div class=\"fusion-layout-column fusion_builder_column fusion-builder-column-2 fusion_builder_column_1_1 1_1 fusion-one-full fusion-column-first fusion-column-last\" style=\"--awb-bg-size:cover;\"><div class=\"fusion-column-wrapper fusion-column-has-shadow fusion-flex-column-wrapper-legacy\"><div class=\"fusion-image-element fusion-image-align-center in-legacy-container\" style=\"text-align:center;--awb-caption-title-font-family:var(--h2_typography-font-family);--awb-caption-title-font-weight:var(--h2_typography-font-weight);--awb-caption-title-font-style:var(--h2_typography-font-style);--awb-caption-title-size:var(--h2_typography-font-size);--awb-caption-title-transform:var(--h2_typography-text-transform);--awb-caption-title-line-height:var(--h2_typography-line-height);--awb-caption-title-letter-spacing:var(--h2_typography-letter-spacing);\"><div class=\"imageframe-align-center\"><span class=\" fusion-imageframe imageframe-none imageframe-1 hover-type-none\"><img decoding=\"async\" width=\"724\" height=\"542\" title=\"Boisbuchet_Exhibition_Colours of Architecture_1\" src=\"https:\/\/www.boisbuchet.org\/wp-content\/uploads\/2024\/08\/Boisbuchet_Exhibition_Colours-of-Architecture_1.jpg\" alt class=\"img-responsive wp-image-20721\" srcset=\"https:\/\/www.boisbuchet.org\/wp-content\/uploads\/2024\/08\/Boisbuchet_Exhibition_Colours-of-Architecture_1-200x150.jpg 200w, https:\/\/www.boisbuchet.org\/wp-content\/uploads\/2024\/08\/Boisbuchet_Exhibition_Colours-of-Architecture_1-400x299.jpg 400w, https:\/\/www.boisbuchet.org\/wp-content\/uploads\/2024\/08\/Boisbuchet_Exhibition_Colours-of-Architecture_1-600x449.jpg 600w, https:\/\/www.boisbuchet.org\/wp-content\/uploads\/2024\/08\/Boisbuchet_Exhibition_Colours-of-Architecture_1.jpg 724w\" sizes=\"(max-width: 800px) 100vw, 724px\" \/><\/span><\/div><\/div><div class=\"fusion-clearfix\"><\/div><\/div><\/div><\/div><\/div><div class=\"fusion-fullwidth fullwidth-box fusion-builder-row-4 nonhundred-percent-fullwidth non-hundred-percent-height-scrolling\" style=\"--awb-border-radius-top-left:0px;--awb-border-radius-top-right:0px;--awb-border-radius-bottom-right:0px;--awb-border-radius-bottom-left:0px;--awb-flex-wrap:wrap;\" ><div class=\"fusion-builder-row fusion-row\"><div class=\"fusion-layout-column fusion_builder_column fusion-builder-column-3 fusion_builder_column_1_1 1_1 fusion-one-full fusion-column-first fusion-column-last\" style=\"--awb-bg-size:cover;\"><div class=\"fusion-column-wrapper fusion-column-has-shadow fusion-flex-column-wrapper-legacy\"><div class=\"fusion-text fusion-text-2\"><p>Le monde est plein de couleurs et chaque couleur a son propre caract\u00e8re. D&#8217;ailleurs, quel r\u00f4le joue un gris de b\u00e9ton lorsque nous construisons notre propre monde ?<\/p>\n<p>Les couleurs ont toujours eu une grande importance pour l&#8217;architecture. En particulier \u00e0 une \u00e9poque de bouleversements, de changements de concepts et de go\u00fbts, il est \u00e9vident que nous les percevons comme des signaux, charg\u00e9s d&#8217;\u00e9motion et d&#8217;individualit\u00e9. C&#8217;est pourquoi l&#8217;identit\u00e9 de notre architecture se manifeste in\u00e9vitablement dans ses couleurs, qu&#8217;il s&#8217;agisse de celles des sols et des pierres utilis\u00e9s pour la construction.<\/p>\n<\/div><div class=\"fusion-clearfix\"><\/div><\/div><\/div><\/div><\/div><div class=\"fusion-fullwidth fullwidth-box fusion-builder-row-5 fusion-flex-container has-pattern-background has-mask-background nonhundred-percent-fullwidth non-hundred-percent-height-scrolling\" style=\"--awb-border-radius-top-left:0px;--awb-border-radius-top-right:0px;--awb-border-radius-bottom-right:0px;--awb-border-radius-bottom-left:0px;--awb-flex-wrap:wrap;\" ><div class=\"fusion-builder-row fusion-row fusion-flex-align-items-flex-start fusion-flex-content-wrap\" style=\"max-width:1144px;margin-left: calc(-4% \/ 2 );margin-right: calc(-4% \/ 2 );\"><div class=\"fusion-layout-column fusion_builder_column fusion-builder-column-4 fusion_builder_column_1_2 1_2 fusion-flex-column\" style=\"--awb-bg-size:cover;--awb-width-large:50%;--awb-margin-top-large:0px;--awb-spacing-right-large:3.84%;--awb-margin-bottom-large:20px;--awb-spacing-left-large:3.84%;--awb-width-medium:100%;--awb-order-medium:0;--awb-spacing-right-medium:1.92%;--awb-spacing-left-medium:1.92%;--awb-width-small:100%;--awb-order-small:0;--awb-spacing-right-small:1.92%;--awb-spacing-left-small:1.92%;\"><div class=\"fusion-column-wrapper fusion-column-has-shadow fusion-flex-justify-content-flex-start fusion-content-layout-column\"><div class=\"fusion-image-element \" style=\"--awb-caption-title-font-family:var(--h2_typography-font-family);--awb-caption-title-font-weight:var(--h2_typography-font-weight);--awb-caption-title-font-style:var(--h2_typography-font-style);--awb-caption-title-size:var(--h2_typography-font-size);--awb-caption-title-transform:var(--h2_typography-text-transform);--awb-caption-title-line-height:var(--h2_typography-line-height);--awb-caption-title-letter-spacing:var(--h2_typography-letter-spacing);\"><span class=\" fusion-imageframe imageframe-none imageframe-2 hover-type-none\"><img decoding=\"async\" width=\"724\" height=\"542\" title=\"Boisbuchet_Exhibition_Colours of Architecture_2\" src=\"https:\/\/www.boisbuchet.org\/wp-content\/uploads\/2024\/08\/Boisbuchet_Exhibition_Colours-of-Architecture_2.jpg\" alt class=\"img-responsive wp-image-20723\" srcset=\"https:\/\/www.boisbuchet.org\/wp-content\/uploads\/2024\/08\/Boisbuchet_Exhibition_Colours-of-Architecture_2-200x150.jpg 200w, https:\/\/www.boisbuchet.org\/wp-content\/uploads\/2024\/08\/Boisbuchet_Exhibition_Colours-of-Architecture_2-400x299.jpg 400w, https:\/\/www.boisbuchet.org\/wp-content\/uploads\/2024\/08\/Boisbuchet_Exhibition_Colours-of-Architecture_2-600x449.jpg 600w, https:\/\/www.boisbuchet.org\/wp-content\/uploads\/2024\/08\/Boisbuchet_Exhibition_Colours-of-Architecture_2.jpg 724w\" sizes=\"(max-width: 1024px) 100vw, (max-width: 640px) 100vw, 600px\" \/><\/span><\/div><\/div><\/div><div class=\"fusion-layout-column fusion_builder_column fusion-builder-column-5 fusion_builder_column_1_2 1_2 fusion-flex-column\" style=\"--awb-bg-size:cover;--awb-width-large:50%;--awb-margin-top-large:0px;--awb-spacing-right-large:3.84%;--awb-margin-bottom-large:20px;--awb-spacing-left-large:3.84%;--awb-width-medium:100%;--awb-order-medium:0;--awb-spacing-right-medium:1.92%;--awb-spacing-left-medium:1.92%;--awb-width-small:100%;--awb-order-small:0;--awb-spacing-right-small:1.92%;--awb-spacing-left-small:1.92%;\"><div class=\"fusion-column-wrapper fusion-column-has-shadow fusion-flex-justify-content-flex-start fusion-content-layout-column\"><div class=\"fusion-image-element \" style=\"--awb-caption-title-font-family:var(--h2_typography-font-family);--awb-caption-title-font-weight:var(--h2_typography-font-weight);--awb-caption-title-font-style:var(--h2_typography-font-style);--awb-caption-title-size:var(--h2_typography-font-size);--awb-caption-title-transform:var(--h2_typography-text-transform);--awb-caption-title-line-height:var(--h2_typography-line-height);--awb-caption-title-letter-spacing:var(--h2_typography-letter-spacing);\"><span class=\" fusion-imageframe imageframe-none imageframe-3 hover-type-none\"><img decoding=\"async\" width=\"724\" height=\"542\" title=\"Boisbuchet_Exhibition_Colours of Architecture_3\" src=\"https:\/\/www.boisbuchet.org\/wp-content\/uploads\/2024\/08\/Boisbuchet_Exhibition_Colours-of-Architecture_3.jpg\" alt class=\"img-responsive wp-image-20725\" srcset=\"https:\/\/www.boisbuchet.org\/wp-content\/uploads\/2024\/08\/Boisbuchet_Exhibition_Colours-of-Architecture_3-200x150.jpg 200w, https:\/\/www.boisbuchet.org\/wp-content\/uploads\/2024\/08\/Boisbuchet_Exhibition_Colours-of-Architecture_3-400x299.jpg 400w, https:\/\/www.boisbuchet.org\/wp-content\/uploads\/2024\/08\/Boisbuchet_Exhibition_Colours-of-Architecture_3-600x449.jpg 600w, https:\/\/www.boisbuchet.org\/wp-content\/uploads\/2024\/08\/Boisbuchet_Exhibition_Colours-of-Architecture_3.jpg 724w\" sizes=\"(max-width: 1024px) 100vw, (max-width: 640px) 100vw, 600px\" \/><\/span><\/div><\/div><\/div><\/div><\/div><div class=\"fusion-fullwidth fullwidth-box fusion-builder-row-6 fusion-flex-container has-pattern-background has-mask-background nonhundred-percent-fullwidth non-hundred-percent-height-scrolling\" style=\"--awb-border-radius-top-left:0px;--awb-border-radius-top-right:0px;--awb-border-radius-bottom-right:0px;--awb-border-radius-bottom-left:0px;--awb-flex-wrap:wrap;\" ><div class=\"fusion-builder-row fusion-row fusion-flex-align-items-flex-start fusion-flex-content-wrap\" style=\"max-width:1144px;margin-left: calc(-4% \/ 2 );margin-right: calc(-4% \/ 2 );\"><div class=\"fusion-layout-column fusion_builder_column fusion-builder-column-6 fusion_builder_column_1_1 1_1 fusion-flex-column\" style=\"--awb-bg-size:cover;--awb-width-large:100%;--awb-margin-top-large:0px;--awb-spacing-right-large:1.92%;--awb-margin-bottom-large:20px;--awb-spacing-left-large:1.92%;--awb-width-medium:100%;--awb-order-medium:0;--awb-spacing-right-medium:1.92%;--awb-spacing-left-medium:1.92%;--awb-width-small:100%;--awb-order-small:0;--awb-spacing-right-small:1.92%;--awb-spacing-left-small:1.92%;\"><div class=\"fusion-column-wrapper fusion-column-has-shadow fusion-flex-justify-content-flex-start fusion-content-layout-column\"><div class=\"fusion-text fusion-text-3\"><p>Le Domaine de Boisbuchet est un laboratoire de design, situ\u00e9 \u00e0 la fronti\u00e8re de deux formations g\u00e9ologiques aux min\u00e9raux diff\u00e9rents. Si l&#8217;on observe la Nouvelle-Aquitaine, les couleurs de la terre sont encore plus vari\u00e9es. La r\u00e9gion est le t\u00e9moin privil\u00e9gi\u00e9 de l&#8217;ensemble des couches historiques sur lesquelles nous avons cr\u00e9\u00e9 notre cadre de vie, de la grotte de Lascaux aux bandes dessin\u00e9es des fa\u00e7ades d&#8217;Angoul\u00eame.<\/p>\n<\/div><\/div><\/div><\/div><\/div><div class=\"fusion-fullwidth fullwidth-box fusion-builder-row-7 fusion-flex-container has-pattern-background has-mask-background nonhundred-percent-fullwidth non-hundred-percent-height-scrolling\" style=\"--awb-border-radius-top-left:0px;--awb-border-radius-top-right:0px;--awb-border-radius-bottom-right:0px;--awb-border-radius-bottom-left:0px;--awb-flex-wrap:wrap;\" ><div class=\"fusion-builder-row fusion-row fusion-flex-align-items-flex-start fusion-flex-content-wrap\" style=\"max-width:1144px;margin-left: calc(-4% \/ 2 );margin-right: calc(-4% \/ 2 );\"><div class=\"fusion-layout-column fusion_builder_column fusion-builder-column-7 fusion_builder_column_1_2 1_2 fusion-flex-column\" style=\"--awb-bg-size:cover;--awb-width-large:50%;--awb-margin-top-large:0px;--awb-spacing-right-large:3.84%;--awb-margin-bottom-large:20px;--awb-spacing-left-large:3.84%;--awb-width-medium:100%;--awb-order-medium:0;--awb-spacing-right-medium:1.92%;--awb-spacing-left-medium:1.92%;--awb-width-small:100%;--awb-order-small:0;--awb-spacing-right-small:1.92%;--awb-spacing-left-small:1.92%;\"><div class=\"fusion-column-wrapper fusion-column-has-shadow fusion-flex-justify-content-flex-start fusion-content-layout-column\"><div class=\"fusion-image-element \" style=\"--awb-caption-title-font-family:var(--h2_typography-font-family);--awb-caption-title-font-weight:var(--h2_typography-font-weight);--awb-caption-title-font-style:var(--h2_typography-font-style);--awb-caption-title-size:var(--h2_typography-font-size);--awb-caption-title-transform:var(--h2_typography-text-transform);--awb-caption-title-line-height:var(--h2_typography-line-height);--awb-caption-title-letter-spacing:var(--h2_typography-letter-spacing);\"><span class=\" fusion-imageframe imageframe-none imageframe-4 hover-type-none\"><img decoding=\"async\" width=\"724\" height=\"542\" title=\"Boisbuchet_Exhibition_Colours of Architecture_4\" src=\"https:\/\/www.boisbuchet.org\/wp-content\/uploads\/2024\/08\/Boisbuchet_Exhibition_Colours-of-Architecture_4.jpg\" alt class=\"img-responsive wp-image-20727\" srcset=\"https:\/\/www.boisbuchet.org\/wp-content\/uploads\/2024\/08\/Boisbuchet_Exhibition_Colours-of-Architecture_4-200x150.jpg 200w, https:\/\/www.boisbuchet.org\/wp-content\/uploads\/2024\/08\/Boisbuchet_Exhibition_Colours-of-Architecture_4-400x299.jpg 400w, https:\/\/www.boisbuchet.org\/wp-content\/uploads\/2024\/08\/Boisbuchet_Exhibition_Colours-of-Architecture_4-600x449.jpg 600w, https:\/\/www.boisbuchet.org\/wp-content\/uploads\/2024\/08\/Boisbuchet_Exhibition_Colours-of-Architecture_4.jpg 724w\" sizes=\"(max-width: 1024px) 100vw, (max-width: 640px) 100vw, 600px\" \/><\/span><\/div><\/div><\/div><div class=\"fusion-layout-column fusion_builder_column fusion-builder-column-8 fusion_builder_column_1_2 1_2 fusion-flex-column\" style=\"--awb-bg-size:cover;--awb-width-large:50%;--awb-margin-top-large:0px;--awb-spacing-right-large:3.84%;--awb-margin-bottom-large:20px;--awb-spacing-left-large:3.84%;--awb-width-medium:100%;--awb-order-medium:0;--awb-spacing-right-medium:1.92%;--awb-spacing-left-medium:1.92%;--awb-width-small:100%;--awb-order-small:0;--awb-spacing-right-small:1.92%;--awb-spacing-left-small:1.92%;\"><div class=\"fusion-column-wrapper fusion-column-has-shadow fusion-flex-justify-content-flex-start fusion-content-layout-column\"><div class=\"fusion-image-element \" style=\"--awb-caption-title-font-family:var(--h2_typography-font-family);--awb-caption-title-font-weight:var(--h2_typography-font-weight);--awb-caption-title-font-style:var(--h2_typography-font-style);--awb-caption-title-size:var(--h2_typography-font-size);--awb-caption-title-transform:var(--h2_typography-text-transform);--awb-caption-title-line-height:var(--h2_typography-line-height);--awb-caption-title-letter-spacing:var(--h2_typography-letter-spacing);\"><span class=\" fusion-imageframe imageframe-none imageframe-5 hover-type-none\"><img decoding=\"async\" width=\"724\" height=\"542\" title=\"Boisbuchet_Exhibition_Colours of Architecture_5\" src=\"https:\/\/www.boisbuchet.org\/wp-content\/uploads\/2024\/08\/Boisbuchet_Exhibition_Colours-of-Architecture_5.jpg\" alt class=\"img-responsive wp-image-20729\" srcset=\"https:\/\/www.boisbuchet.org\/wp-content\/uploads\/2024\/08\/Boisbuchet_Exhibition_Colours-of-Architecture_5-200x150.jpg 200w, https:\/\/www.boisbuchet.org\/wp-content\/uploads\/2024\/08\/Boisbuchet_Exhibition_Colours-of-Architecture_5-400x299.jpg 400w, https:\/\/www.boisbuchet.org\/wp-content\/uploads\/2024\/08\/Boisbuchet_Exhibition_Colours-of-Architecture_5-600x449.jpg 600w, https:\/\/www.boisbuchet.org\/wp-content\/uploads\/2024\/08\/Boisbuchet_Exhibition_Colours-of-Architecture_5.jpg 724w\" sizes=\"(max-width: 1024px) 100vw, (max-width: 640px) 100vw, 600px\" \/><\/span><\/div><\/div><\/div><\/div><\/div><div class=\"fusion-fullwidth fullwidth-box fusion-builder-row-8 nonhundred-percent-fullwidth non-hundred-percent-height-scrolling\" style=\"--awb-border-radius-top-left:0px;--awb-border-radius-top-right:0px;--awb-border-radius-bottom-right:0px;--awb-border-radius-bottom-left:0px;--awb-flex-wrap:wrap;\" ><div class=\"fusion-builder-row fusion-row\"><div class=\"fusion-layout-column fusion_builder_column fusion-builder-column-9 fusion_builder_column_1_1 1_1 fusion-one-full fusion-column-first fusion-column-last\" style=\"--awb-bg-size:cover;\"><div class=\"fusion-column-wrapper fusion-column-has-shadow fusion-flex-column-wrapper-legacy\"><div class=\"fusion-text fusion-text-4\"><p>En 2024, la France c\u00e9l\u00e8bre la &#8220;naissance&#8221; de l&#8217;impressionnisme, il y a 150 ans, un style artistique qui exprime mieux que tout autre l&#8217;art de vivre \u00e0 la fran\u00e7aise : l\u00e9ger, raffin\u00e9 tout en restant li\u00e9 au terroir. Mais avant tout, les impressionnistes nous ont ouvert les yeux sur la nature et sur la vision elle-m\u00eame, nous montrant qu&#8217;il faut mettre de c\u00f4t\u00e9 nos lunettes grises pour voir comment le monde est color\u00e9.<\/p>\n<\/div><div class=\"fusion-clearfix\"><\/div><\/div><\/div><\/div><\/div><div class=\"fusion-fullwidth fullwidth-box fusion-builder-row-9 fusion-flex-container has-pattern-background has-mask-background nonhundred-percent-fullwidth non-hundred-percent-height-scrolling\" style=\"--awb-border-radius-top-left:0px;--awb-border-radius-top-right:0px;--awb-border-radius-bottom-right:0px;--awb-border-radius-bottom-left:0px;--awb-flex-wrap:wrap;\" ><div class=\"fusion-builder-row fusion-row fusion-flex-align-items-flex-start fusion-flex-content-wrap\" style=\"max-width:1144px;margin-left: calc(-4% \/ 2 );margin-right: calc(-4% \/ 2 );\"><div class=\"fusion-layout-column fusion_builder_column fusion-builder-column-10 fusion_builder_column_1_2 1_2 fusion-flex-column\" style=\"--awb-bg-size:cover;--awb-width-large:50%;--awb-margin-top-large:0px;--awb-spacing-right-large:3.84%;--awb-margin-bottom-large:20px;--awb-spacing-left-large:3.84%;--awb-width-medium:100%;--awb-order-medium:0;--awb-spacing-right-medium:1.92%;--awb-spacing-left-medium:1.92%;--awb-width-small:100%;--awb-order-small:0;--awb-spacing-right-small:1.92%;--awb-spacing-left-small:1.92%;\"><div class=\"fusion-column-wrapper fusion-column-has-shadow fusion-flex-justify-content-flex-start fusion-content-layout-column\"><div class=\"fusion-image-element \" style=\"--awb-caption-title-font-family:var(--h2_typography-font-family);--awb-caption-title-font-weight:var(--h2_typography-font-weight);--awb-caption-title-font-style:var(--h2_typography-font-style);--awb-caption-title-size:var(--h2_typography-font-size);--awb-caption-title-transform:var(--h2_typography-text-transform);--awb-caption-title-line-height:var(--h2_typography-line-height);--awb-caption-title-letter-spacing:var(--h2_typography-letter-spacing);\"><span class=\" fusion-imageframe imageframe-none imageframe-6 hover-type-none\"><img decoding=\"async\" width=\"724\" height=\"1140\" title=\"Boisbuchet_Exhibition_Colours of Architecture_6\" src=\"https:\/\/www.boisbuchet.org\/wp-content\/uploads\/2024\/08\/Boisbuchet_Exhibition_Colours-of-Architecture_6.jpg\" alt class=\"img-responsive wp-image-20731\" srcset=\"https:\/\/www.boisbuchet.org\/wp-content\/uploads\/2024\/08\/Boisbuchet_Exhibition_Colours-of-Architecture_6-200x315.jpg 200w, https:\/\/www.boisbuchet.org\/wp-content\/uploads\/2024\/08\/Boisbuchet_Exhibition_Colours-of-Architecture_6-400x630.jpg 400w, https:\/\/www.boisbuchet.org\/wp-content\/uploads\/2024\/08\/Boisbuchet_Exhibition_Colours-of-Architecture_6-600x945.jpg 600w, https:\/\/www.boisbuchet.org\/wp-content\/uploads\/2024\/08\/Boisbuchet_Exhibition_Colours-of-Architecture_6.jpg 724w\" sizes=\"(max-width: 1024px) 100vw, (max-width: 640px) 100vw, 600px\" \/><\/span><\/div><\/div><\/div><div class=\"fusion-layout-column fusion_builder_column fusion-builder-column-11 fusion_builder_column_1_2 1_2 fusion-flex-column\" style=\"--awb-bg-size:cover;--awb-width-large:50%;--awb-margin-top-large:0px;--awb-spacing-right-large:3.84%;--awb-margin-bottom-large:20px;--awb-spacing-left-large:3.84%;--awb-width-medium:100%;--awb-order-medium:0;--awb-spacing-right-medium:1.92%;--awb-spacing-left-medium:1.92%;--awb-width-small:100%;--awb-order-small:0;--awb-spacing-right-small:1.92%;--awb-spacing-left-small:1.92%;\"><div class=\"fusion-column-wrapper fusion-column-has-shadow fusion-flex-justify-content-flex-start fusion-content-layout-column\"><div class=\"fusion-image-element \" style=\"--awb-caption-title-font-family:var(--h2_typography-font-family);--awb-caption-title-font-weight:var(--h2_typography-font-weight);--awb-caption-title-font-style:var(--h2_typography-font-style);--awb-caption-title-size:var(--h2_typography-font-size);--awb-caption-title-transform:var(--h2_typography-text-transform);--awb-caption-title-line-height:var(--h2_typography-line-height);--awb-caption-title-letter-spacing:var(--h2_typography-letter-spacing);\"><span class=\" fusion-imageframe imageframe-none imageframe-7 hover-type-none\"><img decoding=\"async\" width=\"724\" height=\"1140\" title=\"Boisbuchet_Exhibition_Colours of Architecture_7\" src=\"https:\/\/www.boisbuchet.org\/wp-content\/uploads\/2024\/08\/Boisbuchet_Exhibition_Colours-of-Architecture_7.jpg\" alt class=\"img-responsive wp-image-20733\" srcset=\"https:\/\/www.boisbuchet.org\/wp-content\/uploads\/2024\/08\/Boisbuchet_Exhibition_Colours-of-Architecture_7-200x315.jpg 200w, https:\/\/www.boisbuchet.org\/wp-content\/uploads\/2024\/08\/Boisbuchet_Exhibition_Colours-of-Architecture_7-400x630.jpg 400w, https:\/\/www.boisbuchet.org\/wp-content\/uploads\/2024\/08\/Boisbuchet_Exhibition_Colours-of-Architecture_7-600x945.jpg 600w, https:\/\/www.boisbuchet.org\/wp-content\/uploads\/2024\/08\/Boisbuchet_Exhibition_Colours-of-Architecture_7.jpg 724w\" sizes=\"(max-width: 1024px) 100vw, (max-width: 640px) 100vw, 600px\" \/><\/span><\/div><\/div><\/div><\/div><\/div><div class=\"fusion-fullwidth fullwidth-box fusion-builder-row-10 fusion-flex-container has-pattern-background has-mask-background nonhundred-percent-fullwidth non-hundred-percent-height-scrolling\" style=\"--awb-border-radius-top-left:0px;--awb-border-radius-top-right:0px;--awb-border-radius-bottom-right:0px;--awb-border-radius-bottom-left:0px;--awb-flex-wrap:wrap;\" ><div class=\"fusion-builder-row fusion-row fusion-flex-align-items-flex-start fusion-flex-content-wrap\" style=\"max-width:1144px;margin-left: calc(-4% \/ 2 );margin-right: calc(-4% \/ 2 );\"><div class=\"fusion-layout-column fusion_builder_column fusion-builder-column-12 fusion_builder_column_1_1 1_1 fusion-flex-column\" style=\"--awb-bg-size:cover;--awb-width-large:100%;--awb-margin-top-large:0px;--awb-spacing-right-large:1.92%;--awb-margin-bottom-large:20px;--awb-spacing-left-large:1.92%;--awb-width-medium:100%;--awb-order-medium:0;--awb-spacing-right-medium:1.92%;--awb-spacing-left-medium:1.92%;--awb-width-small:100%;--awb-order-small:0;--awb-spacing-right-small:1.92%;--awb-spacing-left-small:1.92%;\"><div class=\"fusion-column-wrapper fusion-column-has-shadow fusion-flex-justify-content-flex-start fusion-content-layout-column\"><div class=\"fusion-text fusion-text-5\"><p><strong>22 juin au 22 septembre 2024<\/strong><\/p>\n<p>Commissariat : Mathias Schwartz-Clauss avec Guillermo Gil Fern\u00e1ndez<br \/>\nAssistance dans la r\u00e9alisation : Alexander von Vegesack, Pablo Sevilla Alonso, Bernardo Sandoval, Camille Fouri\u00e9, Franca Spielmann, Eric Orvain, Jane Corbett, Serge Mauduit<br \/>\nMontage : Paul Eaton, Julie Eaton, Hugo Gu\u00e9nand Dalby<br \/>\nSc\u00e9nographie : Mathias Schwartz-Clauss<br \/>\nTextes : Mathias Schwartz-Clauss, Guillermo Gil Fern\u00e1ndez<\/p>\n<p>Le Domaine de Boisbuchet et CIRECA tiennent \u00e0 remercier tous ceux qui ont contribu\u00e9 \u00e0 la r\u00e9alisation de cette exposition, \u00e0 savoir :<\/p>\n<p>8\u201918\u2019\u2019, Paris<br \/>\nAlexander von Vegesack, Domaine de Boisbuchet, Lessac<br \/>\nAnne-Claire Duprat, Fondation Martell, Cognac<br \/>\nArc en R\u00eave, Bordeaux<br \/>\nArnaud Duprat, Paris<br \/>\nAteliers Vitrail Saint-Joseph, Ruffec<br \/>\nCAUE 16, Angoul\u00eame<br \/>\nC\u00e9cile Vignau, Limoges<br \/>\nC\u00e9line D\u00e9v\u00e9za, Communaut\u00e9 de Communes Charente Limousine, Confolens<br \/>\nCharlotte de Charette, Ville de Royan, Royan<br \/>\nChristophe Bourel le Guilloux, DRAC Nouvelle-Aquitaine, Bordeaux<br \/>\nDeidi von Schaewen, Paris<br \/>\nDRAC Poitou-Charentes, Poitiers<br \/>\nFran\u00e7oise Seince and ENSAD, Limoges<br \/>\nHadrien Venat, Saint-Christophe<br \/>\nHippolyte Herpin, Corme-Royal<br \/>\nHugues Jacquet, Paris<br \/>\nKevin Todd, Tasmania, Australie \/ Australia<br \/>\nLette Verein, Berlin<br \/>\n8\u201918\u2019, Paris<br \/>\nMarie-Pierre Servantie, Bordeaux<br \/>\nNathana\u00ebl Abeille, Marseille<br \/>\nPhilippe d&#8217;H\u00e9mery, Bioussac<br \/>\nSamael Covarruvias, Guadalajara, Mexique \/ Mexico<\/p>\n<p>&#8230; ainsi que tous les tuteurs des ateliers d&#8217;\u00e9t\u00e9, les participants, les artistes en r\u00e9sidence et le personnel du Domaine de Boisbuchet !<\/p>\n<p>Une exposition du CIRECA \/ Domaine de Boisbuchet<\/p>\n<\/div><\/div><\/div><\/div><\/div><div class=\"fusion-fullwidth fullwidth-box fusion-builder-row-11 nonhundred-percent-fullwidth non-hundred-percent-height-scrolling\" style=\"--awb-border-radius-top-left:0px;--awb-border-radius-top-right:0px;--awb-border-radius-bottom-right:0px;--awb-border-radius-bottom-left:0px;--awb-flex-wrap:wrap;\" ><div class=\"fusion-builder-row fusion-row\"><div class=\"fusion-layout-column fusion_builder_column fusion-builder-column-13 fusion_builder_column_1_1 1_1 fusion-one-full fusion-column-first fusion-column-last\" style=\"--awb-bg-size:cover;\"><div class=\"fusion-column-wrapper fusion-column-has-shadow fusion-flex-column-wrapper-legacy\"><div class=\"fusion-text fusion-text-6\">\n<\/div><div class=\"fusion-clearfix\"><\/div><\/div><\/div><\/div><\/div>\n","protected":false},"excerpt":{"rendered":"","protected":false},"author":707,"featured_media":20721,"parent":3632,"menu_order":0,"comment_status":"closed","ping_status":"closed","template":"","meta":{"_monsterinsights_skip_tracking":false,"_monsterinsights_sitenote_active":false,"_monsterinsights_sitenote_note":"","_monsterinsights_sitenote_category":0,"footnotes":""},"class_list":["post-20717","page","type-page","status-publish","has-post-thumbnail","hentry"],"yoast_head":"<!-- This site is optimized with the Yoast SEO plugin v27.1.1 - https:\/\/yoast.com\/product\/yoast-seo-wordpress\/ -->\n<title>Les couleurs de l&#039;architecture \u2013 des grottes de Lascaux aux graffiti urbains | Domaine de Boisbuchet<\/title>\n<meta name=\"description\" content=\"Cette exposition explore l&#039;utilisation de la couleur dans l&#039;architecture, depuis les grottes de Lascaux jusqu&#039;aux graffitis urbains contemporains\" \/>\n<meta name=\"robots\" content=\"index, follow, max-snippet:-1, max-image-preview:large, max-video-preview:-1\" \/>\n<link rel=\"canonical\" href=\"https:\/\/www.boisbuchet.org\/exhibitions\/the-colours-of-architecture-from-the-caves-of-lascaux-to-urban-graffiti\/\" \/>\n<meta property=\"og:locale\" content=\"fr_FR\" \/>\n<meta property=\"og:type\" content=\"article\" \/>\n<meta property=\"og:title\" content=\"Les couleurs de l&#039;architecture \u2013 des grottes de Lascaux aux graffiti urbains | Domaine de Boisbuchet\" \/>\n<meta property=\"og:description\" content=\"Cette exposition explore l&#039;utilisation de la couleur dans l&#039;architecture, depuis les grottes de Lascaux jusqu&#039;aux graffitis urbains contemporains\" \/>\n<meta property=\"og:url\" content=\"https:\/\/www.boisbuchet.org\/exhibitions\/the-colours-of-architecture-from-the-caves-of-lascaux-to-urban-graffiti\/\" \/>\n<meta property=\"og:site_name\" content=\"Domaine de Boisbuchet\" \/>\n<meta property=\"article:publisher\" content=\"https:\/\/www.facebook.com\/boisbuchet\" \/>\n<meta property=\"og:image\" content=\"https:\/\/www.boisbuchet.org\/wp-content\/uploads\/2024\/08\/Boisbuchet_Exhibition_Colours-of-Architecture_1.jpg\" \/>\n\t<meta property=\"og:image:width\" content=\"724\" \/>\n\t<meta property=\"og:image:height\" content=\"542\" \/>\n\t<meta property=\"og:image:type\" content=\"image\/jpeg\" \/>\n<meta name=\"twitter:card\" content=\"summary_large_image\" \/>\n<meta name=\"twitter:site\" content=\"@boisbuchet\" \/>\n<meta name=\"twitter:label1\" content=\"Dur\u00e9e de lecture estim\u00e9e\" \/>\n\t<meta name=\"twitter:data1\" content=\"18 minutes\" \/>\n<script type=\"application\/ld+json\" class=\"yoast-schema-graph\">{\"@context\":\"https:\/\/schema.org\",\"@graph\":[{\"@type\":\"WebPage\",\"@id\":\"https:\/\/www.boisbuchet.org\/exhibitions\/the-colours-of-architecture-from-the-caves-of-lascaux-to-urban-graffiti\/\",\"url\":\"https:\/\/www.boisbuchet.org\/exhibitions\/the-colours-of-architecture-from-the-caves-of-lascaux-to-urban-graffiti\/\",\"name\":\"Les couleurs de l'architecture \u2013 des grottes de Lascaux aux graffiti urbains | Domaine de Boisbuchet\",\"isPartOf\":{\"@id\":\"https:\/\/www.boisbuchet.org\/#website\"},\"primaryImageOfPage\":{\"@id\":\"https:\/\/www.boisbuchet.org\/exhibitions\/the-colours-of-architecture-from-the-caves-of-lascaux-to-urban-graffiti\/#primaryimage\"},\"image\":{\"@id\":\"https:\/\/www.boisbuchet.org\/exhibitions\/the-colours-of-architecture-from-the-caves-of-lascaux-to-urban-graffiti\/#primaryimage\"},\"thumbnailUrl\":\"https:\/\/www.boisbuchet.org\/wp-content\/uploads\/2024\/08\/Boisbuchet_Exhibition_Colours-of-Architecture_1.jpg\",\"datePublished\":\"2024-08-02T11:08:33+00:00\",\"description\":\"Cette exposition explore l'utilisation de la couleur dans l'architecture, depuis les grottes de Lascaux jusqu'aux graffitis urbains contemporains\",\"breadcrumb\":{\"@id\":\"https:\/\/www.boisbuchet.org\/exhibitions\/the-colours-of-architecture-from-the-caves-of-lascaux-to-urban-graffiti\/#breadcrumb\"},\"inLanguage\":\"fr-FR\",\"potentialAction\":[{\"@type\":\"ReadAction\",\"target\":[\"https:\/\/www.boisbuchet.org\/exhibitions\/the-colours-of-architecture-from-the-caves-of-lascaux-to-urban-graffiti\/\"]}]},{\"@type\":\"ImageObject\",\"inLanguage\":\"fr-FR\",\"@id\":\"https:\/\/www.boisbuchet.org\/exhibitions\/the-colours-of-architecture-from-the-caves-of-lascaux-to-urban-graffiti\/#primaryimage\",\"url\":\"https:\/\/www.boisbuchet.org\/wp-content\/uploads\/2024\/08\/Boisbuchet_Exhibition_Colours-of-Architecture_1.jpg\",\"contentUrl\":\"https:\/\/www.boisbuchet.org\/wp-content\/uploads\/2024\/08\/Boisbuchet_Exhibition_Colours-of-Architecture_1.jpg\",\"width\":724,\"height\":542},{\"@type\":\"BreadcrumbList\",\"@id\":\"https:\/\/www.boisbuchet.org\/exhibitions\/the-colours-of-architecture-from-the-caves-of-lascaux-to-urban-graffiti\/#breadcrumb\",\"itemListElement\":[{\"@type\":\"ListItem\",\"position\":1,\"name\":\"Home\",\"item\":\"https:\/\/www.boisbuchet.org\/fr\/\"},{\"@type\":\"ListItem\",\"position\":2,\"name\":\"Expositions\",\"item\":\"https:\/\/www.boisbuchet.org\/exhibitions\/\"},{\"@type\":\"ListItem\",\"position\":3,\"name\":\"Les couleurs de l&#8217;architecture \u2013 des grottes de Lascaux aux graffiti urbains\"}]},{\"@type\":\"WebSite\",\"@id\":\"https:\/\/www.boisbuchet.org\/#website\",\"url\":\"https:\/\/www.boisbuchet.org\/\",\"name\":\"Domaine de Boisbuchet\",\"description\":\"Summer Workshops | Park | Event\u00a0Location\",\"publisher\":{\"@id\":\"https:\/\/www.boisbuchet.org\/#organization\"},\"potentialAction\":[{\"@type\":\"SearchAction\",\"target\":{\"@type\":\"EntryPoint\",\"urlTemplate\":\"https:\/\/www.boisbuchet.org\/?s={search_term_string}\"},\"query-input\":{\"@type\":\"PropertyValueSpecification\",\"valueRequired\":true,\"valueName\":\"search_term_string\"}}],\"inLanguage\":\"fr-FR\"},{\"@type\":\"Organization\",\"@id\":\"https:\/\/www.boisbuchet.org\/#organization\",\"name\":\"Domine de Boisbuchet\",\"url\":\"https:\/\/www.boisbuchet.org\/\",\"logo\":{\"@type\":\"ImageObject\",\"inLanguage\":\"fr-FR\",\"@id\":\"https:\/\/www.boisbuchet.org\/#\/schema\/logo\/image\/\",\"url\":\"https:\/\/www.boisbuchet.org\/wp-content\/uploads\/2019\/01\/logo_boisbuchet_black.png\",\"contentUrl\":\"https:\/\/www.boisbuchet.org\/wp-content\/uploads\/2019\/01\/logo_boisbuchet_black.png\",\"width\":200,\"height\":73,\"caption\":\"Domine de Boisbuchet\"},\"image\":{\"@id\":\"https:\/\/www.boisbuchet.org\/#\/schema\/logo\/image\/\"},\"sameAs\":[\"https:\/\/www.facebook.com\/boisbuchet\",\"https:\/\/x.com\/boisbuchet\",\"https:\/\/www.instagram.com\/boisbuchet\",\"https:\/\/www.linkedin.com\/company\/domaine-de-boisbuchet\",\"https:\/\/www.pinterest.com\/boisbuchet\"]}]}<\/script>\n<!-- \/ Yoast SEO plugin. -->","yoast_head_json":{"title":"Les couleurs de l'architecture \u2013 des grottes de Lascaux aux graffiti urbains | Domaine de Boisbuchet","description":"Cette exposition explore l'utilisation de la couleur dans l'architecture, depuis les grottes de Lascaux jusqu'aux graffitis urbains contemporains","robots":{"index":"index","follow":"follow","max-snippet":"max-snippet:-1","max-image-preview":"max-image-preview:large","max-video-preview":"max-video-preview:-1"},"canonical":"https:\/\/www.boisbuchet.org\/exhibitions\/the-colours-of-architecture-from-the-caves-of-lascaux-to-urban-graffiti\/","og_locale":"fr_FR","og_type":"article","og_title":"Les couleurs de l'architecture \u2013 des grottes de Lascaux aux graffiti urbains | Domaine de Boisbuchet","og_description":"Cette exposition explore l'utilisation de la couleur dans l'architecture, depuis les grottes de Lascaux jusqu'aux graffitis urbains contemporains","og_url":"https:\/\/www.boisbuchet.org\/exhibitions\/the-colours-of-architecture-from-the-caves-of-lascaux-to-urban-graffiti\/","og_site_name":"Domaine de Boisbuchet","article_publisher":"https:\/\/www.facebook.com\/boisbuchet","og_image":[{"width":724,"height":542,"url":"https:\/\/www.boisbuchet.org\/wp-content\/uploads\/2024\/08\/Boisbuchet_Exhibition_Colours-of-Architecture_1.jpg","type":"image\/jpeg"}],"twitter_card":"summary_large_image","twitter_site":"@boisbuchet","twitter_misc":{"Dur\u00e9e de lecture estim\u00e9e":"18 minutes"},"schema":{"@context":"https:\/\/schema.org","@graph":[{"@type":"WebPage","@id":"https:\/\/www.boisbuchet.org\/exhibitions\/the-colours-of-architecture-from-the-caves-of-lascaux-to-urban-graffiti\/","url":"https:\/\/www.boisbuchet.org\/exhibitions\/the-colours-of-architecture-from-the-caves-of-lascaux-to-urban-graffiti\/","name":"Les couleurs de l'architecture \u2013 des grottes de Lascaux aux graffiti urbains | Domaine de Boisbuchet","isPartOf":{"@id":"https:\/\/www.boisbuchet.org\/#website"},"primaryImageOfPage":{"@id":"https:\/\/www.boisbuchet.org\/exhibitions\/the-colours-of-architecture-from-the-caves-of-lascaux-to-urban-graffiti\/#primaryimage"},"image":{"@id":"https:\/\/www.boisbuchet.org\/exhibitions\/the-colours-of-architecture-from-the-caves-of-lascaux-to-urban-graffiti\/#primaryimage"},"thumbnailUrl":"https:\/\/www.boisbuchet.org\/wp-content\/uploads\/2024\/08\/Boisbuchet_Exhibition_Colours-of-Architecture_1.jpg","datePublished":"2024-08-02T11:08:33+00:00","description":"Cette exposition explore l'utilisation de la couleur dans l'architecture, depuis les grottes de Lascaux jusqu'aux graffitis urbains contemporains","breadcrumb":{"@id":"https:\/\/www.boisbuchet.org\/exhibitions\/the-colours-of-architecture-from-the-caves-of-lascaux-to-urban-graffiti\/#breadcrumb"},"inLanguage":"fr-FR","potentialAction":[{"@type":"ReadAction","target":["https:\/\/www.boisbuchet.org\/exhibitions\/the-colours-of-architecture-from-the-caves-of-lascaux-to-urban-graffiti\/"]}]},{"@type":"ImageObject","inLanguage":"fr-FR","@id":"https:\/\/www.boisbuchet.org\/exhibitions\/the-colours-of-architecture-from-the-caves-of-lascaux-to-urban-graffiti\/#primaryimage","url":"https:\/\/www.boisbuchet.org\/wp-content\/uploads\/2024\/08\/Boisbuchet_Exhibition_Colours-of-Architecture_1.jpg","contentUrl":"https:\/\/www.boisbuchet.org\/wp-content\/uploads\/2024\/08\/Boisbuchet_Exhibition_Colours-of-Architecture_1.jpg","width":724,"height":542},{"@type":"BreadcrumbList","@id":"https:\/\/www.boisbuchet.org\/exhibitions\/the-colours-of-architecture-from-the-caves-of-lascaux-to-urban-graffiti\/#breadcrumb","itemListElement":[{"@type":"ListItem","position":1,"name":"Home","item":"https:\/\/www.boisbuchet.org\/fr\/"},{"@type":"ListItem","position":2,"name":"Expositions","item":"https:\/\/www.boisbuchet.org\/exhibitions\/"},{"@type":"ListItem","position":3,"name":"Les couleurs de l&#8217;architecture \u2013 des grottes de Lascaux aux graffiti urbains"}]},{"@type":"WebSite","@id":"https:\/\/www.boisbuchet.org\/#website","url":"https:\/\/www.boisbuchet.org\/","name":"Domaine de Boisbuchet","description":"Summer Workshops | Park | Event\u00a0Location","publisher":{"@id":"https:\/\/www.boisbuchet.org\/#organization"},"potentialAction":[{"@type":"SearchAction","target":{"@type":"EntryPoint","urlTemplate":"https:\/\/www.boisbuchet.org\/?s={search_term_string}"},"query-input":{"@type":"PropertyValueSpecification","valueRequired":true,"valueName":"search_term_string"}}],"inLanguage":"fr-FR"},{"@type":"Organization","@id":"https:\/\/www.boisbuchet.org\/#organization","name":"Domine de Boisbuchet","url":"https:\/\/www.boisbuchet.org\/","logo":{"@type":"ImageObject","inLanguage":"fr-FR","@id":"https:\/\/www.boisbuchet.org\/#\/schema\/logo\/image\/","url":"https:\/\/www.boisbuchet.org\/wp-content\/uploads\/2019\/01\/logo_boisbuchet_black.png","contentUrl":"https:\/\/www.boisbuchet.org\/wp-content\/uploads\/2019\/01\/logo_boisbuchet_black.png","width":200,"height":73,"caption":"Domine de Boisbuchet"},"image":{"@id":"https:\/\/www.boisbuchet.org\/#\/schema\/logo\/image\/"},"sameAs":["https:\/\/www.facebook.com\/boisbuchet","https:\/\/x.com\/boisbuchet","https:\/\/www.instagram.com\/boisbuchet","https:\/\/www.linkedin.com\/company\/domaine-de-boisbuchet","https:\/\/www.pinterest.com\/boisbuchet"]}]}},"_links":{"self":[{"href":"https:\/\/www.boisbuchet.org\/fr\/wp-json\/wp\/v2\/pages\/20717","targetHints":{"allow":["GET"]}}],"collection":[{"href":"https:\/\/www.boisbuchet.org\/fr\/wp-json\/wp\/v2\/pages"}],"about":[{"href":"https:\/\/www.boisbuchet.org\/fr\/wp-json\/wp\/v2\/types\/page"}],"author":[{"embeddable":true,"href":"https:\/\/www.boisbuchet.org\/fr\/wp-json\/wp\/v2\/users\/707"}],"replies":[{"embeddable":true,"href":"https:\/\/www.boisbuchet.org\/fr\/wp-json\/wp\/v2\/comments?post=20717"}],"version-history":[{"count":8,"href":"https:\/\/www.boisbuchet.org\/fr\/wp-json\/wp\/v2\/pages\/20717\/revisions"}],"predecessor-version":[{"id":20749,"href":"https:\/\/www.boisbuchet.org\/fr\/wp-json\/wp\/v2\/pages\/20717\/revisions\/20749"}],"up":[{"embeddable":true,"href":"https:\/\/www.boisbuchet.org\/fr\/wp-json\/wp\/v2\/pages\/3632"}],"wp:featuredmedia":[{"embeddable":true,"href":"https:\/\/www.boisbuchet.org\/fr\/wp-json\/wp\/v2\/media\/20721"}],"wp:attachment":[{"href":"https:\/\/www.boisbuchet.org\/fr\/wp-json\/wp\/v2\/media?parent=20717"}],"curies":[{"name":"wp","href":"https:\/\/api.w.org\/{rel}","templated":true}]}}