{"id":21758,"date":"2025-02-20T21:28:02","date_gmt":"2025-02-20T20:28:02","guid":{"rendered":"https:\/\/www.boisbuchet.org\/?page_id=21758"},"modified":"2026-01-21T08:12:23","modified_gmt":"2026-01-21T07:12:23","slug":"saison-2025-spheres-privees-publiques","status":"publish","type":"page","link":"https:\/\/www.boisbuchet.org\/fr\/ateliers\/saison-2025-spheres-privees-publiques\/","title":{"rendered":"Saison 2025 &#8211; Sph\u00e8res Priv\u00e9es \/ Publiques"},"content":{"rendered":"<div class=\"fusion-fullwidth fullwidth-box fusion-builder-row-1 nonhundred-percent-fullwidth non-hundred-percent-height-scrolling\" style=\"--awb-border-radius-top-left:0px;--awb-border-radius-top-right:0px;--awb-border-radius-bottom-right:0px;--awb-border-radius-bottom-left:0px;--awb-flex-wrap:wrap;\" ><div class=\"fusion-builder-row fusion-row\"><div class=\"fusion-layout-column fusion_builder_column fusion-builder-column-0 fusion_builder_column_1_1 1_1 fusion-one-full fusion-column-first fusion-column-last\" style=\"--awb-bg-size:cover;\"><div class=\"fusion-column-wrapper fusion-flex-column-wrapper-legacy\"><div class=\"fusion-title title fusion-title-1 fusion-sep-none fusion-title-center fusion-title-text fusion-title-size-three\" style=\"--awb-text-color:#999999;--awb-margin-top-small:0px;--awb-margin-right-small:0px;--awb-margin-bottom-small:20px;--awb-margin-left-small:0px;\"><h3 class=\"fusion-title-heading title-heading-center\" style=\"margin:0;\">ATELIERS D&#8217;\u00c9T\u00c9 2025<\/h3><\/div><div class=\"fusion-title title fusion-title-2 fusion-title-center fusion-title-text fusion-title-size-one\" style=\"--awb-text-color:#333333;--awb-margin-top-small:0px;--awb-margin-right-small:0px;--awb-margin-bottom-small:20px;--awb-margin-left-small:0px;\"><div class=\"title-sep-container title-sep-container-left\"><div class=\"title-sep sep-single sep-solid\" style=\"border-color:#e0dede;\"><\/div><\/div><span class=\"awb-title-spacer\"><\/span><h1 class=\"fusion-title-heading title-heading-center\" style=\"margin:0;letter-spacing:5px;\">SPH\u00c8RES PRIV\u00c9ES \/ PUBLIQUES<\/h1><span class=\"awb-title-spacer\"><\/span><div class=\"title-sep-container title-sep-container-right\"><div class=\"title-sep sep-single sep-solid\" style=\"border-color:#e0dede;\"><\/div><\/div><\/div><div class=\"fusion-title title fusion-title-3 fusion-sep-none fusion-title-center fusion-title-text fusion-title-size-six\" style=\"--awb-text-color:#999999;--awb-margin-top-small:0px;--awb-margin-right-small:0px;--awb-margin-bottom-small:20px;--awb-margin-left-small:0px;\"><h6 class=\"fusion-title-heading title-heading-center\" style=\"margin:0;\">6 JUILLET &#8211; 6 SEPTEMBRE<\/h6><\/div><div class=\"fusion-clearfix\"><\/div><\/div><\/div><\/div><\/div><div class=\"fusion-fullwidth fullwidth-box fusion-builder-row-2 nonhundred-percent-fullwidth non-hundred-percent-height-scrolling fusion-equal-height-columns\" style=\"--awb-border-radius-top-left:0px;--awb-border-radius-top-right:0px;--awb-border-radius-bottom-right:0px;--awb-border-radius-bottom-left:0px;--awb-flex-wrap:wrap;\" ><div class=\"fusion-builder-row fusion-row\"><div class=\"fusion-layout-column fusion_builder_column fusion-builder-column-1 fusion_builder_column_1_2 1_2 fusion-one-half fusion-column-first\" style=\"--awb-bg-size:cover;width:50%;width:calc(50% - ( ( 4% ) * 0.5 ) );margin-right: 4%;\"><div class=\"fusion-column-wrapper fusion-flex-column-wrapper-legacy\"><div class=\"fusion-column-content-centered\"><div class=\"fusion-column-content\"><div class=\"fusion-text fusion-text-1\" style=\"--awb-text-transform:none;\"><p>Dans notre monde hyper-connect\u00e9, notre compr\u00e9hension des sph\u00e8res publiques et priv\u00e9es subit une transformation profonde. Les fronti\u00e8res entre le personnel et le partag\u00e9 s&#8217;estompent, remettant en question nos concepts d\u2019intimit\u00e9, de temps, de communaut\u00e9 et d\u2019identit\u00e9.<\/p>\n<p>Ce changement ne rel\u00e8ve pas seulement d\u2019un ph\u00e9nom\u00e8ne social, mais d\u2019une mutation syst\u00e9mique qui red\u00e9finit nos modes d\u2019interaction, de communication et de conception des environnements dans lesquels nous \u00e9voluons. Dans ce contexte, le design se r\u00e9v\u00e8le \u00eatre un outil puissant, offrant les moyens d\u2019examiner, de m\u00e9diatiser et de r\u00e9inventer le monde qui nous entoure.<\/p>\n<p>Cette ann\u00e9e, nos ateliers utiliseront le design comme une lentille pour interroger ces sph\u00e8res en mutation. En explorant les tensions et intersections entre domaines public et priv\u00e9, nous chercherons \u00e0 d\u00e9velopper des r\u00e9ponses sp\u00e9cifiques aux contextes et aux sites, qui capturent toute la complexit\u00e9 de ces dynamiques.<\/p>\n<p>\u00ab Pour changer quelque chose, construisez un nouveau mod\u00e8le qui rend l&#8217;ancien obsol\u00e8te \u00bb, disait Buckminster Fuller, l\u2019une des grandes figures cr\u00e9atives du XXe si\u00e8cle. Rejoignez-nous cet \u00e9t\u00e9 pour repenser et remodeler nos environnements\u2014il est temps de se reconnecter.<\/p>\n<p><a href=\"https:\/\/www.boisbuchet.org\/fr\/ateliers\/ce-qui-est-inclus-dans-le-prix\/\">\u00bb Ce qui est inclus dans le prix<\/a><br \/>\n<a href=\"https:\/\/www.boisbuchet.org\/fr\/informations-pratiques\/\">\u00bb Informations pratiques<\/a><\/p>\n<\/div><\/div><\/div><div class=\"fusion-clearfix\"><\/div><\/div><\/div><div class=\"fusion-layout-column fusion_builder_column fusion-builder-column-2 fusion_builder_column_1_2 1_2 fusion-one-half fusion-column-last\" style=\"--awb-bg-size:cover;width:50%;width:calc(50% - ( ( 4% ) * 0.5 ) );\"><div class=\"fusion-column-wrapper fusion-flex-column-wrapper-legacy\"><div class=\"fusion-image-element in-legacy-container\" style=\"--awb-caption-title-font-family:var(--h2_typography-font-family);--awb-caption-title-font-weight:var(--h2_typography-font-weight);--awb-caption-title-font-style:var(--h2_typography-font-style);--awb-caption-title-size:var(--h2_typography-font-size);--awb-caption-title-transform:var(--h2_typography-text-transform);--awb-caption-title-line-height:var(--h2_typography-line-height);--awb-caption-title-letter-spacing:var(--h2_typography-letter-spacing);\"><span class=\" fusion-imageframe imageframe-none imageframe-1 hover-type-none\"><img decoding=\"async\" width=\"600\" height=\"400\" title=\"2025-B-Thumbnail-Workshops-Boisbuchet\" src=\"https:\/\/www.boisbuchet.org\/wp-content\/uploads\/2025\/02\/2025-B-Thumbnail-Workshops-Boisbuchet.jpg\" alt class=\"img-responsive wp-image-21773\" srcset=\"https:\/\/www.boisbuchet.org\/wp-content\/uploads\/2025\/02\/2025-B-Thumbnail-Workshops-Boisbuchet-200x133.jpg 200w, https:\/\/www.boisbuchet.org\/wp-content\/uploads\/2025\/02\/2025-B-Thumbnail-Workshops-Boisbuchet-400x267.jpg 400w, https:\/\/www.boisbuchet.org\/wp-content\/uploads\/2025\/02\/2025-B-Thumbnail-Workshops-Boisbuchet.jpg 600w\" sizes=\"(max-width: 800px) 100vw, 600px\" \/><\/span><\/div><div class=\"fusion-clearfix\"><\/div><\/div><\/div><\/div><\/div><div class=\"fusion-fullwidth fullwidth-box fusion-builder-row-3 fusion-flex-container nonhundred-percent-fullwidth non-hundred-percent-height-scrolling\" style=\"--awb-border-radius-top-left:0px;--awb-border-radius-top-right:0px;--awb-border-radius-bottom-right:0px;--awb-border-radius-bottom-left:0px;--awb-flex-wrap:wrap;\" ><div class=\"fusion-builder-row fusion-row fusion-flex-align-items-flex-start fusion-flex-content-wrap\" style=\"max-width:1144px;margin-left: calc(-4% \/ 2 );margin-right: calc(-4% \/ 2 );\"><div class=\"fusion-layout-column fusion_builder_column fusion-builder-column-3 fusion_builder_column_1_1 1_1 fusion-flex-column\" style=\"--awb-bg-size:cover;--awb-width-large:100%;--awb-margin-top-large:0px;--awb-spacing-right-large:1.92%;--awb-margin-bottom-large:20px;--awb-spacing-left-large:1.92%;--awb-width-medium:100%;--awb-order-medium:0;--awb-spacing-right-medium:1.92%;--awb-spacing-left-medium:1.92%;--awb-width-small:100%;--awb-order-small:0;--awb-spacing-right-small:1.92%;--awb-spacing-left-small:1.92%;\"><div class=\"fusion-column-wrapper fusion-column-has-shadow fusion-flex-justify-content-flex-start fusion-content-layout-column\"><\/div><\/div><\/div><\/div><div class=\"fusion-fullwidth fullwidth-box fusion-builder-row-4 nonhundred-percent-fullwidth non-hundred-percent-height-scrolling\" style=\"--awb-border-radius-top-left:0px;--awb-border-radius-top-right:0px;--awb-border-radius-bottom-right:0px;--awb-border-radius-bottom-left:0px;--awb-flex-wrap:wrap;\" ><div class=\"fusion-builder-row fusion-row\"><div class=\"fusion-layout-column fusion_builder_column fusion-builder-column-4 fusion_builder_column_1_1 1_1 fusion-one-full fusion-column-first fusion-column-last\" style=\"--awb-bg-size:cover;\"><div class=\"fusion-column-wrapper fusion-flex-column-wrapper-legacy\"><div class=\"fusion-text fusion-text-2\" style=\"--awb-text-transform:none;\">\n\n\n<div id=\"wpv-view-layout-21769\" class=\"js-wpv-view-layout js-wpv-layout-responsive js-wpv-view-layout-21769\" data-viewnumber=\"21769\" data-pagination=\"{&quot;id&quot;:21769,&quot;query&quot;:&quot;normal&quot;,&quot;type&quot;:&quot;disabled&quot;,&quot;effect&quot;:&quot;fade&quot;,&quot;duration&quot;:500,&quot;speed&quot;:5,&quot;pause_on_hover&quot;:&quot;disabled&quot;,&quot;stop_rollover&quot;:&quot;false&quot;,&quot;cache_pages&quot;:&quot;enabled&quot;,&quot;preload_images&quot;:&quot;enabled&quot;,&quot;preload_pages&quot;:&quot;enabled&quot;,&quot;preload_reach&quot;:1,&quot;spinner&quot;:&quot;builtin&quot;,&quot;spinner_image&quot;:&quot;https:\/\/boisbuchet2.monkkeys.com\/wp-content\/plugins\/wp-views\/embedded\/res\/img\/ajax-loader.gif&quot;,&quot;callback_next&quot;:&quot;&quot;,&quot;manage_history&quot;:&quot;disabled&quot;,&quot;has_controls_in_form&quot;:&quot;disabled&quot;,&quot;infinite_tolerance&quot;:&quot;0&quot;,&quot;max_pages&quot;:0,&quot;page&quot;:1,&quot;base_permalink&quot;:&quot;\/fr\/wp-json\/wp\/v2\/pages\/21758?wpv_view_count=21769&amp;wpv_paged=WPV_PAGE_NUM&quot;,&quot;loop&quot;:{&quot;type&quot;:&quot;&quot;,&quot;name&quot;:&quot;&quot;,&quot;data&quot;:[],&quot;id&quot;:0}}\" data-permalink=\"\/fr\/wp-json\/wp\/v2\/pages\/21758?wpv_view_count=21769\">\n\n\t\n\t\n\t\n\t\t\n\t\t<div class=\"row \">\n\t\t\t<div class=\"col-sm-4\"><div style=\"background-color:#fafafa; padding:15px; border:1px solid #dddddd;\"><a href=\"https:\/\/www.boisbuchet.org\/fr\/workshop\/seat-ing-exercises\/\"><img decoding=\"async\" width=\"600\" height=\"400\" src=\"https:\/\/www.boisbuchet.org\/wp-content\/uploads\/2025\/02\/2025_Matteo_Guarnaccia_Tile1.jpg\" class=\"attachment-large size-large wp-post-image\" alt=\"\" srcset=\"https:\/\/www.boisbuchet.org\/wp-content\/uploads\/2025\/02\/2025_Matteo_Guarnaccia_Tile1-200x133.jpg 200w, https:\/\/www.boisbuchet.org\/wp-content\/uploads\/2025\/02\/2025_Matteo_Guarnaccia_Tile1-300x200.jpg 300w, https:\/\/www.boisbuchet.org\/wp-content\/uploads\/2025\/02\/2025_Matteo_Guarnaccia_Tile1-400x267.jpg 400w, https:\/\/www.boisbuchet.org\/wp-content\/uploads\/2025\/02\/2025_Matteo_Guarnaccia_Tile1-500x333.jpg 500w, https:\/\/www.boisbuchet.org\/wp-content\/uploads\/2025\/02\/2025_Matteo_Guarnaccia_Tile1.jpg 600w\" sizes=\"(max-width: 600px) 100vw, 600px\" \/><br\/>\n<h4 style=\"margin: 15px 0px 5px 0px; color:#666666; font-size: 1.1em;\">Matteo Guarnaccia (IT)<strong><\/strong><\/h4>\n<h4 style=\"margin: 5px 0px;\">Seat-ing Exercises<\/h4>\n<h5 style=\"margin: 5px 0px; color:#999999;\">6 juillet &#8211;\u00a012 juillet<\/h5>\n<h6 style=\"margin: 5px 0px 0px 0px;\">Exp\u00e9rimentation, Mat\u00e9riaux, Meubles<\/h6><\/a>\n<\/div>\n<br\/><\/div>\n\t\t\n\t\t\n\t\t\t<div class=\"col-sm-4\"><div style=\"background-color:#fafafa; padding:15px; border:1px solid #dddddd;\"><a href=\"https:\/\/www.boisbuchet.org\/fr\/workshop\/power-nap\/\"><img decoding=\"async\" width=\"600\" height=\"400\" src=\"https:\/\/www.boisbuchet.org\/wp-content\/uploads\/2025\/02\/2025_Space_Caviar_tile1.png\" class=\"attachment-large size-large wp-post-image\" alt=\"\" srcset=\"https:\/\/www.boisbuchet.org\/wp-content\/uploads\/2025\/02\/2025_Space_Caviar_tile1-200x133.png 200w, https:\/\/www.boisbuchet.org\/wp-content\/uploads\/2025\/02\/2025_Space_Caviar_tile1-300x200.png 300w, https:\/\/www.boisbuchet.org\/wp-content\/uploads\/2025\/02\/2025_Space_Caviar_tile1-400x267.png 400w, https:\/\/www.boisbuchet.org\/wp-content\/uploads\/2025\/02\/2025_Space_Caviar_tile1-500x333.png 500w, https:\/\/www.boisbuchet.org\/wp-content\/uploads\/2025\/02\/2025_Space_Caviar_tile1.png 600w\" sizes=\"(max-width: 600px) 100vw, 600px\" \/><br\/>\n<h4 style=\"margin: 15px 0px 5px 0px; color:#666666; font-size: 1.1em;\">Space Caviar (IT)<strong><\/strong><\/h4>\n<h4 style=\"margin: 5px 0px;\">Power-Nap<\/h4>\n<h5 style=\"margin: 5px 0px; color:#999999;\">6 juillet &#8211;\u00a012 juillet<\/h5>\n<h6 style=\"margin: 5px 0px 0px 0px;\">Curating, Exposition, Repr\u00e9sentation<\/h6><\/a>\n<\/div>\n<br\/><\/div>\n\t\t\n\t\t\n\t\t\t<div class=\"col-sm-4\"><div style=\"background-color:#fafafa; padding:15px; border:1px solid #dddddd;\"><a href=\"https:\/\/www.boisbuchet.org\/fr\/workshop\/weaving-together-large-scale-basketry\/\"><img decoding=\"async\" width=\"600\" height=\"400\" src=\"https:\/\/www.boisbuchet.org\/wp-content\/uploads\/2025\/03\/2025_Ines_Bressand_Tile1.jpg\" class=\"attachment-large size-large wp-post-image\" alt=\"\" srcset=\"https:\/\/www.boisbuchet.org\/wp-content\/uploads\/2025\/03\/2025_Ines_Bressand_Tile1-200x133.jpg 200w, https:\/\/www.boisbuchet.org\/wp-content\/uploads\/2025\/03\/2025_Ines_Bressand_Tile1-300x200.jpg 300w, https:\/\/www.boisbuchet.org\/wp-content\/uploads\/2025\/03\/2025_Ines_Bressand_Tile1-400x267.jpg 400w, https:\/\/www.boisbuchet.org\/wp-content\/uploads\/2025\/03\/2025_Ines_Bressand_Tile1-500x333.jpg 500w, https:\/\/www.boisbuchet.org\/wp-content\/uploads\/2025\/03\/2025_Ines_Bressand_Tile1.jpg 600w\" sizes=\"(max-width: 600px) 100vw, 600px\" \/><br\/>\n<h4 style=\"margin: 15px 0px 5px 0px; color:#666666; font-size: 1.1em;\">In\u00e8s Bressand (FR)<strong><\/strong><\/h4>\n<h4 style=\"margin: 5px 0px;\">Weaving Together: Large Scale Basketry<\/h4>\n<h5 style=\"margin: 5px 0px; color:#999999;\">6 juillet &#8211;\u00a012 juillet<\/h5>\n<h6 style=\"margin: 5px 0px 0px 0px;\">Paniers, Produits, Tissage<\/h6><\/a>\n<\/div>\n<br\/><\/div>\n\t\t<\/div>\n\t\t\n\t\t\n\t\t<div class=\"row \">\n\t\t\t<div class=\"col-sm-4\"><div style=\"background-color:#fafafa; padding:15px; border:1px solid #dddddd;\"><a href=\"https:\/\/www.boisbuchet.org\/fr\/workshop\/post-technological-disobedience\/\"><img decoding=\"async\" width=\"600\" height=\"400\" src=\"https:\/\/www.boisbuchet.org\/wp-content\/uploads\/2025\/02\/2025_Lucas_Mun\u0303oz_Tile.jpg\" class=\"attachment-large size-large wp-post-image\" alt=\"\" srcset=\"https:\/\/www.boisbuchet.org\/wp-content\/uploads\/2025\/02\/2025_Lucas_Mun\u0303oz_Tile-200x133.jpg 200w, https:\/\/www.boisbuchet.org\/wp-content\/uploads\/2025\/02\/2025_Lucas_Mun\u0303oz_Tile-300x200.jpg 300w, https:\/\/www.boisbuchet.org\/wp-content\/uploads\/2025\/02\/2025_Lucas_Mun\u0303oz_Tile-400x267.jpg 400w, https:\/\/www.boisbuchet.org\/wp-content\/uploads\/2025\/02\/2025_Lucas_Mun\u0303oz_Tile-500x333.jpg 500w, https:\/\/www.boisbuchet.org\/wp-content\/uploads\/2025\/02\/2025_Lucas_Mun\u0303oz_Tile.jpg 600w\" sizes=\"(max-width: 600px) 100vw, 600px\" \/><br\/>\n<h4 style=\"margin: 15px 0px 5px 0px; color:#666666; font-size: 1.1em;\">Lucas Mu\u00f1oz Mu\u00f1oz (ES)<strong><\/strong><\/h4>\n<h4 style=\"margin: 5px 0px;\">Post-Technological Disobedience<\/h4>\n<h5 style=\"margin: 5px 0px; color:#999999;\">13 juillet &#8211;\u00a019 juillet<\/h5>\n<h6 style=\"margin: 5px 0px 0px 0px;\">Autonomie, Low-tech, \u00c9cosyst\u00e8mes<\/h6><\/a>\n<\/div>\n<br\/><\/div>\n\t\t\n\t\t\n\t\t\t<div class=\"col-sm-4\"><div style=\"background-color:#fafafa; padding:15px; border:1px solid #dddddd;\"><a href=\"https:\/\/www.boisbuchet.org\/fr\/workshop\/fiber-explorations\/\"><img decoding=\"async\" width=\"600\" height=\"400\" src=\"https:\/\/www.boisbuchet.org\/wp-content\/uploads\/2025\/02\/2025_Fernando_Laposse_Tile.jpg\" class=\"attachment-large size-large wp-post-image\" alt=\"\" srcset=\"https:\/\/www.boisbuchet.org\/wp-content\/uploads\/2025\/02\/2025_Fernando_Laposse_Tile-200x133.jpg 200w, https:\/\/www.boisbuchet.org\/wp-content\/uploads\/2025\/02\/2025_Fernando_Laposse_Tile-300x200.jpg 300w, https:\/\/www.boisbuchet.org\/wp-content\/uploads\/2025\/02\/2025_Fernando_Laposse_Tile-400x267.jpg 400w, https:\/\/www.boisbuchet.org\/wp-content\/uploads\/2025\/02\/2025_Fernando_Laposse_Tile-500x333.jpg 500w, https:\/\/www.boisbuchet.org\/wp-content\/uploads\/2025\/02\/2025_Fernando_Laposse_Tile.jpg 600w\" sizes=\"(max-width: 600px) 100vw, 600px\" \/><br\/>\n<h4 style=\"margin: 15px 0px 5px 0px; color:#666666; font-size: 1.1em;\">Fernando Laposse (MX)<strong><\/strong><\/h4>\n<h4 style=\"margin: 5px 0px;\">Fiber Explorations<\/h4>\n<h5 style=\"margin: 5px 0px; color:#999999;\">13 juillet &#8211;\u00a019 juillet<\/h5>\n<h6 style=\"margin: 5px 0px 0px 0px;\">Artisanat, Fibres, Tissage<\/h6><\/a>\n<\/div>\n<br\/><\/div>\n\t\t\n\t\t\n\t\t\t<div class=\"col-sm-4\"><div style=\"background-color:#fafafa; padding:15px; border:1px solid #dddddd;\"><a href=\"https:\/\/www.boisbuchet.org\/fr\/workshop\/the-beauty-of-precision-an-introduction-to-japanese-carpentry\/\"><img decoding=\"async\" width=\"600\" height=\"400\" src=\"https:\/\/www.boisbuchet.org\/wp-content\/uploads\/2025\/02\/2023-Wataru-Kumano-Tile2.jpg\" class=\"attachment-large size-large wp-post-image\" alt=\"\" srcset=\"https:\/\/www.boisbuchet.org\/wp-content\/uploads\/2025\/02\/2023-Wataru-Kumano-Tile2-200x133.jpg 200w, https:\/\/www.boisbuchet.org\/wp-content\/uploads\/2025\/02\/2023-Wataru-Kumano-Tile2-300x200.jpg 300w, https:\/\/www.boisbuchet.org\/wp-content\/uploads\/2025\/02\/2023-Wataru-Kumano-Tile2-400x267.jpg 400w, https:\/\/www.boisbuchet.org\/wp-content\/uploads\/2025\/02\/2023-Wataru-Kumano-Tile2-500x333.jpg 500w, https:\/\/www.boisbuchet.org\/wp-content\/uploads\/2025\/02\/2023-Wataru-Kumano-Tile2.jpg 600w\" sizes=\"(max-width: 600px) 100vw, 600px\" \/><br\/>\n<h4 style=\"margin: 15px 0px 5px 0px; color:#666666; font-size: 1.1em;\">Wataru Kumano (JP)<strong><\/strong><\/h4>\n<h4 style=\"margin: 5px 0px;\">The Beauty of Precision: An introduction to Japanese Carpentry<\/h4>\n<h5 style=\"margin: 5px 0px; color:#999999;\">20 juillet &#8211;\u00a030 juillet<\/h5>\n<h6 style=\"margin: 5px 0px 0px 0px;\">Artisanat, Japon, Menuiserie<\/h6><\/a>\n<\/div>\n<br\/><\/div>\n\t\t<\/div>\n\t\t\n\t\t\n\t\t<div class=\"row \">\n\t\t\t<div class=\"col-sm-4\"><div style=\"background-color:#fafafa; padding:15px; border:1px solid #dddddd;\"><a href=\"https:\/\/www.boisbuchet.org\/fr\/workshop\/life-in-between-mycelium-and-textiles\/\"><img decoding=\"async\" width=\"600\" height=\"400\" src=\"https:\/\/www.boisbuchet.org\/wp-content\/uploads\/2025\/02\/2025_Ale\u0301a_Tile3.jpg\" class=\"attachment-large size-large wp-post-image\" alt=\"\" srcset=\"https:\/\/www.boisbuchet.org\/wp-content\/uploads\/2025\/02\/2025_Ale\u0301a_Tile3-200x133.jpg 200w, https:\/\/www.boisbuchet.org\/wp-content\/uploads\/2025\/02\/2025_Ale\u0301a_Tile3-300x200.jpg 300w, https:\/\/www.boisbuchet.org\/wp-content\/uploads\/2025\/02\/2025_Ale\u0301a_Tile3-400x267.jpg 400w, https:\/\/www.boisbuchet.org\/wp-content\/uploads\/2025\/02\/2025_Ale\u0301a_Tile3-500x333.jpg 500w, https:\/\/www.boisbuchet.org\/wp-content\/uploads\/2025\/02\/2025_Ale\u0301a_Tile3.jpg 600w\" sizes=\"(max-width: 600px) 100vw, 600px\" \/><br\/>\n<h4 style=\"margin: 15px 0px 5px 0px; color:#666666; font-size: 1.1em;\">Miriam Josi et Stella Lee Prowse (Al\u00e9a) (FR)<strong><\/strong><\/h4>\n<h4 style=\"margin: 5px 0px;\">Life in-between: Mycelium and Textiles<\/h4>\n<h5 style=\"margin: 5px 0px; color:#999999;\">20 juillet &#8211;\u00a030 juillet<\/h5>\n<h6 style=\"margin: 5px 0px 0px 0px;\">Biodesign, Myc\u00e9lium, Textile<\/h6><\/a>\n<\/div>\n<br\/><\/div>\n\t\t\n\t\t\n\t\t\t<div class=\"col-sm-4\"><div style=\"background-color:#fafafa; padding:15px; border:1px solid #dddddd;\"><a href=\"https:\/\/www.boisbuchet.org\/fr\/workshop\/from-earth-to-object\/\"><img decoding=\"async\" width=\"600\" height=\"400\" src=\"https:\/\/www.boisbuchet.org\/wp-content\/uploads\/2025\/02\/2025-Lex-Pott-Tile1.jpg\" class=\"attachment-large size-large wp-post-image\" alt=\"\" srcset=\"https:\/\/www.boisbuchet.org\/wp-content\/uploads\/2025\/02\/2025-Lex-Pott-Tile1-200x133.jpg 200w, https:\/\/www.boisbuchet.org\/wp-content\/uploads\/2025\/02\/2025-Lex-Pott-Tile1-300x200.jpg 300w, https:\/\/www.boisbuchet.org\/wp-content\/uploads\/2025\/02\/2025-Lex-Pott-Tile1-400x267.jpg 400w, https:\/\/www.boisbuchet.org\/wp-content\/uploads\/2025\/02\/2025-Lex-Pott-Tile1-500x333.jpg 500w, https:\/\/www.boisbuchet.org\/wp-content\/uploads\/2025\/02\/2025-Lex-Pott-Tile1.jpg 600w\" sizes=\"(max-width: 600px) 100vw, 600px\" \/><br\/>\n<h4 style=\"margin: 15px 0px 5px 0px; color:#666666; font-size: 1.1em;\">Lex Pott (NL)<strong><\/strong><\/h4>\n<h4 style=\"margin: 5px 0px;\">From Earth to Object<\/h4>\n<h5 style=\"margin: 5px 0px; color:#999999;\">20 juillet &#8211;\u00a030 juillet<\/h5>\n<h6 style=\"margin: 5px 0px 0px 0px;\">Artisanat, C\u00e9ramique, Local<\/h6><\/a>\n<\/div>\n<br\/><\/div>\n\t\t\n\t\t\n\t\t\t<div class=\"col-sm-4\"><div style=\"background-color:#fafafa; padding:15px; border:1px solid #dddddd;\"><a href=\"https:\/\/www.boisbuchet.org\/fr\/workshop\/ephemeral-spaces-crafting-natures-transience\/\"><img decoding=\"async\" width=\"600\" height=\"400\" src=\"https:\/\/www.boisbuchet.org\/wp-content\/uploads\/2025\/02\/2025_Wagner_Kreusch_Tile3-1.jpg\" class=\"attachment-large size-large wp-post-image\" alt=\"\" srcset=\"https:\/\/www.boisbuchet.org\/wp-content\/uploads\/2025\/02\/2025_Wagner_Kreusch_Tile3-1-200x133.jpg 200w, https:\/\/www.boisbuchet.org\/wp-content\/uploads\/2025\/02\/2025_Wagner_Kreusch_Tile3-1-300x200.jpg 300w, https:\/\/www.boisbuchet.org\/wp-content\/uploads\/2025\/02\/2025_Wagner_Kreusch_Tile3-1-400x267.jpg 400w, https:\/\/www.boisbuchet.org\/wp-content\/uploads\/2025\/02\/2025_Wagner_Kreusch_Tile3-1-500x333.jpg 500w, https:\/\/www.boisbuchet.org\/wp-content\/uploads\/2025\/02\/2025_Wagner_Kreusch_Tile3-1.jpg 600w\" sizes=\"(max-width: 600px) 100vw, 600px\" \/><br\/>\n<h4 style=\"margin: 15px 0px 5px 0px; color:#666666; font-size: 1.1em;\">Frida Kim (KR) + Wagner Kreusch (BR)<strong><\/strong><\/h4>\n<h4 style=\"margin: 5px 0px;\">Ephemeral Spaces: Crafting Nature&#8217;s Transience<\/h4>\n<h5 style=\"margin: 5px 0px; color:#999999;\">3 ao\u00fbt &#8211;\u00a09 ao\u00fbt<\/h5>\n<h6 style=\"margin: 5px 0px 0px 0px;\">Fleurs, Installation, Paysage<\/h6><\/a>\n<\/div>\n<br\/><\/div>\n\t\t<\/div>\n\t\t\n\t\t\n\t\t<div class=\"row \">\n\t\t\t<div class=\"col-sm-4\"><div style=\"background-color:#fafafa; padding:15px; border:1px solid #dddddd;\"><a href=\"https:\/\/www.boisbuchet.org\/fr\/workshop\/wasteland\/\"><img decoding=\"async\" width=\"600\" height=\"400\" src=\"https:\/\/www.boisbuchet.org\/wp-content\/uploads\/2025\/02\/2025_Jorge_Penades_Tile-copia.jpg\" class=\"attachment-large size-large wp-post-image\" alt=\"\" srcset=\"https:\/\/www.boisbuchet.org\/wp-content\/uploads\/2025\/02\/2025_Jorge_Penades_Tile-copia-200x133.jpg 200w, https:\/\/www.boisbuchet.org\/wp-content\/uploads\/2025\/02\/2025_Jorge_Penades_Tile-copia-300x200.jpg 300w, https:\/\/www.boisbuchet.org\/wp-content\/uploads\/2025\/02\/2025_Jorge_Penades_Tile-copia-400x267.jpg 400w, https:\/\/www.boisbuchet.org\/wp-content\/uploads\/2025\/02\/2025_Jorge_Penades_Tile-copia-500x333.jpg 500w, https:\/\/www.boisbuchet.org\/wp-content\/uploads\/2025\/02\/2025_Jorge_Penades_Tile-copia.jpg 600w\" sizes=\"(max-width: 600px) 100vw, 600px\" \/><br\/>\n<h4 style=\"margin: 15px 0px 5px 0px; color:#666666; font-size: 1.1em;\">Jorge Penad\u00e9s (ES)<strong><\/strong><\/h4>\n<h4 style=\"margin: 5px 0px;\">Wasteland<\/h4>\n<h5 style=\"margin: 5px 0px; color:#999999;\">3 ao\u00fbt &#8211;\u00a09 ao\u00fbt<\/h5>\n<h6 style=\"margin: 5px 0px 0px 0px;\">Bois, Butinage, D\u00e9chets<\/h6><\/a>\n<\/div>\n<br\/><\/div>\n\t\t\n\t\t\n\t\t\t<div class=\"col-sm-4\"><div style=\"background-color:#fafafa; padding:15px; border:1px solid #dddddd;\"><a href=\"https:\/\/www.boisbuchet.org\/fr\/workshop\/hot-bodies\/\"><img decoding=\"async\" width=\"600\" height=\"400\" src=\"https:\/\/www.boisbuchet.org\/wp-content\/uploads\/2025\/02\/2025_Wendy_Andreu_Tile.jpg\" class=\"attachment-large size-large wp-post-image\" alt=\"\" srcset=\"https:\/\/www.boisbuchet.org\/wp-content\/uploads\/2025\/02\/2025_Wendy_Andreu_Tile-200x133.jpg 200w, https:\/\/www.boisbuchet.org\/wp-content\/uploads\/2025\/02\/2025_Wendy_Andreu_Tile-300x200.jpg 300w, https:\/\/www.boisbuchet.org\/wp-content\/uploads\/2025\/02\/2025_Wendy_Andreu_Tile-400x267.jpg 400w, https:\/\/www.boisbuchet.org\/wp-content\/uploads\/2025\/02\/2025_Wendy_Andreu_Tile-500x333.jpg 500w, https:\/\/www.boisbuchet.org\/wp-content\/uploads\/2025\/02\/2025_Wendy_Andreu_Tile.jpg 600w\" sizes=\"(max-width: 600px) 100vw, 600px\" \/><br\/>\n<h4 style=\"margin: 15px 0px 5px 0px; color:#666666; font-size: 1.1em;\">Wendy Andreu (FR)<strong><\/strong><\/h4>\n<h4 style=\"margin: 5px 0px;\">Hot Bodies<\/h4>\n<h5 style=\"margin: 5px 0px; color:#999999;\">3 ao\u00fbt &#8211;\u00a09 ao\u00fbt<\/h5>\n<h6 style=\"margin: 5px 0px 0px 0px;\">Moulage, M\u00e9tallurgie, Produits<\/h6><\/a>\n<\/div>\n<br\/><\/div>\n\t\t\n\t\t\n\t\t\t<div class=\"col-sm-4\"><div style=\"background-color:#fafafa; padding:15px; border:1px solid #dddddd;\"><a href=\"https:\/\/www.boisbuchet.org\/fr\/workshop\/the-story-of-objects\/\"><img decoding=\"async\" width=\"600\" height=\"400\" src=\"https:\/\/www.boisbuchet.org\/wp-content\/uploads\/2025\/02\/2025_The_Thing_Tile2.jpg\" class=\"attachment-large size-large wp-post-image\" alt=\"\" srcset=\"https:\/\/www.boisbuchet.org\/wp-content\/uploads\/2025\/02\/2025_The_Thing_Tile2-200x133.jpg 200w, https:\/\/www.boisbuchet.org\/wp-content\/uploads\/2025\/02\/2025_The_Thing_Tile2-300x200.jpg 300w, https:\/\/www.boisbuchet.org\/wp-content\/uploads\/2025\/02\/2025_The_Thing_Tile2-400x267.jpg 400w, https:\/\/www.boisbuchet.org\/wp-content\/uploads\/2025\/02\/2025_The_Thing_Tile2-500x333.jpg 500w, https:\/\/www.boisbuchet.org\/wp-content\/uploads\/2025\/02\/2025_The_Thing_Tile2.jpg 600w\" sizes=\"(max-width: 600px) 100vw, 600px\" \/><br\/>\n<h4 style=\"margin: 15px 0px 5px 0px; color:#666666; font-size: 1.1em;\">the thing Magazine (DE)<strong><\/strong><\/h4>\n<h4 style=\"margin: 5px 0px;\">The Story of Objects<\/h4>\n<h5 style=\"margin: 5px 0px; color:#999999;\">10 ao\u00fbt &#8211;\u00a016 ao\u00fbt<\/h5>\n<h6 style=\"margin: 5px 0px 0px 0px;\">Graphique, Impression, \u00c9criture<\/h6><\/a>\n<\/div>\n<br\/><\/div>\n\t\t<\/div>\n\t\t\n\t\t\n\t\t<div class=\"row \">\n\t\t\t<div class=\"col-sm-4\"><div style=\"background-color:#fafafa; padding:15px; border:1px solid #dddddd;\"><a href=\"https:\/\/www.boisbuchet.org\/fr\/workshop\/big-pots-and-a-gong-communal-meals\/\"><img decoding=\"async\" width=\"600\" height=\"400\" src=\"https:\/\/www.boisbuchet.org\/wp-content\/uploads\/2025\/02\/2025_Martin_Planchaud_Tile2.jpg\" class=\"attachment-large size-large wp-post-image\" alt=\"\" srcset=\"https:\/\/www.boisbuchet.org\/wp-content\/uploads\/2025\/02\/2025_Martin_Planchaud_Tile2-200x133.jpg 200w, https:\/\/www.boisbuchet.org\/wp-content\/uploads\/2025\/02\/2025_Martin_Planchaud_Tile2-300x200.jpg 300w, https:\/\/www.boisbuchet.org\/wp-content\/uploads\/2025\/02\/2025_Martin_Planchaud_Tile2-400x267.jpg 400w, https:\/\/www.boisbuchet.org\/wp-content\/uploads\/2025\/02\/2025_Martin_Planchaud_Tile2-500x333.jpg 500w, https:\/\/www.boisbuchet.org\/wp-content\/uploads\/2025\/02\/2025_Martin_Planchaud_Tile2.jpg 600w\" sizes=\"(max-width: 600px) 100vw, 600px\" \/><br\/>\n<h4 style=\"margin: 15px 0px 5px 0px; color:#666666; font-size: 1.1em;\">Martin Planchaud (FR)<strong><\/strong><\/h4>\n<h4 style=\"margin: 5px 0px;\">Big Pots and a Gong: Communal Meals<\/h4>\n<h5 style=\"margin: 5px 0px; color:#999999;\">10 ao\u00fbt &#8211;\u00a016 ao\u00fbt<\/h5>\n<h6 style=\"margin: 5px 0px 0px 0px;\">Aliments, Arrangement, Exp\u00e9rience<\/h6><\/a>\n<\/div>\n<br\/><\/div>\n\t\t\n\t\t\n\t\t\t<div class=\"col-sm-4\"><div style=\"background-color:#fafafa; padding:15px; border:1px solid #dddddd;\"><a href=\"https:\/\/www.boisbuchet.org\/fr\/workshop\/eclectic-techno-hippie-craft-a-chandelier\/\"><img decoding=\"async\" width=\"600\" height=\"400\" src=\"https:\/\/www.boisbuchet.org\/wp-content\/uploads\/2025\/02\/2025_Bertjan_Pot_Tile2.jpg\" class=\"attachment-large size-large wp-post-image\" alt=\"\" srcset=\"https:\/\/www.boisbuchet.org\/wp-content\/uploads\/2025\/02\/2025_Bertjan_Pot_Tile2-200x133.jpg 200w, https:\/\/www.boisbuchet.org\/wp-content\/uploads\/2025\/02\/2025_Bertjan_Pot_Tile2-300x200.jpg 300w, https:\/\/www.boisbuchet.org\/wp-content\/uploads\/2025\/02\/2025_Bertjan_Pot_Tile2-400x267.jpg 400w, https:\/\/www.boisbuchet.org\/wp-content\/uploads\/2025\/02\/2025_Bertjan_Pot_Tile2-500x333.jpg 500w, https:\/\/www.boisbuchet.org\/wp-content\/uploads\/2025\/02\/2025_Bertjan_Pot_Tile2.jpg 600w\" sizes=\"(max-width: 600px) 100vw, 600px\" \/><br\/>\n<h4 style=\"margin: 15px 0px 5px 0px; color:#666666; font-size: 1.1em;\">Bertjan Pot (NL)<strong><\/strong><\/h4>\n<h4 style=\"margin: 5px 0px;\">Eclectic Techno-Hippie Craft: A Chandelier<\/h4>\n<h5 style=\"margin: 5px 0px; color:#999999;\">10 ao\u00fbt &#8211;\u00a016 ao\u00fbt<\/h5>\n<h6 style=\"margin: 5px 0px 0px 0px;\">Installation, Techniques, \u00c9clairage<\/h6><\/a>\n<\/div>\n<br\/><\/div>\n\t\t\n\t\t\n\t\t\t<div class=\"col-sm-4\"><div style=\"background-color:#fafafa; padding:15px; border:1px solid #dddddd;\"><a href=\"https:\/\/www.boisbuchet.org\/fr\/workshop\/at-the-end-of-the-world\/\"><img decoding=\"async\" width=\"600\" height=\"400\" src=\"https:\/\/www.boisbuchet.org\/wp-content\/uploads\/2025\/02\/2025_Mariam_Issofou_Tile.jpg\" class=\"attachment-large size-large wp-post-image\" alt=\"\" srcset=\"https:\/\/www.boisbuchet.org\/wp-content\/uploads\/2025\/02\/2025_Mariam_Issofou_Tile-200x133.jpg 200w, https:\/\/www.boisbuchet.org\/wp-content\/uploads\/2025\/02\/2025_Mariam_Issofou_Tile-300x200.jpg 300w, https:\/\/www.boisbuchet.org\/wp-content\/uploads\/2025\/02\/2025_Mariam_Issofou_Tile-400x267.jpg 400w, https:\/\/www.boisbuchet.org\/wp-content\/uploads\/2025\/02\/2025_Mariam_Issofou_Tile-500x333.jpg 500w, https:\/\/www.boisbuchet.org\/wp-content\/uploads\/2025\/02\/2025_Mariam_Issofou_Tile.jpg 600w\" sizes=\"(max-width: 600px) 100vw, 600px\" \/><br\/>\n<h4 style=\"margin: 15px 0px 5px 0px; color:#666666; font-size: 1.1em;\">Mariam Issoufou (NE)<strong><\/strong><\/h4>\n<h4 style=\"margin: 5px 0px;\">At the End of the World<\/h4>\n<h5 style=\"margin: 5px 0px; color:#999999;\">17 ao\u00fbt &#8211;\u00a023 ao\u00fbt<\/h5>\n<h6 style=\"margin: 5px 0px 0px 0px;\">Architecture, Environnement, Processus Design<\/h6><\/a>\n<\/div>\n<br\/><\/div>\n\t\t<\/div>\n\t\t\n\t\t\n\t\t<div class=\"row \">\n\t\t\t<div class=\"col-sm-4\"><div style=\"background-color:#fafafa; padding:15px; border:1px solid #dddddd;\"><a href=\"https:\/\/www.boisbuchet.org\/fr\/workshop\/man-made-machine-made\/\"><img decoding=\"async\" width=\"600\" height=\"400\" src=\"https:\/\/www.boisbuchet.org\/wp-content\/uploads\/2025\/02\/2025_Artek_Lutz_Yoshida_Tile2.jpg\" class=\"attachment-large size-large wp-post-image\" alt=\"\" srcset=\"https:\/\/www.boisbuchet.org\/wp-content\/uploads\/2025\/02\/2025_Artek_Lutz_Yoshida_Tile2-200x133.jpg 200w, https:\/\/www.boisbuchet.org\/wp-content\/uploads\/2025\/02\/2025_Artek_Lutz_Yoshida_Tile2-300x200.jpg 300w, https:\/\/www.boisbuchet.org\/wp-content\/uploads\/2025\/02\/2025_Artek_Lutz_Yoshida_Tile2-400x267.jpg 400w, https:\/\/www.boisbuchet.org\/wp-content\/uploads\/2025\/02\/2025_Artek_Lutz_Yoshida_Tile2-500x333.jpg 500w, https:\/\/www.boisbuchet.org\/wp-content\/uploads\/2025\/02\/2025_Artek_Lutz_Yoshida_Tile2.jpg 600w\" sizes=\"(max-width: 600px) 100vw, 600px\" \/><br\/>\n<h4 style=\"margin: 15px 0px 5px 0px; color:#666666; font-size: 1.1em;\">Jonas Lutz (FI) + Satoshi Yoshida (JP)<strong><\/strong><\/h4>\n<h4 style=\"margin: 5px 0px;\">Man Made &#8211; Machine Made<\/h4>\n<h5 style=\"margin: 5px 0px; color:#999999;\">17 ao\u00fbt &#8211;\u00a023 ao\u00fbt<\/h5>\n<h6 style=\"margin: 5px 0px 0px 0px;\">Assemblage, Bois, Techniques<\/h6><\/a>\n<\/div>\n<br\/><\/div>\n\t\t\n\t\t\n\t\t\t<div class=\"col-sm-4\"><div style=\"background-color:#fafafa; padding:15px; border:1px solid #dddddd;\"><a href=\"https:\/\/www.boisbuchet.org\/fr\/workshop\/infinite-games-animating-objects\/\"><img decoding=\"async\" width=\"600\" height=\"400\" src=\"https:\/\/www.boisbuchet.org\/wp-content\/uploads\/2025\/02\/2025_Sofia_Alazraki_Tile2.jpg\" class=\"attachment-large size-large wp-post-image\" alt=\"\" srcset=\"https:\/\/www.boisbuchet.org\/wp-content\/uploads\/2025\/02\/2025_Sofia_Alazraki_Tile2-200x133.jpg 200w, https:\/\/www.boisbuchet.org\/wp-content\/uploads\/2025\/02\/2025_Sofia_Alazraki_Tile2-300x200.jpg 300w, https:\/\/www.boisbuchet.org\/wp-content\/uploads\/2025\/02\/2025_Sofia_Alazraki_Tile2-400x267.jpg 400w, https:\/\/www.boisbuchet.org\/wp-content\/uploads\/2025\/02\/2025_Sofia_Alazraki_Tile2-500x333.jpg 500w, https:\/\/www.boisbuchet.org\/wp-content\/uploads\/2025\/02\/2025_Sofia_Alazraki_Tile2.jpg 600w\" sizes=\"(max-width: 600px) 100vw, 600px\" \/><br\/>\n<h4 style=\"margin: 15px 0px 5px 0px; color:#666666; font-size: 1.1em;\">Sofia Alazraki (AR)<strong><\/strong><\/h4>\n<h4 style=\"margin: 5px 0px;\">Infinite Games: Animating Objects<\/h4>\n<h5 style=\"margin: 5px 0px; color:#999999;\">31 ao\u00fbt &#8211;\u00a06 septembre<\/h5>\n<h6 style=\"margin: 5px 0px 0px 0px;\">Direction Artistique, Media, Mise en Sc\u00e8ne<\/h6><\/a>\n<\/div>\n<br\/><\/div>\n\t\t\n\t\t\n\t\t\t<div class=\"col-sm-4\"><div style=\"background-color:#fafafa; padding:15px; border:1px solid #dddddd;\"><a href=\"https:\/\/www.boisbuchet.org\/fr\/workshop\/low-tech-tools\/\"><img decoding=\"async\" width=\"600\" height=\"400\" src=\"https:\/\/www.boisbuchet.org\/wp-content\/uploads\/2025\/02\/2025_Floris_Wubben_Tile.jpg\" class=\"attachment-large size-large wp-post-image\" alt=\"\" srcset=\"https:\/\/www.boisbuchet.org\/wp-content\/uploads\/2025\/02\/2025_Floris_Wubben_Tile-200x133.jpg 200w, https:\/\/www.boisbuchet.org\/wp-content\/uploads\/2025\/02\/2025_Floris_Wubben_Tile-300x200.jpg 300w, https:\/\/www.boisbuchet.org\/wp-content\/uploads\/2025\/02\/2025_Floris_Wubben_Tile-400x267.jpg 400w, https:\/\/www.boisbuchet.org\/wp-content\/uploads\/2025\/02\/2025_Floris_Wubben_Tile-500x333.jpg 500w, https:\/\/www.boisbuchet.org\/wp-content\/uploads\/2025\/02\/2025_Floris_Wubben_Tile.jpg 600w\" sizes=\"(max-width: 600px) 100vw, 600px\" \/><br\/>\n<h4 style=\"margin: 15px 0px 5px 0px; color:#666666; font-size: 1.1em;\">Floris Wubben (NL)<strong><\/strong><\/h4>\n<h4 style=\"margin: 5px 0px;\">Low Tech Tools<\/h4>\n<h5 style=\"margin: 5px 0px; color:#999999;\">31 ao\u00fbt &#8211;\u00a06 septembre<\/h5>\n<h6 style=\"margin: 5px 0px 0px 0px;\">C\u00e9ramique, Exp\u00e9rimentation, Produits<\/h6><\/a>\n<\/div>\n<br\/><\/div>\n\t\t<\/div>\n\t\t\n\t\t\n\t\t<div class=\"row \">\n\t\t\t<div class=\"col-sm-4\"><div style=\"background-color:#fafafa; padding:15px; border:1px solid #dddddd;\"><a href=\"https:\/\/www.boisbuchet.org\/fr\/workshop\/multiple-making-designing-through-repetition\/\"><img decoding=\"async\" width=\"600\" height=\"400\" src=\"https:\/\/www.boisbuchet.org\/wp-content\/uploads\/2025\/03\/2025_Sebastian_Bergne_Tile.jpg\" class=\"attachment-large size-large wp-post-image\" alt=\"\" srcset=\"https:\/\/www.boisbuchet.org\/wp-content\/uploads\/2025\/03\/2025_Sebastian_Bergne_Tile-200x133.jpg 200w, https:\/\/www.boisbuchet.org\/wp-content\/uploads\/2025\/03\/2025_Sebastian_Bergne_Tile-300x200.jpg 300w, https:\/\/www.boisbuchet.org\/wp-content\/uploads\/2025\/03\/2025_Sebastian_Bergne_Tile-400x267.jpg 400w, https:\/\/www.boisbuchet.org\/wp-content\/uploads\/2025\/03\/2025_Sebastian_Bergne_Tile-500x333.jpg 500w, https:\/\/www.boisbuchet.org\/wp-content\/uploads\/2025\/03\/2025_Sebastian_Bergne_Tile.jpg 600w\" sizes=\"(max-width: 600px) 100vw, 600px\" \/><br\/>\n<h4 style=\"margin: 15px 0px 5px 0px; color:#666666; font-size: 1.1em;\">Sebastian Bergne (GB)<strong><\/strong><\/h4>\n<h4 style=\"margin: 5px 0px;\">Multiple Making: Designing Through Repetition<\/h4>\n<h5 style=\"margin: 5px 0px; color:#999999;\">31 ao\u00fbt &#8211;\u00a06 septembre<\/h5>\n<h6 style=\"margin: 5px 0px 0px 0px;\">Mat\u00e9riaux, Meubles, Produits<\/h6><\/a>\n<\/div>\n<br\/><\/div>\n\t\t\n\t\t\t<div class=\"col-sm-4\"><\/div>\n\t\t\n\t\t\t<div class=\"col-sm-4\"><\/div>\n\t\t<\/div>\n\t\n\t\n\t\n\t\n<\/div>\n\n<\/div><div class=\"fusion-clearfix\"><\/div><\/div><\/div><\/div><\/div><div class=\"fusion-fullwidth fullwidth-box fusion-builder-row-5 nonhundred-percent-fullwidth non-hundred-percent-height-scrolling\" style=\"--awb-border-radius-top-left:0px;--awb-border-radius-top-right:0px;--awb-border-radius-bottom-right:0px;--awb-border-radius-bottom-left:0px;--awb-flex-wrap:wrap;\" ><div class=\"fusion-builder-row fusion-row\"><div class=\"fusion-layout-column fusion_builder_column fusion-builder-column-5 fusion_builder_column_1_1 1_1 fusion-one-full fusion-column-first fusion-column-last\" style=\"--awb-bg-size:cover;\"><div class=\"fusion-column-wrapper fusion-flex-column-wrapper-legacy\"><div class=\"fusion-sep-clear\"><\/div><div class=\"fusion-separator fusion-full-width-sep\" style=\"margin-left: auto;margin-right: auto;width:100%;\"><div class=\"fusion-separator-border sep-single sep-solid\" style=\"--awb-height:20px;--awb-amount:20px;border-color:#e0dede;border-top-width:1px;\"><\/div><\/div><div class=\"fusion-sep-clear\"><\/div><div class=\"fusion-clearfix\"><\/div><\/div><\/div><div class=\"fusion-layout-column fusion_builder_column fusion-builder-column-6 fusion_builder_column_1_6 1_6 fusion-one-sixth fusion-column-first\" style=\"--awb-bg-size:cover;width:16.666666666667%;width:calc(16.666666666667% - ( ( 4% + 4% ) * 0.16666666666667 ) );margin-right: 4%;\"><div class=\"fusion-column-wrapper fusion-flex-column-wrapper-legacy\"><div class=\"fusion-clearfix\"><\/div><\/div><\/div><div class=\"fusion-layout-column fusion_builder_column fusion-builder-column-7 fusion_builder_column_2_3 2_3 fusion-two-third\" style=\"--awb-bg-size:cover;width:66.666666666667%;width:calc(66.666666666667% - ( ( 4% + 4% ) * 0.66666666666667 ) );margin-right: 4%;\"><div class=\"fusion-column-wrapper fusion-flex-column-wrapper-legacy\"><div class=\"fusion-text fusion-text-3\"><p style=\"font-size: 1.2em; text-align: center;\">For over 30 years, the non-profit organisation CIRECA (Centre International de Recherche et d\u2019Education Culturelle et Agricole), organises Boisbuchet\u2019s interdisciplinary program of hands-on workshops: Participants from all over the world living and working together with noted designers, architects and artists \u2013 not to come up with perfect results but to gain insights into creative processes and the challenges involved.<\/p>\n<\/div><div class=\"fusion-clearfix\"><\/div><\/div><\/div><div class=\"fusion-layout-column fusion_builder_column fusion-builder-column-8 fusion_builder_column_1_6 1_6 fusion-one-sixth fusion-column-last\" style=\"--awb-bg-size:cover;width:16.666666666667%;width:calc(16.666666666667% - ( ( 4% + 4% ) * 0.16666666666667 ) );\"><div class=\"fusion-column-wrapper fusion-flex-column-wrapper-legacy\"><div class=\"fusion-clearfix\"><\/div><\/div><\/div><div class=\"fusion-layout-column fusion_builder_column fusion-builder-column-9 fusion_builder_column_1_1 1_1 fusion-one-full fusion-column-first fusion-column-last\" style=\"--awb-bg-size:cover;\"><div class=\"fusion-column-wrapper fusion-flex-column-wrapper-legacy\"><div class=\"fusion-sep-clear\"><\/div><div class=\"fusion-separator fusion-full-width-sep\" style=\"margin-left: auto;margin-right: auto;width:100%;\"><div class=\"fusion-separator-border sep-single sep-solid\" style=\"--awb-height:20px;--awb-amount:20px;border-color:#e0dede;border-top-width:1px;\"><\/div><\/div><div class=\"fusion-sep-clear\"><\/div><div class=\"fusion-clearfix\"><\/div><\/div><\/div><\/div><\/div>\n<div class=\"fusion-fullwidth fullwidth-box fusion-builder-row-6 nonhundred-percent-fullwidth non-hundred-percent-height-scrolling\" style=\"--awb-border-radius-top-left:0px;--awb-border-radius-top-right:0px;--awb-border-radius-bottom-right:0px;--awb-border-radius-bottom-left:0px;--awb-margin-top:20px;--awb-margin-bottom:20px;--awb-flex-wrap:wrap;\" ><div class=\"fusion-builder-row fusion-row\"><div class=\"fusion-layout-column fusion_builder_column fusion-builder-column-10 fusion_builder_column_1_1 1_1 fusion-one-full fusion-column-first fusion-column-last\" style=\"--awb-padding-right:10%;--awb-padding-left:10%;--awb-bg-size:cover;\"><div class=\"fusion-column-wrapper fusion-flex-column-wrapper-legacy\"><div class=\"fusion-title title fusion-title-4 fusion-sep-none fusion-title-center fusion-title-text fusion-title-size-two\" style=\"--awb-margin-top-small:0px;--awb-margin-right-small:0px;--awb-margin-bottom-small:20px;--awb-margin-left-small:0px;\"><h2 class=\"fusion-title-heading title-heading-center\" style=\"margin:0;\">FAQ<\/h2><\/div><div class=\"accordian fusion-accordian\" style=\"--awb-border-size:1px;--awb-icon-size:13px;--awb-content-font-size:16px;--awb-icon-alignment:left;--awb-hover-color:#f9f9f9;--awb-border-color:#cccccc;--awb-background-color:#ffffff;--awb-divider-color:#e0dede;--awb-divider-hover-color:#e0dede;--awb-icon-color:#ffffff;--awb-title-color:#00b140;--awb-content-color:#444444;--awb-icon-box-color:#333333;--awb-toggle-hover-accent-color:#00b140;--awb-title-font-family:&quot;Futura&quot;;--awb-title-font-weight:400;--awb-title-font-style:normal;--awb-title-font-size:24px;--awb-content-font-family:&quot;PT Sans&quot;;--awb-content-font-style:normal;--awb-content-font-weight:400;\"><div class=\"panel-group fusion-toggle-icon-boxed\" id=\"accordion-21758-1\"><div class=\"fusion-panel panel-default panel-70095bbc6c25069ed fusion-toggle-has-divider\"><div class=\"panel-heading\"><h4 class=\"panel-title toggle\" id=\"toggle_70095bbc6c25069ed\"><a aria-expanded=\"false\" aria-controls=\"70095bbc6c25069ed\" role=\"button\" data-toggle=\"collapse\" data-target=\"#70095bbc6c25069ed\" href=\"#70095bbc6c25069ed\"><span class=\"fusion-toggle-icon-wrapper\" aria-hidden=\"true\"><i class=\"fa-fusion-box active-icon awb-icon-minus\" aria-hidden=\"true\"><\/i><i class=\"fa-fusion-box inactive-icon awb-icon-plus\" aria-hidden=\"true\"><\/i><\/span><span class=\"fusion-toggle-heading\">Do I need to be a designer or architect to attend a workshop?<\/span><\/a><\/h4><\/div><div id=\"70095bbc6c25069ed\" class=\"panel-collapse collapse \" aria-labelledby=\"toggle_70095bbc6c25069ed\"><div class=\"panel-body toggle-content fusion-clearfix\">\n<p>No, in Boisbuchet we believe in collaboration, which is why everyone is invited to participate in the workshops. Because diversity is an essential part of our philosophy, we don\u2019t select participants: No diplomas or qualifications required, except for speaking English.<\/p>\n<\/div><\/div><\/div><div class=\"fusion-panel panel-default panel-ce3c21a6de6e0a9ac fusion-toggle-has-divider\"><div class=\"panel-heading\"><h4 class=\"panel-title toggle\" id=\"toggle_ce3c21a6de6e0a9ac\"><a aria-expanded=\"false\" aria-controls=\"ce3c21a6de6e0a9ac\" role=\"button\" data-toggle=\"collapse\" data-target=\"#ce3c21a6de6e0a9ac\" href=\"#ce3c21a6de6e0a9ac\"><span class=\"fusion-toggle-icon-wrapper\" aria-hidden=\"true\"><i class=\"fa-fusion-box active-icon awb-icon-minus\" aria-hidden=\"true\"><\/i><i class=\"fa-fusion-box inactive-icon awb-icon-plus\" aria-hidden=\"true\"><\/i><\/span><span class=\"fusion-toggle-heading\">How can I get to Boisbuchet?<\/span><\/a><\/h4><\/div><div id=\"ce3c21a6de6e0a9ac\" class=\"panel-collapse collapse \" aria-labelledby=\"toggle_ce3c21a6de6e0a9ac\"><div class=\"panel-body toggle-content fusion-clearfix\">\n<p>We organize a shuttle bus every Sunday at 5pm, from the Poitiers train station to Boisbuchet. Our staff will be at the train station to escort you to the bus. The shuttle leaves back on Saturday morning around 10am and drops you off at the Poitiers train station no later than 1pm. If you are driving your own car, the address is: Domaine de Boisbuchet, 16500 Lessac. Signs will guide you to the Domaine as soon as you arrive in Lessac.<\/p>\n<\/div><\/div><\/div><div class=\"fusion-panel panel-default panel-f8628cd8700aeb227 fusion-toggle-has-divider\"><div class=\"panel-heading\"><h4 class=\"panel-title toggle\" id=\"toggle_f8628cd8700aeb227\"><a aria-expanded=\"false\" aria-controls=\"f8628cd8700aeb227\" role=\"button\" data-toggle=\"collapse\" data-target=\"#f8628cd8700aeb227\" href=\"#f8628cd8700aeb227\"><span class=\"fusion-toggle-icon-wrapper\" aria-hidden=\"true\"><i class=\"fa-fusion-box active-icon awb-icon-minus\" aria-hidden=\"true\"><\/i><i class=\"fa-fusion-box inactive-icon awb-icon-plus\" aria-hidden=\"true\"><\/i><\/span><span class=\"fusion-toggle-heading\">What kind of clothes should I bring?<\/span><\/a><\/h4><\/div><div id=\"f8628cd8700aeb227\" class=\"panel-collapse collapse \" aria-labelledby=\"toggle_f8628cd8700aeb227\"><div class=\"panel-body toggle-content fusion-clearfix\">\n<p>Summers are generally hot in Boisbuchet, but at night the temperature goes down quickly. And occasionally, there are rainy days. In any case, you should bring comfortable working clothes for your workshop. Don\u2019t forget that we do not provide towels.<\/p>\n<\/div><\/div><\/div><div class=\"fusion-panel panel-default panel-703786864e784d6ef fusion-toggle-has-divider\"><div class=\"panel-heading\"><h4 class=\"panel-title toggle\" id=\"toggle_703786864e784d6ef\"><a aria-expanded=\"false\" aria-controls=\"703786864e784d6ef\" role=\"button\" data-toggle=\"collapse\" data-target=\"#703786864e784d6ef\" href=\"#703786864e784d6ef\"><span class=\"fusion-toggle-icon-wrapper\" aria-hidden=\"true\"><i class=\"fa-fusion-box active-icon awb-icon-minus\" aria-hidden=\"true\"><\/i><i class=\"fa-fusion-box inactive-icon awb-icon-plus\" aria-hidden=\"true\"><\/i><\/span><span class=\"fusion-toggle-heading\">Where are the closest stores?<\/span><\/a><\/h4><\/div><div id=\"703786864e784d6ef\" class=\"panel-collapse collapse \" aria-labelledby=\"toggle_703786864e784d6ef\"><div class=\"panel-body toggle-content fusion-clearfix\">\n<p>Boisbuchet has it\u2019s own little shop at\u00a0<a href=\"https:\/\/www.boisbuchet.org\/visit-the-domaine\/cafe-boutique\/\">the Mill<\/a>, with snacks and souvenirs. There is a kiosk and a post office in Lessac (3km away), and the closest pharmacy is in Confolens (10km away).<\/p>\n<\/div><\/div><\/div><div class=\"fusion-panel panel-default panel-0c871f4cdacbf033a fusion-toggle-has-divider\"><div class=\"panel-heading\"><h4 class=\"panel-title toggle\" id=\"toggle_0c871f4cdacbf033a\"><a aria-expanded=\"false\" aria-controls=\"0c871f4cdacbf033a\" role=\"button\" data-toggle=\"collapse\" data-target=\"#0c871f4cdacbf033a\" href=\"#0c871f4cdacbf033a\"><span class=\"fusion-toggle-icon-wrapper\" aria-hidden=\"true\"><i class=\"fa-fusion-box active-icon awb-icon-minus\" aria-hidden=\"true\"><\/i><i class=\"fa-fusion-box inactive-icon awb-icon-plus\" aria-hidden=\"true\"><\/i><\/span><span class=\"fusion-toggle-heading\">Do I need to bring a health insurance?<\/span><\/a><\/h4><\/div><div id=\"0c871f4cdacbf033a\" class=\"panel-collapse collapse \" aria-labelledby=\"toggle_0c871f4cdacbf033a\"><div class=\"panel-body toggle-content fusion-clearfix\">\n<p>Yes. If you are a EU citizen, you just have to bring your European Health Insurance Card, which is provided for free by your national health service. If you are coming from outside the EU, you should purchase a health insurance policy covering the duration of your trip to France.<\/p>\n<\/div><\/div><\/div><div class=\"fusion-panel panel-default panel-bb1b91fbf4660de63 fusion-toggle-has-divider\"><div class=\"panel-heading\"><h4 class=\"panel-title toggle\" id=\"toggle_bb1b91fbf4660de63\"><a aria-expanded=\"false\" aria-controls=\"bb1b91fbf4660de63\" role=\"button\" data-toggle=\"collapse\" data-target=\"#bb1b91fbf4660de63\" href=\"#bb1b91fbf4660de63\"><span class=\"fusion-toggle-icon-wrapper\" aria-hidden=\"true\"><i class=\"fa-fusion-box active-icon awb-icon-minus\" aria-hidden=\"true\"><\/i><i class=\"fa-fusion-box inactive-icon awb-icon-plus\" aria-hidden=\"true\"><\/i><\/span><span class=\"fusion-toggle-heading\">Are there any means of transportation?<\/span><\/a><\/h4><\/div><div id=\"bb1b91fbf4660de63\" class=\"panel-collapse collapse \" aria-labelledby=\"toggle_bb1b91fbf4660de63\"><div class=\"panel-body toggle-content fusion-clearfix\">\n<p>There is no public transportation between Boisbuchet and other surrounding towns. If you need, you can always book a taxi\u00a0<a href=\"http:\/\/www.polytours.fr\/\">here<\/a>. Or rent a bike.<\/p>\n<\/div><\/div><\/div><div class=\"fusion-panel panel-default panel-9a0059d3457413799 fusion-toggle-has-divider\"><div class=\"panel-heading\"><h4 class=\"panel-title toggle\" id=\"toggle_9a0059d3457413799\"><a aria-expanded=\"false\" aria-controls=\"9a0059d3457413799\" role=\"button\" data-toggle=\"collapse\" data-target=\"#9a0059d3457413799\" href=\"#9a0059d3457413799\"><span class=\"fusion-toggle-icon-wrapper\" aria-hidden=\"true\"><i class=\"fa-fusion-box active-icon awb-icon-minus\" aria-hidden=\"true\"><\/i><i class=\"fa-fusion-box inactive-icon awb-icon-plus\" aria-hidden=\"true\"><\/i><\/span><span class=\"fusion-toggle-heading\">Can you cater for vegan or any other special diets or regimes?<\/span><\/a><\/h4><\/div><div id=\"9a0059d3457413799\" class=\"panel-collapse collapse \" aria-labelledby=\"toggle_9a0059d3457413799\"><div class=\"panel-body toggle-content fusion-clearfix\">Absolutely. Fill in the required information during the online booking, and we will make sure to take it into account upon your arrival. If you have any specific question, you can always email us at <a href=\"mailto:info@boisbuchet.org\" target=\"_blank\" rel=\"noopener noreferrer\">info@boisbuchet.org<\/a>.<\/div><\/div><\/div><div class=\"fusion-panel panel-default panel-f202eac35ac3e1454 fusion-toggle-has-divider\"><div class=\"panel-heading\"><h4 class=\"panel-title toggle\" id=\"toggle_f202eac35ac3e1454\"><a aria-expanded=\"false\" aria-controls=\"f202eac35ac3e1454\" role=\"button\" data-toggle=\"collapse\" data-target=\"#f202eac35ac3e1454\" href=\"#f202eac35ac3e1454\"><span class=\"fusion-toggle-icon-wrapper\" aria-hidden=\"true\"><i class=\"fa-fusion-box active-icon awb-icon-minus\" aria-hidden=\"true\"><\/i><i class=\"fa-fusion-box inactive-icon awb-icon-plus\" aria-hidden=\"true\"><\/i><\/span><span class=\"fusion-toggle-heading\">Is there Wi-Fi at Boisbuchet?<\/span><\/a><\/h4><\/div><div id=\"f202eac35ac3e1454\" class=\"panel-collapse collapse \" aria-labelledby=\"toggle_f202eac35ac3e1454\"><div class=\"panel-body toggle-content fusion-clearfix\">\n<p>Yes, there is a public network that covers most public areas.<\/p>\n<\/div><\/div><\/div><\/div><\/div><div class=\"fusion-clearfix\"><\/div><\/div><\/div><div class=\"fusion-layout-column fusion_builder_column fusion-builder-column-11 fusion_builder_column_1_1 1_1 fusion-one-full fusion-column-first fusion-column-last\" style=\"--awb-bg-size:cover;\"><div class=\"fusion-column-wrapper fusion-flex-column-wrapper-legacy\"><div class=\"fusion-sep-clear\"><\/div><div class=\"fusion-separator fusion-full-width-sep\" style=\"margin-left: auto;margin-right: auto;width:100%;\"><div class=\"fusion-separator-border sep-single sep-solid\" style=\"--awb-height:20px;--awb-amount:20px;border-color:#e0dede;border-top-width:1px;\"><\/div><\/div><div class=\"fusion-sep-clear\"><\/div><div class=\"fusion-clearfix\"><\/div><\/div><\/div><\/div><\/div>\n<div class=\"fusion-fullwidth fullwidth-box fusion-builder-row-7 nonhundred-percent-fullwidth non-hundred-percent-height-scrolling fusion-equal-height-columns\" style=\"--awb-border-radius-top-left:0px;--awb-border-radius-top-right:0px;--awb-border-radius-bottom-right:0px;--awb-border-radius-bottom-left:0px;--awb-margin-top:20px;--awb-margin-bottom:20px;--awb-flex-wrap:wrap;\" ><div class=\"fusion-builder-row fusion-row\"><div class=\"fusion-layout-column fusion_builder_column fusion-builder-column-12 fusion_builder_column_1_2 1_2 fusion-one-half fusion-column-first\" style=\"--awb-bg-size:cover;width:50%;width:calc(50% - ( ( 4% ) * 0.5 ) );margin-right: 4%;\"><div class=\"fusion-column-wrapper fusion-flex-column-wrapper-legacy\"><div class=\"fusion-column-content-centered\"><div class=\"fusion-column-content\"><div class=\"fusion-testimonials clean awb-speech-bubble-show fusion-testimonials-1\" style=\"--awb-textcolor:#747474;--awb-backgroundcolor:#ffffff;--awb-testimonial-border-style:solid;--awb-testimonial-border-color:var(--awb-color3);--awb-border-top-left-radius:0px;--awb-border-top-right-radius:0px;--awb-border-bottom-left-radius:0px;--awb-border-bottom-right-radius:0px;--testimonial-border-width-top:0px;--testimonial-border-width-right:0px;--testimonial-border-width-bottom:0px;--testimonial-border-width-left:0px;\" data-random=\"0\" data-speed=\"4000\"><div class=\"reviews\"><div class=\"review active-testimonial avatar-above avatar-image\"><div class=\"testimonial-thumbnail\"><img decoding=\"async\" class=\"testimonial-image\" src=\"https:\/\/www.boisbuchet.org\/wp-content\/uploads\/2019\/02\/Testimonial-Renato-Hofer.png\" width=\"173\" height=\"172\" alt=\"T\u00e9moignage - Renato Hofer\" \/><\/div><blockquote class=\"testimonials-shortcode-blockquote\"><div class=\"awb-quote\"><div class=\"awb-quote-content\">\n<p>Boisbuchet is a kind of utopian community, where knowledge and relationships wonder together among these surprising buildings.<\/p>\n<\/div><\/div><\/blockquote><div class=\"author\"><span class=\"company-name\"><strong>Renato Hofer<\/strong>, <span>Creative Director from S\u00e3o Paulo<\/span><\/span><\/div><\/div><\/div><\/div><div class=\"fusion-sep-clear\"><\/div><div class=\"fusion-separator fusion-full-width-sep\" style=\"margin-left: auto;margin-right: auto;width:100%;\"><div class=\"fusion-separator-border sep-single sep-solid\" style=\"--awb-height:20px;--awb-amount:20px;border-color:#e0dede;border-top-width:1px;\"><\/div><\/div><div class=\"fusion-sep-clear\"><\/div><\/div><\/div><div class=\"fusion-clearfix\"><\/div><\/div><\/div><div class=\"fusion-layout-column fusion_builder_column fusion-builder-column-13 fusion_builder_column_1_2 1_2 fusion-one-half fusion-column-last\" style=\"--awb-bg-size:cover;width:50%;width:calc(50% - ( ( 4% ) * 0.5 ) );\"><div class=\"fusion-column-wrapper fusion-flex-column-wrapper-legacy\"><div class=\"fusion-column-content-centered\"><div class=\"fusion-column-content\"><div class=\"fusion-testimonials clean awb-speech-bubble-show fusion-testimonials-2\" style=\"--awb-textcolor:#747474;--awb-backgroundcolor:#ffffff;--awb-testimonial-border-style:solid;--awb-testimonial-border-color:var(--awb-color3);--awb-border-top-left-radius:0px;--awb-border-top-right-radius:0px;--awb-border-bottom-left-radius:0px;--awb-border-bottom-right-radius:0px;--testimonial-border-width-top:0px;--testimonial-border-width-right:0px;--testimonial-border-width-bottom:0px;--testimonial-border-width-left:0px;\" data-random=\"0\" data-speed=\"4000\"><div class=\"reviews\"><div class=\"review active-testimonial avatar-above avatar-image\"><div class=\"testimonial-thumbnail\"><img decoding=\"async\" class=\"testimonial-image\" src=\"https:\/\/www.boisbuchet.org\/wp-content\/uploads\/2019\/02\/Testimonial-Pavlina-Malinova.png\" width=\"173\" height=\"172\" alt=\"T\u00e9moignage - Pavlina Malinova\" \/><\/div><blockquote class=\"testimonials-shortcode-blockquote\"><div class=\"awb-quote\"><div class=\"awb-quote-content\">\n<p>For me, it was an unexpected experience, full of extraordinary people, a peaceful environment and so many warm smiles.<\/p>\n<\/div><\/div><\/blockquote><div class=\"author\"><span class=\"company-name\"><strong>Pavlina Malinova<\/strong>, <span>Architect from Milan<\/span><\/span><\/div><\/div><\/div><\/div><div class=\"fusion-sep-clear\"><\/div><div class=\"fusion-separator fusion-full-width-sep\" style=\"margin-left: auto;margin-right: auto;width:100%;\"><div class=\"fusion-separator-border sep-single sep-solid\" style=\"--awb-height:20px;--awb-amount:20px;border-color:#e0dede;border-top-width:1px;\"><\/div><\/div><div class=\"fusion-sep-clear\"><\/div><\/div><\/div><div class=\"fusion-clearfix\"><\/div><\/div><\/div><div class=\"fusion-layout-column fusion_builder_column fusion-builder-column-14 fusion_builder_column_1_2 1_2 fusion-one-half fusion-column-first\" style=\"--awb-bg-size:cover;width:50%;width:calc(50% - ( ( 4% ) * 0.5 ) );margin-right: 4%;\"><div class=\"fusion-column-wrapper fusion-flex-column-wrapper-legacy\"><div class=\"fusion-column-content-centered\"><div class=\"fusion-column-content\"><div class=\"fusion-testimonials clean awb-speech-bubble-show fusion-testimonials-3\" style=\"--awb-textcolor:#747474;--awb-backgroundcolor:#ffffff;--awb-testimonial-border-style:solid;--awb-testimonial-border-color:var(--awb-color3);--awb-border-top-left-radius:0px;--awb-border-top-right-radius:0px;--awb-border-bottom-left-radius:0px;--awb-border-bottom-right-radius:0px;--testimonial-border-width-top:0px;--testimonial-border-width-right:0px;--testimonial-border-width-bottom:0px;--testimonial-border-width-left:0px;\" data-random=\"0\" data-speed=\"4000\"><div class=\"reviews\"><div class=\"review active-testimonial avatar-above avatar-image\"><div class=\"testimonial-thumbnail\"><img decoding=\"async\" class=\"testimonial-image\" src=\"https:\/\/www.boisbuchet.org\/wp-content\/uploads\/2019\/02\/Testimonial-Kristina-Sipulova.png\" width=\"173\" height=\"172\" alt=\"T\u00e9moignage - Krist\u00edna \u0160ipulov\u00e1\" \/><\/div><blockquote class=\"testimonials-shortcode-blockquote\"><div class=\"awb-quote\"><div class=\"awb-quote-content\">\n<p>It is a place to make, think, and also to stop thinking.<\/p>\n<\/div><\/div><\/blockquote><div class=\"author\"><span class=\"company-name\"><strong>Krist\u00edna \u0160ipulov\u00e1<\/strong>, <span>Academy of Fine Arts &amp; Design in Oslo<\/span><\/span><\/div><\/div><\/div><\/div><div class=\"fusion-sep-clear\"><\/div><div class=\"fusion-separator fusion-full-width-sep\" style=\"margin-left: auto;margin-right: auto;width:100%;\"><div class=\"fusion-separator-border sep-single sep-solid\" style=\"--awb-height:20px;--awb-amount:20px;border-color:#e0dede;border-top-width:1px;\"><\/div><\/div><div class=\"fusion-sep-clear\"><\/div><\/div><\/div><div class=\"fusion-clearfix\"><\/div><\/div><\/div><div class=\"fusion-layout-column fusion_builder_column fusion-builder-column-15 fusion_builder_column_1_2 1_2 fusion-one-half fusion-column-last\" style=\"--awb-bg-size:cover;width:50%;width:calc(50% - ( ( 4% ) * 0.5 ) );\"><div class=\"fusion-column-wrapper fusion-flex-column-wrapper-legacy\"><div class=\"fusion-column-content-centered\"><div class=\"fusion-column-content\"><div class=\"fusion-testimonials clean awb-speech-bubble-show fusion-testimonials-4\" style=\"--awb-textcolor:#747474;--awb-backgroundcolor:#ffffff;--awb-testimonial-border-style:solid;--awb-testimonial-border-color:var(--awb-color3);--awb-border-top-left-radius:0px;--awb-border-top-right-radius:0px;--awb-border-bottom-left-radius:0px;--awb-border-bottom-right-radius:0px;--testimonial-border-width-top:0px;--testimonial-border-width-right:0px;--testimonial-border-width-bottom:0px;--testimonial-border-width-left:0px;\" data-random=\"0\" data-speed=\"4000\"><div class=\"reviews\"><div class=\"review active-testimonial avatar-above avatar-image\"><div class=\"testimonial-thumbnail\"><img decoding=\"async\" class=\"testimonial-image\" src=\"https:\/\/www.boisbuchet.org\/wp-content\/uploads\/2019\/02\/Testimonial-Carlo-del-Mazo.png\" width=\"173\" height=\"172\" alt=\"T\u00e9moignage - Carlo del Mazo\" \/><\/div><blockquote class=\"testimonials-shortcode-blockquote\"><div class=\"awb-quote\"><div class=\"awb-quote-content\">\n<p>I felt at home because everyone treated me like family.<\/p>\n<\/div><\/div><\/blockquote><div class=\"author\"><span class=\"company-name\"><strong>Carlo del Mazo<\/strong>, <span>Student at the Art Academy of Latvia in Riga<\/span><\/span><\/div><\/div><\/div><\/div><div class=\"fusion-sep-clear\"><\/div><div class=\"fusion-separator fusion-full-width-sep\" style=\"margin-left: auto;margin-right: auto;width:100%;\"><div class=\"fusion-separator-border sep-single sep-solid\" style=\"--awb-height:20px;--awb-amount:20px;border-color:#e0dede;border-top-width:1px;\"><\/div><\/div><div class=\"fusion-sep-clear\"><\/div><\/div><\/div><div class=\"fusion-clearfix\"><\/div><\/div><\/div><\/div><\/div>\n<div class=\"fusion-fullwidth fullwidth-box fusion-builder-row-8 nonhundred-percent-fullwidth non-hundred-percent-height-scrolling\" style=\"--awb-border-radius-top-left:0px;--awb-border-radius-top-right:0px;--awb-border-radius-bottom-right:0px;--awb-border-radius-bottom-left:0px;--awb-flex-wrap:wrap;\" ><div class=\"fusion-builder-row fusion-row\"><div class=\"fusion-layout-column fusion_builder_column fusion-builder-column-16 fusion_builder_column_1_1 1_1 fusion-one-full fusion-column-first fusion-column-last\" style=\"--awb-bg-size:cover;\"><div class=\"fusion-column-wrapper fusion-flex-column-wrapper-legacy\"><div class=\"fusion-text fusion-text-4\" style=\"--awb-text-transform:none;\"><p style=\"text-align: center;\">PARTNERS 2026<\/p>\n<\/div><div class=\"fusion-image-carousel fusion-image-carousel-auto fusion-image-carousel-1\"><div class=\"awb-carousel awb-swiper awb-swiper-carousel awb-carousel--carousel awb-swiper-dots-position-bottom\" data-layout=\"carousel\" data-autoplay=\"yes\" data-autoplayspeed=\"2500\" data-autoplaypause=\"no\" data-columns=\"5\" data-columnsmedium=\"1\" data-columnssmall=\"1\" data-itemmargin=\"73\" data-itemwidth=\"180\" data-touchscroll=\"no\" data-freemode=\"no\" data-imagesize=\"auto\" data-scrollitems=\"0\" data-centeredslides=\"no\" data-rotationangle=\"50\" data-depth=\"100\" data-speed=\"500\" data-shadow=\"no\" data-pagination=\"bullets\" style=\"--awb-column-spacing:73px;--awb-dots-align:center;\"><div class=\"swiper-wrapper awb-image-carousel-wrapper fusion-flex-align-items-center\"><div class=\"swiper-slide\"><div class=\"fusion-carousel-item-wrapper\"><div class=\"fusion-image-wrapper hover-type-none\"><a href=\"https:\/\/www.fad.cat\/adi-fad\/en\" target=\"_self\"><img decoding=\"async\" width=\"211\" height=\"108\" src=\"https:\/\/www.boisbuchet.org\/wp-content\/uploads\/2023\/04\/Logo-ADI-FAD.jpg\" class=\"attachment-full size-full\" alt=\"\" srcset=\"https:\/\/www.boisbuchet.org\/wp-content\/uploads\/2023\/04\/Logo-ADI-FAD-200x102.jpg 200w, https:\/\/www.boisbuchet.org\/wp-content\/uploads\/2023\/04\/Logo-ADI-FAD.jpg 211w\" sizes=\"(max-width: 211px) 100vw, 211px\" \/><\/a><\/div><\/div><\/div><\/div><div class=\"awb-swiper-button awb-swiper-button-prev\"><i class=\"awb-icon-angle-left\" aria-hidden=\"true\"><\/i><\/div><div class=\"awb-swiper-button awb-swiper-button-next\"><i class=\"awb-icon-angle-right\" aria-hidden=\"true\"><\/i><\/div><\/div><\/div><div class=\"fusion-clearfix\"><\/div><\/div><\/div><\/div><\/div>\n\n","protected":false},"excerpt":{"rendered":"","protected":false},"author":707,"featured_media":21773,"parent":1767,"menu_order":2023,"comment_status":"closed","ping_status":"closed","template":"","meta":{"_monsterinsights_skip_tracking":false,"_monsterinsights_sitenote_active":false,"_monsterinsights_sitenote_note":"","_monsterinsights_sitenote_category":0,"footnotes":""},"class_list":["post-21758","page","type-page","status-publish","has-post-thumbnail","hentry"],"yoast_head":"<!-- This site is optimized with the Yoast SEO plugin v27.1.1 - https:\/\/yoast.com\/product\/yoast-seo-wordpress\/ -->\n<title>Saison 2025 - Sph\u00e8res Priv\u00e9es \/ Publiques | Domaine de Boisbuchet<\/title>\n<meta name=\"robots\" content=\"index, follow, max-snippet:-1, max-image-preview:large, max-video-preview:-1\" \/>\n<link rel=\"canonical\" href=\"https:\/\/www.boisbuchet.org\/workshops\/2025-season-private-public-spheres\/\" \/>\n<meta property=\"og:locale\" content=\"fr_FR\" \/>\n<meta property=\"og:type\" content=\"article\" \/>\n<meta property=\"og:title\" content=\"Saison 2025 - Sph\u00e8res Priv\u00e9es \/ Publiques | Domaine de Boisbuchet\" \/>\n<meta property=\"og:url\" content=\"https:\/\/www.boisbuchet.org\/workshops\/2025-season-private-public-spheres\/\" \/>\n<meta property=\"og:site_name\" content=\"Domaine de Boisbuchet\" \/>\n<meta property=\"article:publisher\" content=\"https:\/\/www.facebook.com\/boisbuchet\" \/>\n<meta property=\"article:modified_time\" content=\"2026-01-21T07:12:23+00:00\" \/>\n<meta property=\"og:image\" content=\"https:\/\/www.boisbuchet.org\/wp-content\/uploads\/2025\/02\/2025-B-Thumbnail-Workshops-Boisbuchet.jpg\" \/>\n\t<meta property=\"og:image:width\" content=\"600\" \/>\n\t<meta property=\"og:image:height\" content=\"400\" \/>\n\t<meta property=\"og:image:type\" content=\"image\/jpeg\" \/>\n<meta name=\"twitter:card\" content=\"summary_large_image\" \/>\n<meta name=\"twitter:site\" content=\"@boisbuchet\" \/>\n<meta name=\"twitter:label1\" content=\"Dur\u00e9e de lecture estim\u00e9e\" \/>\n\t<meta name=\"twitter:data1\" content=\"12 minutes\" \/>\n<script type=\"application\/ld+json\" class=\"yoast-schema-graph\">{\"@context\":\"https:\/\/schema.org\",\"@graph\":[{\"@type\":\"WebPage\",\"@id\":\"https:\/\/www.boisbuchet.org\/workshops\/2025-season-private-public-spheres\/\",\"url\":\"https:\/\/www.boisbuchet.org\/workshops\/2025-season-private-public-spheres\/\",\"name\":\"Saison 2025 - Sph\u00e8res Priv\u00e9es \/ Publiques | Domaine de Boisbuchet\",\"isPartOf\":{\"@id\":\"https:\/\/www.boisbuchet.org\/#website\"},\"primaryImageOfPage\":{\"@id\":\"https:\/\/www.boisbuchet.org\/workshops\/2025-season-private-public-spheres\/#primaryimage\"},\"image\":{\"@id\":\"https:\/\/www.boisbuchet.org\/workshops\/2025-season-private-public-spheres\/#primaryimage\"},\"thumbnailUrl\":\"https:\/\/www.boisbuchet.org\/wp-content\/uploads\/2025\/02\/2025-B-Thumbnail-Workshops-Boisbuchet.jpg\",\"datePublished\":\"2025-02-20T20:28:02+00:00\",\"dateModified\":\"2026-01-21T07:12:23+00:00\",\"breadcrumb\":{\"@id\":\"https:\/\/www.boisbuchet.org\/workshops\/2025-season-private-public-spheres\/#breadcrumb\"},\"inLanguage\":\"fr-FR\",\"potentialAction\":[{\"@type\":\"ReadAction\",\"target\":[\"https:\/\/www.boisbuchet.org\/workshops\/2025-season-private-public-spheres\/\"]}]},{\"@type\":\"ImageObject\",\"inLanguage\":\"fr-FR\",\"@id\":\"https:\/\/www.boisbuchet.org\/workshops\/2025-season-private-public-spheres\/#primaryimage\",\"url\":\"https:\/\/www.boisbuchet.org\/wp-content\/uploads\/2025\/02\/2025-B-Thumbnail-Workshops-Boisbuchet.jpg\",\"contentUrl\":\"https:\/\/www.boisbuchet.org\/wp-content\/uploads\/2025\/02\/2025-B-Thumbnail-Workshops-Boisbuchet.jpg\",\"width\":600,\"height\":400},{\"@type\":\"BreadcrumbList\",\"@id\":\"https:\/\/www.boisbuchet.org\/workshops\/2025-season-private-public-spheres\/#breadcrumb\",\"itemListElement\":[{\"@type\":\"ListItem\",\"position\":1,\"name\":\"Home\",\"item\":\"https:\/\/www.boisbuchet.org\/fr\/\"},{\"@type\":\"ListItem\",\"position\":2,\"name\":\"Ateliers\",\"item\":\"https:\/\/www.boisbuchet.org\/workshops\/\"},{\"@type\":\"ListItem\",\"position\":3,\"name\":\"Saison 2025 &#8211; Sph\u00e8res Priv\u00e9es \/ Publiques\"}]},{\"@type\":\"WebSite\",\"@id\":\"https:\/\/www.boisbuchet.org\/#website\",\"url\":\"https:\/\/www.boisbuchet.org\/\",\"name\":\"Domaine de Boisbuchet\",\"description\":\"Summer Workshops | Park | Event\u00a0Location\",\"publisher\":{\"@id\":\"https:\/\/www.boisbuchet.org\/#organization\"},\"potentialAction\":[{\"@type\":\"SearchAction\",\"target\":{\"@type\":\"EntryPoint\",\"urlTemplate\":\"https:\/\/www.boisbuchet.org\/?s={search_term_string}\"},\"query-input\":{\"@type\":\"PropertyValueSpecification\",\"valueRequired\":true,\"valueName\":\"search_term_string\"}}],\"inLanguage\":\"fr-FR\"},{\"@type\":\"Organization\",\"@id\":\"https:\/\/www.boisbuchet.org\/#organization\",\"name\":\"Domine de Boisbuchet\",\"url\":\"https:\/\/www.boisbuchet.org\/\",\"logo\":{\"@type\":\"ImageObject\",\"inLanguage\":\"fr-FR\",\"@id\":\"https:\/\/www.boisbuchet.org\/#\/schema\/logo\/image\/\",\"url\":\"https:\/\/www.boisbuchet.org\/wp-content\/uploads\/2019\/01\/logo_boisbuchet_black.png\",\"contentUrl\":\"https:\/\/www.boisbuchet.org\/wp-content\/uploads\/2019\/01\/logo_boisbuchet_black.png\",\"width\":200,\"height\":73,\"caption\":\"Domine de Boisbuchet\"},\"image\":{\"@id\":\"https:\/\/www.boisbuchet.org\/#\/schema\/logo\/image\/\"},\"sameAs\":[\"https:\/\/www.facebook.com\/boisbuchet\",\"https:\/\/x.com\/boisbuchet\",\"https:\/\/www.instagram.com\/boisbuchet\",\"https:\/\/www.linkedin.com\/company\/domaine-de-boisbuchet\",\"https:\/\/www.pinterest.com\/boisbuchet\"]}]}<\/script>\n<!-- \/ Yoast SEO plugin. -->","yoast_head_json":{"title":"Saison 2025 - Sph\u00e8res Priv\u00e9es \/ Publiques | Domaine de Boisbuchet","robots":{"index":"index","follow":"follow","max-snippet":"max-snippet:-1","max-image-preview":"max-image-preview:large","max-video-preview":"max-video-preview:-1"},"canonical":"https:\/\/www.boisbuchet.org\/workshops\/2025-season-private-public-spheres\/","og_locale":"fr_FR","og_type":"article","og_title":"Saison 2025 - Sph\u00e8res Priv\u00e9es \/ Publiques | Domaine de Boisbuchet","og_url":"https:\/\/www.boisbuchet.org\/workshops\/2025-season-private-public-spheres\/","og_site_name":"Domaine de Boisbuchet","article_publisher":"https:\/\/www.facebook.com\/boisbuchet","article_modified_time":"2026-01-21T07:12:23+00:00","og_image":[{"width":600,"height":400,"url":"https:\/\/www.boisbuchet.org\/wp-content\/uploads\/2025\/02\/2025-B-Thumbnail-Workshops-Boisbuchet.jpg","type":"image\/jpeg"}],"twitter_card":"summary_large_image","twitter_site":"@boisbuchet","twitter_misc":{"Dur\u00e9e de lecture estim\u00e9e":"12 minutes"},"schema":{"@context":"https:\/\/schema.org","@graph":[{"@type":"WebPage","@id":"https:\/\/www.boisbuchet.org\/workshops\/2025-season-private-public-spheres\/","url":"https:\/\/www.boisbuchet.org\/workshops\/2025-season-private-public-spheres\/","name":"Saison 2025 - Sph\u00e8res Priv\u00e9es \/ Publiques | Domaine de Boisbuchet","isPartOf":{"@id":"https:\/\/www.boisbuchet.org\/#website"},"primaryImageOfPage":{"@id":"https:\/\/www.boisbuchet.org\/workshops\/2025-season-private-public-spheres\/#primaryimage"},"image":{"@id":"https:\/\/www.boisbuchet.org\/workshops\/2025-season-private-public-spheres\/#primaryimage"},"thumbnailUrl":"https:\/\/www.boisbuchet.org\/wp-content\/uploads\/2025\/02\/2025-B-Thumbnail-Workshops-Boisbuchet.jpg","datePublished":"2025-02-20T20:28:02+00:00","dateModified":"2026-01-21T07:12:23+00:00","breadcrumb":{"@id":"https:\/\/www.boisbuchet.org\/workshops\/2025-season-private-public-spheres\/#breadcrumb"},"inLanguage":"fr-FR","potentialAction":[{"@type":"ReadAction","target":["https:\/\/www.boisbuchet.org\/workshops\/2025-season-private-public-spheres\/"]}]},{"@type":"ImageObject","inLanguage":"fr-FR","@id":"https:\/\/www.boisbuchet.org\/workshops\/2025-season-private-public-spheres\/#primaryimage","url":"https:\/\/www.boisbuchet.org\/wp-content\/uploads\/2025\/02\/2025-B-Thumbnail-Workshops-Boisbuchet.jpg","contentUrl":"https:\/\/www.boisbuchet.org\/wp-content\/uploads\/2025\/02\/2025-B-Thumbnail-Workshops-Boisbuchet.jpg","width":600,"height":400},{"@type":"BreadcrumbList","@id":"https:\/\/www.boisbuchet.org\/workshops\/2025-season-private-public-spheres\/#breadcrumb","itemListElement":[{"@type":"ListItem","position":1,"name":"Home","item":"https:\/\/www.boisbuchet.org\/fr\/"},{"@type":"ListItem","position":2,"name":"Ateliers","item":"https:\/\/www.boisbuchet.org\/workshops\/"},{"@type":"ListItem","position":3,"name":"Saison 2025 &#8211; Sph\u00e8res Priv\u00e9es \/ Publiques"}]},{"@type":"WebSite","@id":"https:\/\/www.boisbuchet.org\/#website","url":"https:\/\/www.boisbuchet.org\/","name":"Domaine de Boisbuchet","description":"Summer Workshops | Park | Event\u00a0Location","publisher":{"@id":"https:\/\/www.boisbuchet.org\/#organization"},"potentialAction":[{"@type":"SearchAction","target":{"@type":"EntryPoint","urlTemplate":"https:\/\/www.boisbuchet.org\/?s={search_term_string}"},"query-input":{"@type":"PropertyValueSpecification","valueRequired":true,"valueName":"search_term_string"}}],"inLanguage":"fr-FR"},{"@type":"Organization","@id":"https:\/\/www.boisbuchet.org\/#organization","name":"Domine de Boisbuchet","url":"https:\/\/www.boisbuchet.org\/","logo":{"@type":"ImageObject","inLanguage":"fr-FR","@id":"https:\/\/www.boisbuchet.org\/#\/schema\/logo\/image\/","url":"https:\/\/www.boisbuchet.org\/wp-content\/uploads\/2019\/01\/logo_boisbuchet_black.png","contentUrl":"https:\/\/www.boisbuchet.org\/wp-content\/uploads\/2019\/01\/logo_boisbuchet_black.png","width":200,"height":73,"caption":"Domine de Boisbuchet"},"image":{"@id":"https:\/\/www.boisbuchet.org\/#\/schema\/logo\/image\/"},"sameAs":["https:\/\/www.facebook.com\/boisbuchet","https:\/\/x.com\/boisbuchet","https:\/\/www.instagram.com\/boisbuchet","https:\/\/www.linkedin.com\/company\/domaine-de-boisbuchet","https:\/\/www.pinterest.com\/boisbuchet"]}]}},"_links":{"self":[{"href":"https:\/\/www.boisbuchet.org\/fr\/wp-json\/wp\/v2\/pages\/21758","targetHints":{"allow":["GET"]}}],"collection":[{"href":"https:\/\/www.boisbuchet.org\/fr\/wp-json\/wp\/v2\/pages"}],"about":[{"href":"https:\/\/www.boisbuchet.org\/fr\/wp-json\/wp\/v2\/types\/page"}],"author":[{"embeddable":true,"href":"https:\/\/www.boisbuchet.org\/fr\/wp-json\/wp\/v2\/users\/707"}],"replies":[{"embeddable":true,"href":"https:\/\/www.boisbuchet.org\/fr\/wp-json\/wp\/v2\/comments?post=21758"}],"version-history":[{"count":6,"href":"https:\/\/www.boisbuchet.org\/fr\/wp-json\/wp\/v2\/pages\/21758\/revisions"}],"predecessor-version":[{"id":23723,"href":"https:\/\/www.boisbuchet.org\/fr\/wp-json\/wp\/v2\/pages\/21758\/revisions\/23723"}],"up":[{"embeddable":true,"href":"https:\/\/www.boisbuchet.org\/fr\/wp-json\/wp\/v2\/pages\/1767"}],"wp:featuredmedia":[{"embeddable":true,"href":"https:\/\/www.boisbuchet.org\/fr\/wp-json\/wp\/v2\/media\/21773"}],"wp:attachment":[{"href":"https:\/\/www.boisbuchet.org\/fr\/wp-json\/wp\/v2\/media?parent=21758"}],"curies":[{"name":"wp","href":"https:\/\/api.w.org\/{rel}","templated":true}]}}