{"id":3437,"date":"2019-02-20T17:58:20","date_gmt":"2019-02-20T16:58:20","guid":{"rendered":"https:\/\/www.boisbuchet.org\/staging\/emballage-2030\/programme\/"},"modified":"2019-02-22T19:53:51","modified_gmt":"2019-02-22T18:53:51","slug":"programme","status":"publish","type":"page","link":"https:\/\/www.boisbuchet.org\/fr\/experiences\/emballage-2030\/programme\/","title":{"rendered":"Programme"},"content":{"rendered":"<div class=\"fusion-fullwidth fullwidth-box fusion-builder-row-1 nonhundred-percent-fullwidth non-hundred-percent-height-scrolling\" style=\"--awb-border-radius-top-left:0px;--awb-border-radius-top-right:0px;--awb-border-radius-bottom-right:0px;--awb-border-radius-bottom-left:0px;--awb-flex-wrap:wrap;\" ><div class=\"fusion-builder-row fusion-row\"><div class=\"fusion-layout-column fusion_builder_column fusion-builder-column-0 fusion_builder_column_1_1 1_1 fusion-one-full fusion-column-first fusion-column-last\" style=\"--awb-bg-size:cover;\"><div class=\"fusion-column-wrapper fusion-flex-column-wrapper-legacy\"><div class=\"fusion-title title fusion-title-1 fusion-sep-none fusion-title-center fusion-title-text fusion-title-size-three\" style=\"--awb-text-color:#999999;--awb-margin-top-small:0px;--awb-margin-right-small:0px;--awb-margin-bottom-small:20px;--awb-margin-left-small:0px;\"><h3 class=\"fusion-title-heading title-heading-center\" style=\"margin:0;\">EMBALLAGE 2030<\/h3><\/div><div class=\"fusion-title title fusion-title-2 fusion-title-center fusion-title-text fusion-title-size-one\" style=\"--awb-text-color:#333333;--awb-margin-top-small:0px;--awb-margin-right-small:0px;--awb-margin-bottom-small:20px;--awb-margin-left-small:0px;\"><div class=\"title-sep-container title-sep-container-left\"><div class=\"title-sep sep-single sep-solid\" style=\"border-color:#e0dede;\"><\/div><\/div><span class=\"awb-title-spacer\"><\/span><h1 class=\"fusion-title-heading title-heading-center\" style=\"margin:0;letter-spacing:5px;\">PROGRAMME<\/h1><span class=\"awb-title-spacer\"><\/span><div class=\"title-sep-container title-sep-container-right\"><div class=\"title-sep sep-single sep-solid\" style=\"border-color:#e0dede;\"><\/div><\/div><\/div><div class=\"fusion-clearfix\"><\/div><\/div><\/div><\/div><\/div><div class=\"fusion-fullwidth fullwidth-box fusion-builder-row-2 nonhundred-percent-fullwidth non-hundred-percent-height-scrolling\" style=\"--awb-border-radius-top-left:0px;--awb-border-radius-top-right:0px;--awb-border-radius-bottom-right:0px;--awb-border-radius-bottom-left:0px;--awb-flex-wrap:wrap;\" ><div class=\"fusion-builder-row fusion-row\"><div class=\"fusion-layout-column fusion_builder_column fusion-builder-column-1 fusion_builder_column_1_1 1_1 fusion-one-full fusion-column-first fusion-column-last\" style=\"--awb-bg-size:cover;\"><div class=\"fusion-column-wrapper fusion-flex-column-wrapper-legacy\"><div class=\"fusion-image-element in-legacy-container\" style=\"--awb-caption-title-font-family:var(--h2_typography-font-family);--awb-caption-title-font-weight:var(--h2_typography-font-weight);--awb-caption-title-font-style:var(--h2_typography-font-style);--awb-caption-title-size:var(--h2_typography-font-size);--awb-caption-title-transform:var(--h2_typography-text-transform);--awb-caption-title-line-height:var(--h2_typography-line-height);--awb-caption-title-letter-spacing:var(--h2_typography-letter-spacing);\"><span class=\" fusion-imageframe imageframe-none imageframe-1 hover-type-none\"><img decoding=\"async\" width=\"1920\" height=\"1080\" title=\"WSPro\" src=\"https:\/\/www.boisbuchet.org\/wp-content\/uploads\/2019\/02\/Foto2.jpg\" alt class=\"img-responsive wp-image-4646\" srcset=\"https:\/\/www.boisbuchet.org\/wp-content\/uploads\/2019\/02\/Foto2-200x113.jpg 200w, https:\/\/www.boisbuchet.org\/wp-content\/uploads\/2019\/02\/Foto2-400x225.jpg 400w, https:\/\/www.boisbuchet.org\/wp-content\/uploads\/2019\/02\/Foto2-600x338.jpg 600w, https:\/\/www.boisbuchet.org\/wp-content\/uploads\/2019\/02\/Foto2-800x450.jpg 800w, https:\/\/www.boisbuchet.org\/wp-content\/uploads\/2019\/02\/Foto2-1200x675.jpg 1200w, https:\/\/www.boisbuchet.org\/wp-content\/uploads\/2019\/02\/Foto2.jpg 1920w\" sizes=\"(max-width: 800px) 100vw, 1200px\" \/><\/span><\/div><div class=\"fusion-clearfix\"><\/div><\/div><\/div><\/div><\/div><div class=\"fusion-fullwidth fullwidth-box fusion-builder-row-3 nonhundred-percent-fullwidth non-hundred-percent-height-scrolling\" style=\"--awb-border-radius-top-left:0px;--awb-border-radius-top-right:0px;--awb-border-radius-bottom-right:0px;--awb-border-radius-bottom-left:0px;--awb-flex-wrap:wrap;\" ><div class=\"fusion-builder-row fusion-row\"><div class=\"fusion-layout-column fusion_builder_column fusion-builder-column-2 fusion_builder_column_1_1 1_1 fusion-one-full fusion-column-first fusion-column-last\" style=\"--awb-bg-size:cover;\"><div class=\"fusion-column-wrapper fusion-flex-column-wrapper-legacy\"><div class=\"fusion-title title fusion-title-3 fusion-sep-none fusion-title-center fusion-title-text fusion-title-size-one\" style=\"--awb-text-color:#333333;--awb-margin-top-small:0px;--awb-margin-right-small:0px;--awb-margin-bottom-small:20px;--awb-margin-left-small:0px;\"><h1 class=\"fusion-title-heading title-heading-center\" style=\"margin:0;letter-spacing:5px;\">1\u00c8RE SESSION : R\u00c9FLEXION ET INSPIRATION<\/h1><\/div><div class=\"fusion-clearfix\"><\/div><\/div><\/div><div class=\"fusion-layout-column fusion_builder_column fusion-builder-column-3 fusion_builder_column_1_1 1_1 fusion-one-full fusion-column-first fusion-column-last\" style=\"--awb-bg-size:cover;\"><div class=\"fusion-column-wrapper fusion-flex-column-wrapper-legacy\"><div class=\"accordian fusion-accordian\" style=\"--awb-border-size:1px;--awb-icon-size:26px;--awb-content-font-size:16px;--awb-icon-alignment:left;--awb-hover-color:#f9f9f9;--awb-border-color:#cccccc;--awb-background-color:#ffffff;--awb-divider-color:#e0dede;--awb-divider-hover-color:#e0dede;--awb-icon-color:#000000;--awb-title-color:#00b140;--awb-content-color:#444444;--awb-icon-box-color:#333333;--awb-toggle-hover-accent-color:#00b140;--awb-title-font-family:&quot;Futura&quot;;--awb-title-font-weight:400;--awb-title-font-style:normal;--awb-title-font-size:26px;--awb-content-font-family:&quot;PT Sans&quot;;--awb-content-font-style:normal;--awb-content-font-weight:400;\"><div class=\"panel-group fusion-toggle-icon-unboxed\" id=\"accordion-3437-1\"><div class=\"fusion-panel panel-default panel-fef5c275b133c8674 fusion-toggle-no-divider fusion-toggle-boxed-mode\"><div class=\"panel-heading\"><h4 class=\"panel-title toggle\" id=\"toggle_fef5c275b133c8674\"><a aria-expanded=\"false\" aria-controls=\"fef5c275b133c8674\" role=\"button\" data-toggle=\"collapse\" data-target=\"#fef5c275b133c8674\" href=\"#fef5c275b133c8674\"><span class=\"fusion-toggle-icon-wrapper\" aria-hidden=\"true\"><i class=\"fa-fusion-box active-icon awb-icon-minus\" aria-hidden=\"true\"><\/i><i class=\"fa-fusion-box inactive-icon awb-icon-plus\" aria-hidden=\"true\"><\/i><\/span><span class=\"fusion-toggle-heading\">Dimanche 5 mai - Bienvenue<\/span><\/a><\/h4><\/div><div id=\"fef5c275b133c8674\" class=\"panel-collapse collapse \" aria-labelledby=\"toggle_fef5c275b133c8674\"><div class=\"panel-body toggle-content fusion-clearfix\">\n<div class=\"su-heading su-heading-style-modern-2-dark su-heading-align-left\" id=\"\" style=\"font-size:20px;margin-bottom:0px\"><div class=\"su-heading-inner\">16h00-17h30 | Accueil des participants<\/div><\/div>\n[su_icon icon=&#8221;icon: user-circle&#8221; size=&#8221;14&#8243; shape_size=&#8221;4&#8243; text_size=&#8221;16&#8243; margin=&#8221;0px 5px 0px 25px&#8221;]Alexander von Vegesack \/ Mathias Schwartz-Clauss, Fr\u00e9d\u00e9rique Cauvin-Doumic[\/su_icon] [su_icon icon=&#8221;icon: map-marker&#8221; size=&#8221;14&#8243; shape_size=&#8221;4&#8243; text_size=&#8221;16&#8243; margin=&#8221;0px 5px 0px 5px&#8221;]Moulin de Boisbuchet (ou d\u00e9pendance selon le temps)[\/su_icon]\n<p style=\"padding-left: 25px\">Attribution des chambres puis verre d&#8217;amiti\u00e9<\/p>\n<div class=\"su-heading su-heading-style-modern-2-dark su-heading-align-left\" id=\"\" style=\"font-size:20px;margin-bottom:0px\"><div class=\"su-heading-inner\">17h30-19h30 | Visite emballante du Domaine de Boisbuchet<\/div><\/div>\n[su_icon icon=&#8221;icon: user-circle&#8221; size=&#8221;14&#8243; shape_size=&#8221;4&#8243; text_size=&#8221;16&#8243; margin=&#8221;0px 5px 0px 25px&#8221;]Alexander von Vegesack \/ Mathias Schwartz-Clauss[\/su_icon] [su_icon icon=&#8221;icon: map-marker&#8221; size=&#8221;14&#8243; shape_size=&#8221;4&#8243; text_size=&#8221;16&#8243; margin=&#8221;0px 5px 0px 5px&#8221;]Parc architectural[\/su_icon]\n<p style=\"padding-left: 25px\">Alexander et Mathias font d\u00e9couvrir les 20 b\u00e2timents de Boisbuchet avec une mise en \u00e9vidence des dimensions vernaculaire et durable des b\u00e2timents<\/p>\n<div class=\"su-heading su-heading-style-modern-2-dark su-heading-align-left\" id=\"\" style=\"font-size:20px;margin-bottom:0px\"><div class=\"su-heading-inner\">20h00-22h00 | D\u00eener<\/div><\/div>\n[su_icon icon=&#8221;icon: map-marker&#8221; size=&#8221;14&#8243; shape_size=&#8221;4&#8243; text_size=&#8221;16&#8243; margin=&#8221;0px 5px 0px 25px&#8221;]le R\u00e9fectoire de la grange[\/su_icon]\n<\/div><\/div><\/div><div class=\"fusion-panel panel-default panel-736e7fdecb2c77b6b fusion-toggle-no-divider fusion-toggle-boxed-mode\"><div class=\"panel-heading\"><h4 class=\"panel-title toggle\" id=\"toggle_736e7fdecb2c77b6b\"><a aria-expanded=\"false\" aria-controls=\"736e7fdecb2c77b6b\" role=\"button\" data-toggle=\"collapse\" data-target=\"#736e7fdecb2c77b6b\" href=\"#736e7fdecb2c77b6b\"><span class=\"fusion-toggle-icon-wrapper\" aria-hidden=\"true\"><i class=\"fa-fusion-box active-icon awb-icon-minus\" aria-hidden=\"true\"><\/i><i class=\"fa-fusion-box inactive-icon awb-icon-plus\" aria-hidden=\"true\"><\/i><\/span><span class=\"fusion-toggle-heading\">Lundi 6 mai - Prospective<\/span><\/a><\/h4><\/div><div id=\"736e7fdecb2c77b6b\" class=\"panel-collapse collapse \" aria-labelledby=\"toggle_736e7fdecb2c77b6b\"><div class=\"panel-body toggle-content fusion-clearfix\"><div class=\"su-heading su-heading-style-modern-2-dark su-heading-align-left\" id=\"\" style=\"font-size:20px;margin-bottom:0px\"><div class=\"su-heading-inner\">7h15-8h00 | Yoga m\u00e9ditation<\/div><\/div>\n[su_icon icon=&#8221;icon: user-circle&#8221; size=&#8221;14&#8243; shape_size=&#8221;4&#8243; text_size=&#8221;16&#8243; margin=&#8221;0px 5px 0px 25px&#8221;]Catherine St\u00f8ver[\/su_icon] [su_icon icon=&#8221;icon: map-marker&#8221; size=&#8221;14&#8243; shape_size=&#8221;4&#8243; text_size=&#8221;16&#8243; margin=&#8221;0px 5px 0px 5px&#8221;]le Pavillon Chinois[\/su_icon]\n<p style=\"padding-left: 25px\">Pour ceux qui le souhaitent<\/p>\n<div class=\"su-heading su-heading-style-modern-2-dark su-heading-align-left\" id=\"\" style=\"font-size:20px;margin-bottom:0px\"><div class=\"su-heading-inner\">8h00-9h00 | Petit d\u00e9jeuner<\/div><\/div>\n[su_icon icon=&#8221;icon: map-marker&#8221; size=&#8221;14&#8243; shape_size=&#8221;4&#8243; text_size=&#8221;16&#8243; margin=&#8221;0px 5px 0px 25px&#8221;]le R\u00e9fectoire de la grange[\/su_icon]\n<div class=\"su-heading su-heading-style-modern-2-dark su-heading-align-left\" id=\"\" style=\"font-size:20px;margin-bottom:0px\"><div class=\"su-heading-inner\">9h00-9h15 | Bienvenue !<\/div><\/div>\n[su_icon icon=&#8221;icon: user-circle&#8221; size=&#8221;14&#8243; shape_size=&#8221;4&#8243; text_size=&#8221;16&#8243; margin=&#8221;0px 5px 0px 25px&#8221;] Pierre-Yves Panis et animateur Beno\u00eet de Guillebon[\/su_icon] [su_icon icon=&#8221;icon: map-marker&#8221; size=&#8221;14&#8243; shape_size=&#8221;4&#8243; text_size=&#8221;16&#8243; margin=&#8221;0px 5px 0px 5px&#8221;]D\u00e9pendance[\/su_icon]\n<p style=\"padding-left: 25px\">Pr\u00e9sentation de l\u2019Experience et des objectifs<\/p>\n<div class=\"su-heading su-heading-style-modern-2-dark su-heading-align-left\" id=\"\" style=\"font-size:20px;margin-bottom:0px\"><div class=\"su-heading-inner\">9h15-10h45 | Pr\u00e9sentations<\/div><\/div>\n[su_icon icon=&#8221;icon: user-circle&#8221; size=&#8221;14&#8243; shape_size=&#8221;4&#8243; text_size=&#8221;16&#8243; margin=&#8221;0px 5px 0px 25px&#8221;]Tous[\/su_icon] [su_icon icon=&#8221;icon: map-marker&#8221; size=&#8221;14&#8243; shape_size=&#8221;4&#8243; text_size=&#8221;16&#8243; margin=&#8221;0px 5px 0px 5px&#8221;]D\u00e9pendance [\/su_icon]\n<p style=\"padding-left: 25px\">Pr\u00e9sentation en 3 minutes de chaque participant et de ses probl\u00e9matiques de d\u00e9part et m\u00e9t\u00e9o de chacun<\/p>\n<div class=\"su-heading su-heading-style-modern-2-dark su-heading-align-left\" id=\"\" style=\"font-size:20px;margin-bottom:0px\"><div class=\"su-heading-inner\">10h45-11h00 | Pause caf\u00e9<\/div><\/div>\n[su_icon icon=&#8221;icon: map-marker&#8221; size=&#8221;14&#8243; shape_size=&#8221;4&#8243; text_size=&#8221;16&#8243; margin=&#8221;0px 5px 0px 25px&#8221;]Restaurant[\/su_icon]\n<div class=\"su-heading su-heading-style-modern-2-dark su-heading-align-left\" id=\"\" style=\"font-size:20px;margin-bottom:0px\"><div class=\"su-heading-inner\">11h00-12h00 | Prospective !<\/div><\/div>\n[su_icon icon=&#8221;icon: user-circle&#8221; size=&#8221;14&#8243; shape_size=&#8221;4&#8243; text_size=&#8221;16&#8243; margin=&#8221;0px 5px 0px 25px&#8221;] Jean-Marc Jancovici(Carbone 4)[\/su_icon] [su_icon icon=&#8221;icon: map-marker&#8221; size=&#8221;14&#8243; shape_size=&#8221;4&#8243; text_size=&#8221;16&#8243; margin=&#8221;0px 5px 0px 5px&#8221;]D\u00e9pendance[\/su_icon]\n<p style=\"padding-left: 25px\">Situation probable du secteur du packaging de 2030 \u00e0 2050 (r\u00e9chauffement, ressources, \u00e9nergie, r\u00e9glementation) puis \u00e9changes avec les participants<\/p>\n<div class=\"su-heading su-heading-style-modern-2-dark su-heading-align-left\" id=\"\" style=\"font-size:20px;margin-bottom:0px\"><div class=\"su-heading-inner\">13h00-14h00 | D\u00e9jeuner avec l\u00b4intervenant et avec Alenxander von Vegesack et Mathias Schwartz-Clauss<\/div><\/div>\n[su_icon icon=&#8221;icon: map-marker&#8221; size=&#8221;14&#8243; shape_size=&#8221;4&#8243; text_size=&#8221;16&#8243; margin=&#8221;0px 5px 0px 25px&#8221;]le R\u00e9fectoire de la grange[\/su_icon]\n<div class=\"su-heading su-heading-style-modern-2-dark su-heading-align-left\" id=\"\" style=\"font-size:20px;margin-bottom:0px\"><div class=\"su-heading-inner\">14h00-14h30 | Sieste, m\u00e9ditation ou course en sac pour ceux qui le souhaitent ou \u00e9change avec les intervenants<\/div><\/div>\n[su_icon icon=&#8221;icon: map-marker&#8221; size=&#8221;14&#8243; shape_size=&#8221;4&#8243; text_size=&#8221;16&#8243; margin=&#8221;0px 5px 0px 25px&#8221;]Pavilion chinoise [\/su_icon]\n<div class=\"su-heading su-heading-style-modern-2-dark su-heading-align-left\" id=\"\" style=\"font-size:20px;margin-bottom:0px\"><div class=\"su-heading-inner\">14h30-16h30 | Mat\u00e9riaux !<\/div><\/div>\n[su_icon icon=&#8221;icon: user-circle&#8221; size=&#8221;14&#8243; shape_size=&#8221;4&#8243; text_size=&#8221;16&#8243; margin=&#8221;0px 5px 0px 25px&#8221;] Quentin Hirsinger (MATERI\u00b4O) e[\/su_icon] [su_icon icon=&#8221;icon: map-marker&#8221; size=&#8221;14&#8243; shape_size=&#8221;4&#8243; text_size=&#8221;16&#8243; margin=&#8221;0px 5px 0px 5px&#8221;]Atelier[\/su_icon]\n<p style=\"padding-left: 25px\">Pr\u00e9sentation de mat\u00e9riaux durables, \u00e9changes avec les participants<\/p>\n<div class=\"su-heading su-heading-style-modern-2-dark su-heading-align-left\" id=\"\" style=\"font-size:20px;margin-bottom:0px\"><div class=\"su-heading-inner\">16h45-18h30 | Intelligence collective !<\/div><\/div>\n[su_icon icon=&#8221;icon: user-circle&#8221; size=&#8221;14&#8243; shape_size=&#8221;4&#8243; text_size=&#8221;16&#8243; margin=&#8221;0px 5px 0px 25px&#8221;] Pierre-Yves Panis et animateur Beno\u00eet de Guillebon[\/su_icon] [su_icon icon=&#8221;icon: map-marker&#8221; size=&#8221;14&#8243; shape_size=&#8221;4&#8243; text_size=&#8221;16&#8243; margin=&#8221;0px 5px 0px 5px&#8221;]Atelier[\/su_icon]\n<p style=\"padding-left: 25px\">R\u00e9partition des participants en groupes (max 5 personnes \/ groupe).<br \/>\nImaginez un emballage pour un produit (ce produit sera r\u00e9v\u00e9l\u00e9 lors de l\u2019Experience) en 2030 et au del\u00e0. Objectif : d\u00e9carbonation totale !<br \/>\nusage, sourcing, mat\u00e9riaux, transport, mod\u00e8le \u00e9conomique, recyclage&#8230;<\/p>\n<div class=\"su-heading su-heading-style-modern-2-dark su-heading-align-left\" id=\"\" style=\"font-size:20px;margin-bottom:0px\"><div class=\"su-heading-inner\">18h30-20h00 | Temps libre (promenade \u00e0 pied ou \u00e0 v\u00e9lo, ping-pong, verre au Moulin, mails)<\/div><\/div>[\/fusion_text]<div class=\"fusion-text fusion-text-1\"><\/div><div class=\"su-heading su-heading-style-modern-2-dark su-heading-align-left\" id=\"\" style=\"font-size:20px;margin-bottom:0px\"><div class=\"su-heading-inner\">20h00-22h30 | D\u00eener et projection d\u00b4un film inspirant.<\/div><\/div>\n[su_icon icon=&#8221;icon: map-marker&#8221; size=&#8221;14&#8243; shape_size=&#8221;4&#8243; text_size=&#8221;16&#8243; margin=&#8221;0px 5px 0px 25px&#8221;]le R\u00e9fectoire de la grange[\/su_icon]<\/div><\/div><\/div><div class=\"fusion-panel panel-default panel-659b6bb8341b0d0ab fusion-toggle-no-divider fusion-toggle-boxed-mode\"><div class=\"panel-heading\"><h4 class=\"panel-title toggle\" id=\"toggle_659b6bb8341b0d0ab\"><a aria-expanded=\"false\" aria-controls=\"659b6bb8341b0d0ab\" role=\"button\" data-toggle=\"collapse\" data-target=\"#659b6bb8341b0d0ab\" href=\"#659b6bb8341b0d0ab\"><span class=\"fusion-toggle-icon-wrapper\" aria-hidden=\"true\"><i class=\"fa-fusion-box active-icon awb-icon-minus\" aria-hidden=\"true\"><\/i><i class=\"fa-fusion-box inactive-icon awb-icon-plus\" aria-hidden=\"true\"><\/i><\/span><span class=\"fusion-toggle-heading\">Mardi 7 mai - Te\u0301moignage et experience<\/span><\/a><\/h4><\/div><div id=\"659b6bb8341b0d0ab\" class=\"panel-collapse collapse \" aria-labelledby=\"toggle_659b6bb8341b0d0ab\"><div class=\"panel-body toggle-content fusion-clearfix\"><div class=\"su-heading su-heading-style-modern-2-dark su-heading-align-left\" id=\"\" style=\"font-size:20px;margin-bottom:0px\"><div class=\"su-heading-inner\">7h15-8h00 | Yoga m\u00e9ditation<\/div><\/div>\n[su_icon icon=&#8221;icon: user-circle&#8221; size=&#8221;14&#8243; shape_size=&#8221;4&#8243; text_size=&#8221;16&#8243; margin=&#8221;0px 5px 0px 25px&#8221;]Catherine St\u00f8ver[\/su_icon] [su_icon icon=&#8221;icon: map-marker&#8221; size=&#8221;14&#8243; shape_size=&#8221;4&#8243; text_size=&#8221;16&#8243; margin=&#8221;0px 5px 0px 5px&#8221;]le Pavillon Chinois[\/su_icon]\n<p style=\"padding-left: 25px\">Pour ceux qui le souhaitent<\/p>\n<div class=\"su-heading su-heading-style-modern-2-dark su-heading-align-left\" id=\"\" style=\"font-size:20px;margin-bottom:0px\"><div class=\"su-heading-inner\">8h00-9h00 | Petit d\u00e9jeuner<\/div><\/div>\n[su_icon icon=&#8221;icon: map-marker&#8221; size=&#8221;14&#8243; shape_size=&#8221;4&#8243; text_size=&#8221;16&#8243; margin=&#8221;0px 5px 0px 25px&#8221;]le R\u00e9fectoire de la grange[\/su_icon]\n<div class=\"su-heading su-heading-style-modern-2-dark su-heading-align-left\" id=\"\" style=\"font-size:20px;margin-bottom:0px\"><div class=\"su-heading-inner\">9h00-9h15 | Me\u0301te\u0301o<\/div><\/div>\n[su_icon icon=&#8221;icon: user-circle&#8221; size=&#8221;14&#8243; shape_size=&#8221;4&#8243; text_size=&#8221;16&#8243; margin=&#8221;0px 5px 0px 25px&#8221;] Tous[\/su_icon] [su_icon icon=&#8221;icon: map-marker&#8221; size=&#8221;14&#8243; shape_size=&#8221;4&#8243; text_size=&#8221;16&#8243; margin=&#8221;0px 5px 0px 5px&#8221;]D\u00e9pendance[\/su_icon]\n<p style=\"padding-left: 25px\">Me\u0301te\u0301o de chacun en moins d\u2019une minute<\/p>\n<div class=\"su-heading su-heading-style-modern-2-dark su-heading-align-left\" id=\"\" style=\"font-size:20px;margin-bottom:0px\"><div class=\"su-heading-inner\">9h15-10h45 | Biomime\u0301tisme<\/div><\/div>\n[su_icon icon=&#8221;icon: user-circle&#8221; size=&#8221;14&#8243; shape_size=&#8221;4&#8243; text_size=&#8221;16&#8243; margin=&#8221;0px 5px 0px 25px&#8221;] Pierre Yves-Panis, Benoit de Guillebon, Mathias Schwartz-Clauss, Alexander von Vegesack[\/su_icon] [su_icon icon=&#8221;icon: map-marker&#8221; size=&#8221;14&#8243; shape_size=&#8221;4&#8243; text_size=&#8221;16&#8243; margin=&#8221;0px 5px 0px 5px&#8221;]Parc[\/su_icon]\n<p style=\"padding-left: 25px\">Les strate\u0301gies d\u2019emballage de la nature (fruits, e\u0301corces, oeuf, peau humaine&#8230;)<\/p>\n<div class=\"su-heading su-heading-style-modern-2-dark su-heading-align-left\" id=\"\" style=\"font-size:20px;margin-bottom:0px\"><div class=\"su-heading-inner\">10h45-11h00 | Pause caf\u00e9<\/div><\/div>\n[su_icon icon=&#8221;icon: map-marker&#8221; size=&#8221;14&#8243; shape_size=&#8221;4&#8243; text_size=&#8221;16&#8243; margin=&#8221;0px 5px 0px 25px&#8221;]le R\u00e9fectoire de la grange[\/su_icon]\n<div class=\"su-heading su-heading-style-modern-2-dark su-heading-align-left\" id=\"\" style=\"font-size:20px;margin-bottom:0px\"><div class=\"su-heading-inner\">11h00-13h00 | Intelligence collective<\/div><\/div>\n[su_icon icon=&#8221;icon: user-circle&#8221; size=&#8221;14&#8243; shape_size=&#8221;4&#8243; text_size=&#8221;16&#8243; margin=&#8221;0px 5px 0px 25px&#8221;] Pierre-Yves Panis et animateur Benoi\u0302t de Guillebon[\/su_icon] [su_icon icon=&#8221;icon: map-marker&#8221; size=&#8221;14&#8243; shape_size=&#8221;4&#8243; text_size=&#8221;16&#8243; margin=&#8221;0px 5px 0px 5px&#8221;]De\u0301pendance ou Atelier[\/su_icon]\n<p style=\"padding-left: 25px\">Suite du travail collectif<\/p>\n<div class=\"su-heading su-heading-style-modern-2-dark su-heading-align-left\" id=\"\" style=\"font-size:20px;margin-bottom:0px\"><div class=\"su-heading-inner\">13h00-14h00 | De\u0301jeuner &#8211; avec l\u2019intervenant et avec Alexander von Vegesack et Mathias Schwartz-Clauss<\/div><\/div>\n[su_icon icon=&#8221;icon: map-marker&#8221; size=&#8221;14&#8243; shape_size=&#8221;4&#8243; text_size=&#8221;16&#8243; margin=&#8221;0px 5px 0px 25px&#8221;]le R\u00e9fectoire de la grange[\/su_icon]\n<div class=\"su-heading su-heading-style-modern-2-dark su-heading-align-left\" id=\"\" style=\"font-size:20px;margin-bottom:0px\"><div class=\"su-heading-inner\">14h00-14h30 | Sieste, me\u0301ditation ou course en sac<\/div><\/div>\n<p style=\"padding-left: 25px\">Pour ceux qui le souhaitent ou e\u0301change avec les intervenants<\/p>\n<div class=\"su-heading su-heading-style-modern-2-dark su-heading-align-left\" id=\"\" style=\"font-size:20px;margin-bottom:0px\"><div class=\"su-heading-inner\">14h30-15h30 | Intelligence collective<\/div><\/div>\n[su_icon icon=&#8221;icon: user-circle&#8221; size=&#8221;14&#8243; shape_size=&#8221;4&#8243; text_size=&#8221;16&#8243; margin=&#8221;0px 5px 0px 25px&#8221;] Pierre-Yves Panis et animateur Benoi\u0302t de Guillebon[\/su_icon] [su_icon icon=&#8221;icon: map-marker&#8221; size=&#8221;14&#8243; shape_size=&#8221;4&#8243; text_size=&#8221;16&#8243; margin=&#8221;0px 5px 0px 5px&#8221;]De\u0301pendance ou Atelier[\/su_icon]\n<p style=\"padding-left: 25px\">Suite du travail collectif<\/p>\n<div class=\"su-heading su-heading-style-modern-2-dark su-heading-align-left\" id=\"\" style=\"font-size:20px;margin-bottom:0px\"><div class=\"su-heading-inner\">15h30-16h00 | Partage<\/div><\/div>\n[su_icon icon=&#8221;icon: user-circle&#8221; size=&#8221;14&#8243; shape_size=&#8221;4&#8243; text_size=&#8221;16&#8243; margin=&#8221;0px 5px 0px 25px&#8221;] Pierre-Yves Panis et animateur Benoi\u0302t de Guillebon[\/su_icon] [su_icon icon=&#8221;icon: map-marker&#8221; size=&#8221;14&#8243; shape_size=&#8221;4&#8243; text_size=&#8221;16&#8243; margin=&#8221;0px 5px 0px 5px&#8221;]De\u0301pendance ou Atelier[\/su_icon]\n<p style=\"padding-left: 25px\">Pre\u0301sentation des travaux \/ groupe en ple\u0301nie\u0300re<\/p>\n<div class=\"su-heading su-heading-style-modern-2-dark su-heading-align-left\" id=\"\" style=\"font-size:20px;margin-bottom:0px\"><div class=\"su-heading-inner\">16h00-16h30 | Recul<\/div><\/div>\n[su_icon icon=&#8221;icon: user-circle&#8221; size=&#8221;14&#8243; shape_size=&#8221;4&#8243; text_size=&#8221;16&#8243; margin=&#8221;0px 5px 0px 25px&#8221;] Alexander Von Vegesack et Mathias Schwartz-Clauss[\/su_icon] [su_icon icon=&#8221;icon: map-marker&#8221; size=&#8221;14&#8243; shape_size=&#8221;4&#8243; text_size=&#8221;16&#8243; margin=&#8221;0px 5px 0px 5px&#8221;]De\u0301pendance ou Atelier[\/su_icon]\n<p style=\"padding-left: 25px\">Re\u0301flexions des observateurs<\/p>\n<div class=\"su-heading su-heading-style-modern-2-dark su-heading-align-left\" id=\"\" style=\"font-size:20px;margin-bottom:0px\"><div class=\"su-heading-inner\">16h30-17h00 | Au revoir<\/div><\/div>\n[su_icon icon=&#8221;icon: user-circle&#8221; size=&#8221;14&#8243; shape_size=&#8221;4&#8243; text_size=&#8221;16&#8243; margin=&#8221;0px 5px 0px 25px&#8221;] Tous[\/su_icon] [su_icon icon=&#8221;icon: map-marker&#8221; size=&#8221;14&#8243; shape_size=&#8221;4&#8243; text_size=&#8221;16&#8243; margin=&#8221;0px 5px 0px 5px&#8221;]De\u0301pendance[\/su_icon]\n<p style=\"padding-left: 25px\">Attentes concre\u0300tes pour la 2e\u0300me session<\/p>\n<\/div><\/div><\/div><\/div><\/div><div class=\"fusion-clearfix\"><\/div><\/div><\/div><\/div><\/div><div class=\"fusion-fullwidth fullwidth-box fusion-builder-row-4 nonhundred-percent-fullwidth non-hundred-percent-height-scrolling\" style=\"--awb-border-radius-top-left:0px;--awb-border-radius-top-right:0px;--awb-border-radius-bottom-right:0px;--awb-border-radius-bottom-left:0px;--awb-flex-wrap:wrap;\" ><div class=\"fusion-builder-row fusion-row\"><div class=\"fusion-layout-column fusion_builder_column fusion-builder-column-4 fusion_builder_column_1_1 1_1 fusion-one-full fusion-column-first fusion-column-last\" style=\"--awb-bg-size:cover;\"><div class=\"fusion-column-wrapper fusion-flex-column-wrapper-legacy\"><div class=\"fusion-image-element in-legacy-container\" style=\"--awb-caption-title-font-family:var(--h2_typography-font-family);--awb-caption-title-font-weight:var(--h2_typography-font-weight);--awb-caption-title-font-style:var(--h2_typography-font-style);--awb-caption-title-size:var(--h2_typography-font-size);--awb-caption-title-transform:var(--h2_typography-text-transform);--awb-caption-title-line-height:var(--h2_typography-line-height);--awb-caption-title-letter-spacing:var(--h2_typography-letter-spacing);\"><span class=\" fusion-imageframe imageframe-none imageframe-2 hover-type-none\"><img decoding=\"async\" width=\"1920\" height=\"1080\" title=\"WS-Pro\" src=\"https:\/\/www.boisbuchet.org\/wp-content\/uploads\/2019\/02\/WS-Pro.jpg\" alt class=\"img-responsive wp-image-4710\" srcset=\"https:\/\/www.boisbuchet.org\/wp-content\/uploads\/2019\/02\/WS-Pro-200x113.jpg 200w, https:\/\/www.boisbuchet.org\/wp-content\/uploads\/2019\/02\/WS-Pro-400x225.jpg 400w, https:\/\/www.boisbuchet.org\/wp-content\/uploads\/2019\/02\/WS-Pro-600x338.jpg 600w, https:\/\/www.boisbuchet.org\/wp-content\/uploads\/2019\/02\/WS-Pro-800x450.jpg 800w, https:\/\/www.boisbuchet.org\/wp-content\/uploads\/2019\/02\/WS-Pro-1200x675.jpg 1200w, https:\/\/www.boisbuchet.org\/wp-content\/uploads\/2019\/02\/WS-Pro.jpg 1920w\" sizes=\"(max-width: 800px) 100vw, 1200px\" \/><\/span><\/div><div class=\"fusion-clearfix\"><\/div><\/div><\/div><\/div><\/div><div class=\"fusion-fullwidth fullwidth-box fusion-builder-row-5 nonhundred-percent-fullwidth non-hundred-percent-height-scrolling\" style=\"--awb-border-radius-top-left:0px;--awb-border-radius-top-right:0px;--awb-border-radius-bottom-right:0px;--awb-border-radius-bottom-left:0px;--awb-flex-wrap:wrap;\" ><div class=\"fusion-builder-row fusion-row\"><div class=\"fusion-layout-column fusion_builder_column fusion-builder-column-5 fusion_builder_column_1_1 1_1 fusion-one-full fusion-column-first fusion-column-last\" style=\"--awb-bg-size:cover;\"><div class=\"fusion-column-wrapper fusion-flex-column-wrapper-legacy\"><div class=\"fusion-title title fusion-title-4 fusion-sep-none fusion-title-center fusion-title-text fusion-title-size-one\" style=\"--awb-text-color:#333333;--awb-margin-top-small:0px;--awb-margin-right-small:0px;--awb-margin-bottom-small:20px;--awb-margin-left-small:0px;\"><h1 class=\"fusion-title-heading title-heading-center\" style=\"margin:0;letter-spacing:5px;\">2\u00c8ME SESSION : EXP\u00c9RIMENTATION<\/h1><\/div><div class=\"fusion-clearfix\"><\/div><\/div><\/div><div class=\"fusion-layout-column fusion_builder_column fusion-builder-column-6 fusion_builder_column_1_1 1_1 fusion-one-full fusion-column-first fusion-column-last\" style=\"--awb-bg-size:cover;\"><div class=\"fusion-column-wrapper fusion-flex-column-wrapper-legacy\"><div class=\"accordian fusion-accordian\" style=\"--awb-border-size:1px;--awb-icon-size:26px;--awb-content-font-size:16px;--awb-icon-alignment:left;--awb-hover-color:#f9f9f9;--awb-border-color:#cccccc;--awb-background-color:#ffffff;--awb-divider-color:#e0dede;--awb-divider-hover-color:#e0dede;--awb-icon-color:#000000;--awb-title-color:#00b140;--awb-content-color:#444444;--awb-icon-box-color:#333333;--awb-toggle-hover-accent-color:#00b140;--awb-title-font-family:&quot;Futura&quot;;--awb-title-font-weight:400;--awb-title-font-style:normal;--awb-title-font-size:26px;--awb-content-font-family:&quot;PT Sans&quot;;--awb-content-font-style:normal;--awb-content-font-weight:400;\"><div class=\"panel-group fusion-toggle-icon-unboxed\" id=\"accordion-3437-2\"><div class=\"fusion-panel panel-default panel-1c9774cbf68b79544 fusion-toggle-no-divider fusion-toggle-boxed-mode\"><div class=\"panel-heading\"><h4 class=\"panel-title toggle\" id=\"toggle_1c9774cbf68b79544\"><a aria-expanded=\"false\" aria-controls=\"1c9774cbf68b79544\" role=\"button\" data-toggle=\"collapse\" data-target=\"#1c9774cbf68b79544\" href=\"#1c9774cbf68b79544\"><span class=\"fusion-toggle-icon-wrapper\" aria-hidden=\"true\"><i class=\"fa-fusion-box active-icon awb-icon-minus\" aria-hidden=\"true\"><\/i><i class=\"fa-fusion-box inactive-icon awb-icon-plus\" aria-hidden=\"true\"><\/i><\/span><span class=\"fusion-toggle-heading\">Dimanche 23 juin - Re-Bienvenue<\/span><\/a><\/h4><\/div><div id=\"1c9774cbf68b79544\" class=\"panel-collapse collapse \" aria-labelledby=\"toggle_1c9774cbf68b79544\"><div class=\"panel-body toggle-content fusion-clearfix\"><div class=\"su-heading su-heading-style-modern-2-dark su-heading-align-left\" id=\"\" style=\"font-size:20px;margin-bottom:0px\"><div class=\"su-heading-inner\">16h00-17h30 | Accueil des participants<\/div><\/div>\n[su_icon icon=&#8221;icon: user-circle&#8221; size=&#8221;14&#8243; shape_size=&#8221;4&#8243; text_size=&#8221;16&#8243; margin=&#8221;0px 5px 0px 25px&#8221;]Alexander von Vegesack \/ Mathias Schwartz-Clauss, Fr\u00e9d\u00e9rique Cauvin-Doumic[\/su_icon] [su_icon icon=&#8221;icon: map-marker&#8221; size=&#8221;14&#8243; shape_size=&#8221;4&#8243; text_size=&#8221;16&#8243; margin=&#8221;0px 5px 0px 5px&#8221;]Moulin de Boisbuchet (ou d\u00e9pendance selon le temps)[\/su_icon]\n<p style=\"padding-left: 25px\">Attribution des chambres puis verre d&#8217;amiti\u00e9<\/p>\n<div class=\"su-heading su-heading-style-modern-2-dark su-heading-align-left\" id=\"\" style=\"font-size:20px;margin-bottom:0px\"><div class=\"su-heading-inner\">17h30-19h30 | Exploration d\u2019oeuvres et d\u2019ouvrages<\/div><\/div>\n[su_icon icon=&#8221;icon: user-circle&#8221; size=&#8221;14&#8243; shape_size=&#8221;4&#8243; text_size=&#8221;16&#8243; margin=&#8221;0px 5px 0px 25px&#8221;]Alexander von Vegesack \/ Mathias Schwartz-Clauss[\/su_icon] [su_icon icon=&#8221;icon: map-marker&#8221; size=&#8221;14&#8243; shape_size=&#8221;4&#8243; text_size=&#8221;16&#8243; margin=&#8221;0px 5px 0px 5px&#8221;]le Grange[\/su_icon]\n<p style=\"padding-left: 25px\">la collection d\u2019Alexander von Vegesack<\/p>\n<div class=\"su-heading su-heading-style-modern-2-dark su-heading-align-left\" id=\"\" style=\"font-size:20px;margin-bottom:0px\"><div class=\"su-heading-inner\">20h00-22h00 | D\u00eener<\/div><\/div>\n[su_icon icon=&#8221;icon: map-marker&#8221; size=&#8221;14&#8243; shape_size=&#8221;4&#8243; text_size=&#8221;16&#8243; margin=&#8221;0px 5px 0px 25px&#8221;]le R\u00e9fectoire de la grange[\/su_icon]<\/div><\/div><\/div><div class=\"fusion-panel panel-default panel-80d1762ceb502fb39 fusion-toggle-no-divider fusion-toggle-boxed-mode\"><div class=\"panel-heading\"><h4 class=\"panel-title toggle\" id=\"toggle_80d1762ceb502fb39\"><a aria-expanded=\"false\" aria-controls=\"80d1762ceb502fb39\" role=\"button\" data-toggle=\"collapse\" data-target=\"#80d1762ceb502fb39\" href=\"#80d1762ceb502fb39\"><span class=\"fusion-toggle-icon-wrapper\" aria-hidden=\"true\"><i class=\"fa-fusion-box active-icon awb-icon-minus\" aria-hidden=\"true\"><\/i><i class=\"fa-fusion-box inactive-icon awb-icon-plus\" aria-hidden=\"true\"><\/i><\/span><span class=\"fusion-toggle-heading\">Lundi 24 juin - Experience<\/span><\/a><\/h4><\/div><div id=\"80d1762ceb502fb39\" class=\"panel-collapse collapse \" aria-labelledby=\"toggle_80d1762ceb502fb39\"><div class=\"panel-body toggle-content fusion-clearfix\"><div class=\"su-heading su-heading-style-modern-2-dark su-heading-align-left\" id=\"\" style=\"font-size:20px;margin-bottom:0px\"><div class=\"su-heading-inner\">11h00-13h00 | Te\u0301moignages<\/div><\/div>\n[su_icon icon=&#8221;icon: user-circle&#8221; size=&#8221;14&#8243; shape_size=&#8221;4&#8243; text_size=&#8221;16&#8243; margin=&#8221;0px 5px 0px 25px&#8221;] Fabrice Peltier de l\u2019agence Fabrice Peltier Cre\u0301ation &amp; Claire Jaquet (Chef de projet mate\u0301riaux APESA)[\/su_icon] [su_icon icon=&#8221;icon: map-marker&#8221; size=&#8221;14&#8243; shape_size=&#8221;4&#8243; text_size=&#8221;16&#8243; margin=&#8221;0px 5px 0px 5px&#8221;]D\u00e9pendance ou Atelier[\/su_icon]\n<p style=\"padding-left: 25px\">Pre\u0301sentation du rapport Emballage 2050 et avance\u0301e de la recherche en eco-design e\u0301change avec les participants <a href=\"http:\/\/www.fabrice-peltier.fr\/presentation.php\" target=\"_blank\" rel=\"noopener\">http:\/\/www.fabrice-peltier.fr\/presentation.php<\/a><\/p>\n<\/div><\/div><\/div><div class=\"fusion-panel panel-default panel-34da31283598e1335 fusion-toggle-no-divider fusion-toggle-boxed-mode\"><div class=\"panel-heading\"><h4 class=\"panel-title toggle\" id=\"toggle_34da31283598e1335\"><a aria-expanded=\"false\" aria-controls=\"34da31283598e1335\" role=\"button\" data-toggle=\"collapse\" data-target=\"#34da31283598e1335\" href=\"#34da31283598e1335\"><span class=\"fusion-toggle-icon-wrapper\" aria-hidden=\"true\"><i class=\"fa-fusion-box active-icon awb-icon-minus\" aria-hidden=\"true\"><\/i><i class=\"fa-fusion-box inactive-icon awb-icon-plus\" aria-hidden=\"true\"><\/i><\/span><span class=\"fusion-toggle-heading\">Mardi 25 juin - Experience &amp;amp; Perspective<\/span><\/a><\/h4><\/div><div id=\"34da31283598e1335\" class=\"panel-collapse collapse \" aria-labelledby=\"toggle_34da31283598e1335\"><div class=\"panel-body toggle-content fusion-clearfix\"><div class=\"su-heading su-heading-style-modern-2-dark su-heading-align-left\" id=\"\" style=\"font-size:20px;margin-bottom:0px\"><div class=\"su-heading-inner\">7h15-8h00 | Yoga m\u00e9ditation<\/div><\/div>\n[su_icon icon=&#8221;icon: user-circle&#8221; size=&#8221;14&#8243; shape_size=&#8221;4&#8243; text_size=&#8221;16&#8243; margin=&#8221;0px 5px 0px 25px&#8221;]Catherine St\u00f8ver[\/su_icon] [su_icon icon=&#8221;icon: map-marker&#8221; size=&#8221;14&#8243; shape_size=&#8221;4&#8243; text_size=&#8221;16&#8243; margin=&#8221;0px 5px 0px 5px&#8221;]le Pavillon Chinois[\/su_icon]\n<p style=\"padding-left: 25px\">Pour ceux qui le souhaitent<\/p>\n<div class=\"su-heading su-heading-style-modern-2-dark su-heading-align-left\" id=\"\" style=\"font-size:20px;margin-bottom:0px\"><div class=\"su-heading-inner\">8h00-9h00 | Petit d\u00e9jeuner<\/div><\/div>\n[su_icon icon=&#8221;icon: map-marker&#8221; size=&#8221;14&#8243; shape_size=&#8221;4&#8243; text_size=&#8221;16&#8243; margin=&#8221;0px 5px 0px 25px&#8221;]le R\u00e9fectoire de la grange[\/su_icon]\n<div class=\"su-heading su-heading-style-modern-2-dark su-heading-align-left\" id=\"\" style=\"font-size:20px;margin-bottom:0px\"><div class=\"su-heading-inner\">9h00-9h15 | Me\u0301te\u0301o<\/div><\/div>\n[su_icon icon=&#8221;icon: user-circle&#8221; size=&#8221;14&#8243; shape_size=&#8221;4&#8243; text_size=&#8221;16&#8243; margin=&#8221;0px 5px 0px 25px&#8221;] Tous[\/su_icon] [su_icon icon=&#8221;icon: map-marker&#8221; size=&#8221;14&#8243; shape_size=&#8221;4&#8243; text_size=&#8221;16&#8243; margin=&#8221;0px 5px 0px 5px&#8221;]D\u00e9pendance[\/su_icon]\n<p style=\"padding-left: 25px\">Me\u0301te\u0301o de chacun en moins d\u2019une minute<\/p>\n<div class=\"su-heading su-heading-style-modern-2-dark su-heading-align-left\" id=\"\" style=\"font-size:20px;margin-bottom:0px\"><div class=\"su-heading-inner\">9h15-10h45 | Intelligence collective<\/div><\/div>\n[su_icon icon=&#8221;icon: user-circle&#8221; size=&#8221;14&#8243; shape_size=&#8221;4&#8243; text_size=&#8221;16&#8243; margin=&#8221;0px 5px 0px 25px&#8221;] Pierre-Yves Panis et animateur Benoi\u0302t de Guillebon[\/su_icon] [su_icon icon=&#8221;icon: map-marker&#8221; size=&#8221;14&#8243; shape_size=&#8221;4&#8243; text_size=&#8221;16&#8243; margin=&#8221;0px 5px 0px 5px&#8221;]De\u0301pendance ou Atelier[\/su_icon]\n<p style=\"padding-left: 25px\">Suite du travail collectif<\/p>\n<div class=\"su-heading su-heading-style-modern-2-dark su-heading-align-left\" id=\"\" style=\"font-size:20px;margin-bottom:0px\"><div class=\"su-heading-inner\">10h45-11h00 | Pause caf\u00e9<\/div><\/div>\n[su_icon icon=&#8221;icon: map-marker&#8221; size=&#8221;14&#8243; shape_size=&#8221;4&#8243; text_size=&#8221;16&#8243; margin=&#8221;0px 5px 0px 25px&#8221;]le R\u00e9fectoire de la grange[\/su_icon]\n<div class=\"su-heading su-heading-style-modern-2-dark su-heading-align-left\" id=\"\" style=\"font-size:20px;margin-bottom:0px\"><div class=\"su-heading-inner\">11h00-13h00 | Mise en sc\u00e8ne<\/div><\/div>\n[su_icon icon=&#8221;icon: user-circle&#8221; size=&#8221;14&#8243; shape_size=&#8221;4&#8243; text_size=&#8221;16&#8243; margin=&#8221;0px 5px 0px 25px&#8221;] Pierre-Yves Panis et animateur Benoi\u0302t de Guillebon[\/su_icon] [su_icon icon=&#8221;icon: map-marker&#8221; size=&#8221;14&#8243; shape_size=&#8221;4&#8243; text_size=&#8221;16&#8243; margin=&#8221;0px 5px 0px 5px&#8221;]De\u0301pendance ou Atelier[\/su_icon]\n<p style=\"padding-left: 25px\">Pre\u0301paration de la pre\u0301sentation des re\u0301sultats des travaux collectifs<\/p>\n<div class=\"su-heading su-heading-style-modern-2-dark su-heading-align-left\" id=\"\" style=\"font-size:20px;margin-bottom:0px\"><div class=\"su-heading-inner\">13h00-14h00 | De\u0301jeuner &#8211; avec l\u2019intervenant et avec Alexander von Vegesack et Mathias Schwartz-Clauss<\/div><\/div>\n[su_icon icon=&#8221;icon: map-marker&#8221; size=&#8221;14&#8243; shape_size=&#8221;4&#8243; text_size=&#8221;16&#8243; margin=&#8221;0px 5px 0px 25px&#8221;]le R\u00e9fectoire de la grange[\/su_icon]<div class=\"su-heading su-heading-style-modern-2-dark su-heading-align-left\" id=\"\" style=\"font-size:20px;margin-bottom:0px\"><div class=\"su-heading-inner\">14h00-14h30 | Sieste, me\u0301ditation ou course en sac<\/div><\/div>\n<p style=\"padding-left: 25px\">Pour ceux qui le souhaitent ou e\u0301change avec les intervenants<\/p>\n<div class=\"su-heading su-heading-style-modern-2-dark su-heading-align-left\" id=\"\" style=\"font-size:20px;margin-bottom:0px\"><div class=\"su-heading-inner\">14h30-16h00 | Pre\u0301sentation<\/div><\/div>\n[su_icon icon=&#8221;icon: user-circle&#8221; size=&#8221;14&#8243; shape_size=&#8221;4&#8243; text_size=&#8221;16&#8243; margin=&#8221;0px 5px 0px 25px&#8221;] Pierre-Yves Panis et animateur Benoi\u0302t de Guillebon (APESA) + Alexander et Mathias[\/su_icon] [su_icon icon=&#8221;icon: map-marker&#8221; size=&#8221;14&#8243; shape_size=&#8221;4&#8243; text_size=&#8221;16&#8243; margin=&#8221;0px 5px 0px 5px&#8221;]De\u0301pendance ou Atelier[\/su_icon]\n<p style=\"padding-left: 25px\">Pre\u0301sentation, e\u0301changes, re\u0301flexions des observateurs<\/p>\n<div class=\"su-heading su-heading-style-modern-2-dark su-heading-align-left\" id=\"\" style=\"font-size:20px;margin-bottom:0px\"><div class=\"su-heading-inner\">16h00-16h30 | Re\u0301compense et perspective<\/div><\/div>\n[su_icon icon=&#8221;icon: user-circle&#8221; size=&#8221;14&#8243; shape_size=&#8221;4&#8243; text_size=&#8221;16&#8243; margin=&#8221;0px 5px 0px 25px&#8221;] Pierre-Yves Panis et animateur Benoi\u0302t de Guillebon (APESA) + Alexander et Mathias[\/su_icon] [su_icon icon=&#8221;icon: map-marker&#8221; size=&#8221;14&#8243; shape_size=&#8221;4&#8243; text_size=&#8221;16&#8243; margin=&#8221;0px 5px 0px 5px&#8221;]De\u0301pendance ou Atelier[\/su_icon]\n<p style=\"padding-left: 25px\">Remise du label \u201cDur-able\u201d et expression de chacun sur la suite qu\u2019il envisage de donner a\u0300 cette \u201cexperience\u201d<\/p>\n<div class=\"su-heading su-heading-style-modern-2-dark su-heading-align-left\" id=\"\" style=\"font-size:20px;margin-bottom:0px\"><div class=\"su-heading-inner\">16h30-17h00 | Pot de de\u0301part<\/div><\/div>\n[su_icon icon=&#8221;icon: user-circle&#8221; size=&#8221;14&#8243; shape_size=&#8221;4&#8243; text_size=&#8221;16&#8243; margin=&#8221;0px 5px 0px 25px&#8221;] Tous[\/su_icon] [su_icon icon=&#8221;icon: map-marker&#8221; size=&#8221;14&#8243; shape_size=&#8221;4&#8243; text_size=&#8221;16&#8243; margin=&#8221;0px 5px 0px 5px&#8221;]De\u0301pendance[\/su_icon]<\/div><\/div><\/div><\/div><\/div><div class=\"fusion-clearfix\"><\/div><\/div><\/div><\/div><\/div><div class=\"fusion-fullwidth fullwidth-box fusion-builder-row-6 nonhundred-percent-fullwidth non-hundred-percent-height-scrolling\" style=\"--awb-border-radius-top-left:0px;--awb-border-radius-top-right:0px;--awb-border-radius-bottom-right:0px;--awb-border-radius-bottom-left:0px;--awb-margin-top:50px;--awb-flex-wrap:wrap;\" ><div class=\"fusion-builder-row fusion-row\"><div class=\"fusion-layout-column fusion_builder_column fusion-builder-column-7 fusion_builder_column_1_1 1_1 fusion-one-full fusion-column-first fusion-column-last\" style=\"--awb-bg-size:cover;\"><div class=\"fusion-column-wrapper fusion-flex-column-wrapper-legacy\"><div class=\"fusion-title title fusion-title-5 sep-underline sep-solid fusion-title-text fusion-title-size-four\" style=\"--awb-margin-top-small:0px;--awb-margin-right-small:0px;--awb-margin-bottom-small:20px;--awb-margin-left-small:0px;\"><h4 class=\"fusion-title-heading title-heading-left\" style=\"margin:0;\">COMBIEN<\/h4><\/div><div class=\"fusion-text fusion-text-2\"><p>5.000,&#8211; \u20ac HT tout compris (chambre individuelle \u00e0 Boisbuchet + tous les repas sur place sont inclus)<br \/>\n-prix sp\u00e9cial pour les entreprises de la Nouvelle-Aquitaine : 3.000,&#8211; \u20ac HT gr\u00e2ce \u00e0 la prise en charge de la r\u00e9gion Nouvelle-Aquitaine<\/p>\n<\/div><div class=\"fusion-clearfix\"><\/div><\/div><\/div><\/div><\/div><div class=\"fusion-fullwidth fullwidth-box fusion-builder-row-7 nonhundred-percent-fullwidth non-hundred-percent-height-scrolling\" style=\"--awb-border-radius-top-left:0px;--awb-border-radius-top-right:0px;--awb-border-radius-bottom-right:0px;--awb-border-radius-bottom-left:0px;--awb-flex-wrap:wrap;\" ><div class=\"fusion-builder-row fusion-row\"><div class=\"fusion-layout-column fusion_builder_column fusion-builder-column-8 fusion_builder_column_1_2 1_2 fusion-one-half fusion-column-first\" style=\"--awb-bg-size:cover;width:50%;width:calc(50% - ( ( 4% ) * 0.5 ) );margin-right: 4%;\"><div class=\"fusion-column-wrapper fusion-flex-column-wrapper-legacy\"><div class=\"fusion-title title fusion-title-6 sep-underline sep-solid fusion-title-text fusion-title-size-four\" style=\"--awb-margin-top-small:0px;--awb-margin-right-small:0px;--awb-margin-bottom-small:20px;--awb-margin-left-small:0px;\"><h4 class=\"fusion-title-heading title-heading-left\" style=\"margin:0;\">INSCRIPTION<\/h4><\/div><div class=\"fusion-text fusion-text-3\"><p><a href=\"http:\/\/boisbuchet.org\/experineces\/emballage-2030\/\">https:\/\/www.boisbuchet.org\/experineces\/emballage-2030\/<\/a><br \/>\nplaces limit\u00e9es \u00e0 20 participants (max. 2 personnes par entreprise)<\/p>\n<\/div><div class=\"fusion-title title fusion-title-7 sep-underline sep-solid fusion-title-text fusion-title-size-four\" style=\"--awb-margin-top-small:0px;--awb-margin-right-small:0px;--awb-margin-bottom-small:20px;--awb-margin-left-small:0px;\"><h4 class=\"fusion-title-heading title-heading-left\" style=\"margin:0;\">CONTACT<\/h4><\/div><div class=\"fusion-text fusion-text-4\"><p><a href=\"mailto:frederique.cauvin-doumic@boisbuchet.org\" target=\"_blank\" rel=\"noopener\">frederique.cauvin-doumic@boisbuchet.org<\/a>, +33 (0) 607 665 621<br \/>\n<a href=\"mailto:mathias.schwartz-clauss@boisbuchet.org\" target=\"_blank\" rel=\"noopener\">mathias.schwartz-clauss@boisbuchet.org<\/a>, +33 (0) 078 141 0116<\/p>\n<\/div><div class=\"fusion-title title fusion-title-8 sep-underline sep-solid fusion-title-text fusion-title-size-four\" style=\"--awb-margin-top-small:0px;--awb-margin-right-small:0px;--awb-margin-bottom-small:20px;--awb-margin-left-small:0px;\"><h4 class=\"fusion-title-heading title-heading-left\" style=\"margin:0;\">QUESTIONS<\/h4><\/div><div class=\"fusion-text fusion-text-5\"><p>N&#8217;h\u00e9sitez pas \u00e0 nous contacter si vous avez des questions !<\/p>\n<\/div><div class=\"fusion-clearfix\"><\/div><\/div><\/div><div class=\"fusion-layout-column fusion_builder_column fusion-builder-column-9 fusion_builder_column_1_2 1_2 fusion-one-half fusion-column-last\" style=\"--awb-bg-size:cover;width:50%;width:calc(50% - ( ( 4% ) * 0.5 ) );\"><div class=\"fusion-column-wrapper fusion-flex-column-wrapper-legacy\"><div class=\"fusion-title title fusion-title-9 sep-underline sep-solid fusion-title-text fusion-title-size-four\" style=\"--awb-margin-top-small:0px;--awb-margin-right-small:0px;--awb-margin-bottom-small:20px;--awb-margin-left-small:0px;\"><h4 class=\"fusion-title-heading title-heading-left\" style=\"margin:0;\">Voulez savoir plus?<\/h4><\/div><div class=\"fusion-text fusion-text-6\">\n<div class=\"wpcf7 no-js\" id=\"wpcf7-f1655-o1\" lang=\"en-US\" dir=\"ltr\" data-wpcf7-id=\"1655\">\n<div class=\"screen-reader-response\"><p role=\"status\" aria-live=\"polite\" aria-atomic=\"true\"><\/p> <ul><\/ul><\/div>\n<form action=\"\/fr\/wp-json\/wp\/v2\/pages\/3437#wpcf7-f1655-o1\" method=\"post\" class=\"wpcf7-form init\" aria-label=\"Contact form\" novalidate=\"novalidate\" data-status=\"init\">\n<fieldset class=\"hidden-fields-container\"><input type=\"hidden\" name=\"_wpcf7\" value=\"1655\" \/><input type=\"hidden\" name=\"_wpcf7_version\" value=\"6.1.5\" \/><input type=\"hidden\" name=\"_wpcf7_locale\" value=\"en_US\" \/><input type=\"hidden\" name=\"_wpcf7_unit_tag\" value=\"wpcf7-f1655-o1\" \/><input type=\"hidden\" name=\"_wpcf7_container_post\" value=\"0\" \/><input type=\"hidden\" name=\"_wpcf7_posted_data_hash\" value=\"\" \/>\n<\/fieldset>\n<div class=\"fusion-one-half one_half fusion-layout-column fusion-spacing-yes\">\n\t<p><label><br \/>\n<span class=\"wpcf7-form-control-wrap\" data-name=\"your-last-name\"><input size=\"40\" maxlength=\"400\" class=\"wpcf7-form-control wpcf7-text wpcf7-validates-as-required\" aria-required=\"true\" aria-invalid=\"false\" placeholder=\"NOM\" value=\"\" type=\"text\" name=\"your-last-name\" \/><\/span> <\/label>\n\t<\/p>\n<\/div>\n<div class=\"fusion-one-half one_half fusion-layout-column fusion-spacing-yes fusion-column-last\">\n\t<p><label><br \/>\n<span class=\"wpcf7-form-control-wrap\" data-name=\"your-first-name\"><input size=\"40\" maxlength=\"400\" class=\"wpcf7-form-control wpcf7-text wpcf7-validates-as-required\" aria-required=\"true\" aria-invalid=\"false\" placeholder=\"PR\u00c9NOM\" value=\"\" type=\"text\" name=\"your-first-name\" \/><\/span> <\/label>\n\t<\/p>\n<\/div>\n<div class=\"fusion-one-half one_half fusion-layout-column fusion-spacing-yes\">\n\t<p><label><br \/>\n<span class=\"wpcf7-form-control-wrap\" data-name=\"your-position\"><input size=\"40\" maxlength=\"400\" class=\"wpcf7-form-control wpcf7-text\" aria-invalid=\"false\" placeholder=\"FONCTION\" value=\"\" type=\"text\" name=\"your-position\" \/><\/span> <\/label>\n\t<\/p>\n<\/div>\n<div class=\"fusion-one-half one_half fusion-layout-column fusion-spacing-yes fusion-column-last\">\n\t<p><label><br \/>\n<span class=\"wpcf7-form-control-wrap\" data-name=\"your-business\"><input size=\"40\" maxlength=\"400\" class=\"wpcf7-form-control wpcf7-text\" aria-invalid=\"false\" placeholder=\"SOCI\u00c9T\u00c9\" value=\"\" type=\"text\" name=\"your-business\" \/><\/span> <\/label>\n\t<\/p>\n<\/div>\n<div class=\"fusion-one-third one_third fusion-layout-column fusion-spacing-yes\">\n\t<p><label><br \/>\n<span class=\"wpcf7-form-control-wrap\" data-name=\"your-telephone\"><input size=\"40\" maxlength=\"400\" class=\"wpcf7-form-control wpcf7-tel wpcf7-text wpcf7-validates-as-tel\" aria-invalid=\"false\" placeholder=\"T\u00c9L\u00c9PHONE\" value=\"\" type=\"tel\" name=\"your-telephone\" \/><\/span> <\/label>\n\t<\/p>\n<\/div>\n<div class=\"fusion-two-third two_third fusion-layout-column fusion-spacing-yes fusion-column-last\">\n\t<p><label><br \/>\n<span class=\"wpcf7-form-control-wrap\" data-name=\"your-email\"><input size=\"40\" maxlength=\"400\" class=\"wpcf7-form-control wpcf7-email wpcf7-validates-as-required wpcf7-text wpcf7-validates-as-email\" aria-required=\"true\" aria-invalid=\"false\" placeholder=\"E-MAIL\" value=\"\" type=\"email\" name=\"your-email\" \/><\/span> <\/label>\n\t<\/p>\n<\/div>\n<div class=\"fusion-three-fourth three_fourth fusion-layout-column fusion-spacing-yes\">\n\t<p><span class=\"wpcf7-form-control-wrap\" data-name=\"contact-options\"><span class=\"wpcf7-form-control wpcf7-checkbox\"><span class=\"wpcf7-list-item first\"><label><input type=\"checkbox\" name=\"contact-options[]\" value=\"Je veux m&#039;inscrire et recevoir un devis\" \/><span class=\"wpcf7-list-item-label\">Je veux m&#039;inscrire et recevoir un devis<\/span><\/label><\/span><span class=\"wpcf7-list-item last\"><label><input type=\"checkbox\" name=\"contact-options[]\" value=\"Je veux e\u0302tre contacte\u0301 pour en savoir plus\" \/><span class=\"wpcf7-list-item-label\">Je veux e\u0302tre contacte\u0301 pour en savoir plus<\/span><\/label><\/span><\/span><\/span>\n\t<\/p>\n<\/div>\n<div class=\"fusion-one-fourth one_fourth fusion-layout-column fusion-spacing-yes fusion-column-last\">\n\t<p><input class=\"wpcf7-form-control wpcf7-submit has-spinner\" type=\"submit\" value=\"Send\" \/>\n\t<\/p>\n<\/div><div class=\"fusion-alert alert custom alert-custom fusion-alert-center wpcf7-response-output fusion-alert-capitalize awb-alert-native-link-color alert-dismissable awb-alert-close-boxed\" style=\"--awb-border-size:1px;--awb-border-top-left-radius:0px;--awb-border-top-right-radius:0px;--awb-border-bottom-left-radius:0px;--awb-border-bottom-right-radius:0px;\" role=\"alert\"><div class=\"fusion-alert-content-wrapper\"><span class=\"fusion-alert-content\"><\/span><\/div><button type=\"button\" class=\"close toggle-alert\" data-dismiss=\"alert\" aria-label=\"Close\">&times;<\/button><\/div>\n<\/form>\n<\/div>\n\n<\/div><div class=\"fusion-clearfix\"><\/div><\/div><\/div><\/div><\/div>\n","protected":false},"excerpt":{"rendered":"","protected":false},"author":1,"featured_media":0,"parent":2038,"menu_order":0,"comment_status":"closed","ping_status":"closed","template":"","meta":{"_monsterinsights_skip_tracking":false,"_monsterinsights_sitenote_active":false,"_monsterinsights_sitenote_note":"","_monsterinsights_sitenote_category":0,"footnotes":""},"class_list":["post-3437","page","type-page","status-publish","hentry"],"yoast_head":"<!-- This site is optimized with the Yoast SEO plugin v27.1.1 - https:\/\/yoast.com\/product\/yoast-seo-wordpress\/ -->\n<title>Programme | Domaine de Boisbuchet<\/title>\n<meta name=\"robots\" content=\"index, follow, max-snippet:-1, max-image-preview:large, max-video-preview:-1\" \/>\n<link rel=\"canonical\" href=\"https:\/\/www.boisbuchet.org\/fr\/experiences\/emballage-2030\/programme\/\" \/>\n<meta property=\"og:locale\" content=\"fr_FR\" \/>\n<meta property=\"og:type\" content=\"article\" \/>\n<meta property=\"og:title\" content=\"Programme | Domaine de Boisbuchet\" \/>\n<meta property=\"og:url\" content=\"https:\/\/www.boisbuchet.org\/fr\/experiences\/emballage-2030\/programme\/\" \/>\n<meta property=\"og:site_name\" content=\"Domaine de Boisbuchet\" \/>\n<meta property=\"article:publisher\" content=\"https:\/\/www.facebook.com\/boisbuchet\" \/>\n<meta property=\"article:modified_time\" content=\"2019-02-22T18:53:51+00:00\" \/>\n<meta name=\"twitter:card\" content=\"summary_large_image\" \/>\n<meta name=\"twitter:site\" content=\"@boisbuchet\" \/>\n<meta name=\"twitter:label1\" content=\"Dur\u00e9e de lecture estim\u00e9e\" \/>\n\t<meta name=\"twitter:data1\" content=\"56 minutes\" \/>\n<script type=\"application\/ld+json\" class=\"yoast-schema-graph\">{\"@context\":\"https:\/\/schema.org\",\"@graph\":[{\"@type\":\"WebPage\",\"@id\":\"https:\/\/www.boisbuchet.org\/fr\/experiences\/emballage-2030\/programme\/\",\"url\":\"https:\/\/www.boisbuchet.org\/fr\/experiences\/emballage-2030\/programme\/\",\"name\":\"Programme | Domaine de Boisbuchet\",\"isPartOf\":{\"@id\":\"https:\/\/www.boisbuchet.org\/#website\"},\"datePublished\":\"2019-02-20T16:58:20+00:00\",\"dateModified\":\"2019-02-22T18:53:51+00:00\",\"breadcrumb\":{\"@id\":\"https:\/\/www.boisbuchet.org\/fr\/experiences\/emballage-2030\/programme\/#breadcrumb\"},\"inLanguage\":\"fr-FR\",\"potentialAction\":[{\"@type\":\"ReadAction\",\"target\":[\"https:\/\/www.boisbuchet.org\/fr\/experiences\/emballage-2030\/programme\/\"]}]},{\"@type\":\"BreadcrumbList\",\"@id\":\"https:\/\/www.boisbuchet.org\/fr\/experiences\/emballage-2030\/programme\/#breadcrumb\",\"itemListElement\":[{\"@type\":\"ListItem\",\"position\":1,\"name\":\"Home\",\"item\":\"https:\/\/www.boisbuchet.org\/fr\/\"},{\"@type\":\"ListItem\",\"position\":2,\"name\":\"Exp\u00e9riences\",\"item\":\"https:\/\/www.boisbuchet.org\/fr\/experiences\/\"},{\"@type\":\"ListItem\",\"position\":3,\"name\":\"Emballage 2030\",\"item\":\"https:\/\/www.boisbuchet.org\/fr\/experiences\/emballage-2030\/\"},{\"@type\":\"ListItem\",\"position\":4,\"name\":\"Programme\"}]},{\"@type\":\"WebSite\",\"@id\":\"https:\/\/www.boisbuchet.org\/#website\",\"url\":\"https:\/\/www.boisbuchet.org\/\",\"name\":\"Domaine de Boisbuchet\",\"description\":\"Summer Workshops | Park | Event\u00a0Location\",\"publisher\":{\"@id\":\"https:\/\/www.boisbuchet.org\/#organization\"},\"potentialAction\":[{\"@type\":\"SearchAction\",\"target\":{\"@type\":\"EntryPoint\",\"urlTemplate\":\"https:\/\/www.boisbuchet.org\/?s={search_term_string}\"},\"query-input\":{\"@type\":\"PropertyValueSpecification\",\"valueRequired\":true,\"valueName\":\"search_term_string\"}}],\"inLanguage\":\"fr-FR\"},{\"@type\":\"Organization\",\"@id\":\"https:\/\/www.boisbuchet.org\/#organization\",\"name\":\"Domine de Boisbuchet\",\"url\":\"https:\/\/www.boisbuchet.org\/\",\"logo\":{\"@type\":\"ImageObject\",\"inLanguage\":\"fr-FR\",\"@id\":\"https:\/\/www.boisbuchet.org\/#\/schema\/logo\/image\/\",\"url\":\"https:\/\/www.boisbuchet.org\/wp-content\/uploads\/2019\/01\/logo_boisbuchet_black.png\",\"contentUrl\":\"https:\/\/www.boisbuchet.org\/wp-content\/uploads\/2019\/01\/logo_boisbuchet_black.png\",\"width\":200,\"height\":73,\"caption\":\"Domine de Boisbuchet\"},\"image\":{\"@id\":\"https:\/\/www.boisbuchet.org\/#\/schema\/logo\/image\/\"},\"sameAs\":[\"https:\/\/www.facebook.com\/boisbuchet\",\"https:\/\/x.com\/boisbuchet\",\"https:\/\/www.instagram.com\/boisbuchet\",\"https:\/\/www.linkedin.com\/company\/domaine-de-boisbuchet\",\"https:\/\/www.pinterest.com\/boisbuchet\"]}]}<\/script>\n<!-- \/ Yoast SEO plugin. -->","yoast_head_json":{"title":"Programme | Domaine de Boisbuchet","robots":{"index":"index","follow":"follow","max-snippet":"max-snippet:-1","max-image-preview":"max-image-preview:large","max-video-preview":"max-video-preview:-1"},"canonical":"https:\/\/www.boisbuchet.org\/fr\/experiences\/emballage-2030\/programme\/","og_locale":"fr_FR","og_type":"article","og_title":"Programme | Domaine de Boisbuchet","og_url":"https:\/\/www.boisbuchet.org\/fr\/experiences\/emballage-2030\/programme\/","og_site_name":"Domaine de Boisbuchet","article_publisher":"https:\/\/www.facebook.com\/boisbuchet","article_modified_time":"2019-02-22T18:53:51+00:00","twitter_card":"summary_large_image","twitter_site":"@boisbuchet","twitter_misc":{"Dur\u00e9e de lecture estim\u00e9e":"56 minutes"},"schema":{"@context":"https:\/\/schema.org","@graph":[{"@type":"WebPage","@id":"https:\/\/www.boisbuchet.org\/fr\/experiences\/emballage-2030\/programme\/","url":"https:\/\/www.boisbuchet.org\/fr\/experiences\/emballage-2030\/programme\/","name":"Programme | Domaine de Boisbuchet","isPartOf":{"@id":"https:\/\/www.boisbuchet.org\/#website"},"datePublished":"2019-02-20T16:58:20+00:00","dateModified":"2019-02-22T18:53:51+00:00","breadcrumb":{"@id":"https:\/\/www.boisbuchet.org\/fr\/experiences\/emballage-2030\/programme\/#breadcrumb"},"inLanguage":"fr-FR","potentialAction":[{"@type":"ReadAction","target":["https:\/\/www.boisbuchet.org\/fr\/experiences\/emballage-2030\/programme\/"]}]},{"@type":"BreadcrumbList","@id":"https:\/\/www.boisbuchet.org\/fr\/experiences\/emballage-2030\/programme\/#breadcrumb","itemListElement":[{"@type":"ListItem","position":1,"name":"Home","item":"https:\/\/www.boisbuchet.org\/fr\/"},{"@type":"ListItem","position":2,"name":"Exp\u00e9riences","item":"https:\/\/www.boisbuchet.org\/fr\/experiences\/"},{"@type":"ListItem","position":3,"name":"Emballage 2030","item":"https:\/\/www.boisbuchet.org\/fr\/experiences\/emballage-2030\/"},{"@type":"ListItem","position":4,"name":"Programme"}]},{"@type":"WebSite","@id":"https:\/\/www.boisbuchet.org\/#website","url":"https:\/\/www.boisbuchet.org\/","name":"Domaine de Boisbuchet","description":"Summer Workshops | Park | Event\u00a0Location","publisher":{"@id":"https:\/\/www.boisbuchet.org\/#organization"},"potentialAction":[{"@type":"SearchAction","target":{"@type":"EntryPoint","urlTemplate":"https:\/\/www.boisbuchet.org\/?s={search_term_string}"},"query-input":{"@type":"PropertyValueSpecification","valueRequired":true,"valueName":"search_term_string"}}],"inLanguage":"fr-FR"},{"@type":"Organization","@id":"https:\/\/www.boisbuchet.org\/#organization","name":"Domine de Boisbuchet","url":"https:\/\/www.boisbuchet.org\/","logo":{"@type":"ImageObject","inLanguage":"fr-FR","@id":"https:\/\/www.boisbuchet.org\/#\/schema\/logo\/image\/","url":"https:\/\/www.boisbuchet.org\/wp-content\/uploads\/2019\/01\/logo_boisbuchet_black.png","contentUrl":"https:\/\/www.boisbuchet.org\/wp-content\/uploads\/2019\/01\/logo_boisbuchet_black.png","width":200,"height":73,"caption":"Domine de Boisbuchet"},"image":{"@id":"https:\/\/www.boisbuchet.org\/#\/schema\/logo\/image\/"},"sameAs":["https:\/\/www.facebook.com\/boisbuchet","https:\/\/x.com\/boisbuchet","https:\/\/www.instagram.com\/boisbuchet","https:\/\/www.linkedin.com\/company\/domaine-de-boisbuchet","https:\/\/www.pinterest.com\/boisbuchet"]}]}},"_links":{"self":[{"href":"https:\/\/www.boisbuchet.org\/fr\/wp-json\/wp\/v2\/pages\/3437","targetHints":{"allow":["GET"]}}],"collection":[{"href":"https:\/\/www.boisbuchet.org\/fr\/wp-json\/wp\/v2\/pages"}],"about":[{"href":"https:\/\/www.boisbuchet.org\/fr\/wp-json\/wp\/v2\/types\/page"}],"author":[{"embeddable":true,"href":"https:\/\/www.boisbuchet.org\/fr\/wp-json\/wp\/v2\/users\/1"}],"replies":[{"embeddable":true,"href":"https:\/\/www.boisbuchet.org\/fr\/wp-json\/wp\/v2\/comments?post=3437"}],"version-history":[{"count":4,"href":"https:\/\/www.boisbuchet.org\/fr\/wp-json\/wp\/v2\/pages\/3437\/revisions"}],"predecessor-version":[{"id":5134,"href":"https:\/\/www.boisbuchet.org\/fr\/wp-json\/wp\/v2\/pages\/3437\/revisions\/5134"}],"up":[{"embeddable":true,"href":"https:\/\/www.boisbuchet.org\/fr\/wp-json\/wp\/v2\/pages\/2038"}],"wp:attachment":[{"href":"https:\/\/www.boisbuchet.org\/fr\/wp-json\/wp\/v2\/media?parent=3437"}],"curies":[{"name":"wp","href":"https:\/\/api.w.org\/{rel}","templated":true}]}}