{"id":3726,"date":"2019-02-20T21:44:35","date_gmt":"2019-02-20T20:44:35","guid":{"rendered":"https:\/\/www.boisbuchet.org\/staging\/visitez-le-domaine\/parc-architectural\/"},"modified":"2025-05-19T14:27:09","modified_gmt":"2025-05-19T12:27:09","slug":"parc-architectural","status":"publish","type":"page","link":"https:\/\/www.boisbuchet.org\/fr\/visitez-le-domaine\/parc-architectural\/","title":{"rendered":"Parc Architectural"},"content":{"rendered":"<div class=\"fusion-fullwidth fullwidth-box fusion-builder-row-1 nonhundred-percent-fullwidth non-hundred-percent-height-scrolling\" style=\"--awb-border-radius-top-left:0px;--awb-border-radius-top-right:0px;--awb-border-radius-bottom-right:0px;--awb-border-radius-bottom-left:0px;--awb-flex-wrap:wrap;\" ><div class=\"fusion-builder-row fusion-row\"><div class=\"fusion-layout-column fusion_builder_column fusion-builder-column-0 fusion_builder_column_1_1 1_1 fusion-one-full fusion-column-first fusion-column-last\" style=\"--awb-bg-size:cover;\"><div class=\"fusion-column-wrapper fusion-flex-column-wrapper-legacy\"><div class=\"fusion-title title fusion-title-1 fusion-sep-none fusion-title-center fusion-title-text fusion-title-size-three\" style=\"--awb-text-color:#999999;--awb-margin-top-small:0px;--awb-margin-right-small:0px;--awb-margin-bottom-small:20px;--awb-margin-left-small:0px;\"><h3 class=\"fusion-title-heading title-heading-center\" style=\"margin:0;\">VISITEZ BOISBUCHET<\/h3><\/div><div class=\"fusion-title title fusion-title-2 fusion-title-center fusion-title-text fusion-title-size-one\" style=\"--awb-text-color:#333333;--awb-margin-top-small:0px;--awb-margin-right-small:0px;--awb-margin-bottom-small:20px;--awb-margin-left-small:0px;\"><div class=\"title-sep-container title-sep-container-left\"><div class=\"title-sep sep-single sep-solid\" style=\"border-color:#e0dede;\"><\/div><\/div><span class=\"awb-title-spacer\"><\/span><h1 class=\"fusion-title-heading title-heading-center\" style=\"margin:0;letter-spacing:5px;\">PARC ARCHITECTURAL<\/h1><span class=\"awb-title-spacer\"><\/span><div class=\"title-sep-container title-sep-container-right\"><div class=\"title-sep sep-single sep-solid\" style=\"border-color:#e0dede;\"><\/div><\/div><\/div><div class=\"fusion-clearfix\"><\/div><\/div><\/div><\/div><\/div><div class=\"fusion-fullwidth fullwidth-box fusion-builder-row-2 nonhundred-percent-fullwidth non-hundred-percent-height-scrolling\" style=\"--awb-border-radius-top-left:0px;--awb-border-radius-top-right:0px;--awb-border-radius-bottom-right:0px;--awb-border-radius-bottom-left:0px;--awb-padding-top:0px;--awb-padding-right:0px;--awb-padding-bottom:0px;--awb-padding-left:0px;--awb-flex-wrap:wrap;\" ><div class=\"fusion-builder-row fusion-row\"><div class=\"fusion-layout-column fusion_builder_column fusion-builder-column-1 fusion_builder_column_1_1 1_1 fusion-one-full fusion-column-first fusion-column-last\" style=\"--awb-bg-size:cover;\"><div class=\"fusion-column-wrapper fusion-flex-column-wrapper-legacy\"><div class=\"fusion-image-element fusion-image-align-center in-legacy-container\" style=\"text-align:center;--awb-caption-title-font-family:var(--h2_typography-font-family);--awb-caption-title-font-weight:var(--h2_typography-font-weight);--awb-caption-title-font-style:var(--h2_typography-font-style);--awb-caption-title-size:var(--h2_typography-font-size);--awb-caption-title-transform:var(--h2_typography-text-transform);--awb-caption-title-line-height:var(--h2_typography-line-height);--awb-caption-title-letter-spacing:var(--h2_typography-letter-spacing);\"><div class=\"imageframe-align-center\"><span class=\" fusion-imageframe imageframe-none imageframe-1 hover-type-none\"><a href=\"https:\/\/www.boisbuchet.org\/wp-content\/uploads\/2019\/02\/Road-map-1.jpg\" class=\"fusion-lightbox\" data-rel=\"iLightbox[4f40830e897fabb4599]\" data-title=\"Road-map-1\" title=\"Road-map-1\"><img decoding=\"async\" width=\"1920\" height=\"1280\" src=\"https:\/\/www.boisbuchet.org\/wp-content\/uploads\/2019\/02\/Road-map-1.jpg\" alt class=\"img-responsive wp-image-3761\" srcset=\"https:\/\/www.boisbuchet.org\/wp-content\/uploads\/2019\/02\/Road-map-1-200x133.jpg 200w, https:\/\/www.boisbuchet.org\/wp-content\/uploads\/2019\/02\/Road-map-1-400x267.jpg 400w, https:\/\/www.boisbuchet.org\/wp-content\/uploads\/2019\/02\/Road-map-1-600x400.jpg 600w, https:\/\/www.boisbuchet.org\/wp-content\/uploads\/2019\/02\/Road-map-1-800x533.jpg 800w, https:\/\/www.boisbuchet.org\/wp-content\/uploads\/2019\/02\/Road-map-1-1200x800.jpg 1200w, https:\/\/www.boisbuchet.org\/wp-content\/uploads\/2019\/02\/Road-map-1.jpg 1920w\" sizes=\"(max-width: 800px) 100vw, 1200px\" \/><\/a><\/span><\/div><\/div><div class=\"fusion-sep-clear\"><\/div><div class=\"fusion-separator fusion-full-width-sep\" style=\"margin-left: auto;margin-right: auto;margin-top:50px;margin-bottom:50px;width:100%;\"><div class=\"fusion-separator-border sep-single sep-solid\" style=\"--awb-height:20px;--awb-amount:20px;border-color:#e0dede;border-top-width:1px;\"><\/div><\/div><div class=\"fusion-sep-clear\"><\/div><div class=\"fusion-clearfix\"><\/div><\/div><\/div><\/div><\/div><div class=\"fusion-fullwidth fullwidth-box fusion-builder-row-3 nonhundred-percent-fullwidth non-hundred-percent-height-scrolling\" style=\"--awb-border-radius-top-left:0px;--awb-border-radius-top-right:0px;--awb-border-radius-bottom-right:0px;--awb-border-radius-bottom-left:0px;--awb-flex-wrap:wrap;\" ><div class=\"fusion-builder-row fusion-row\"><div class=\"fusion-layout-column fusion_builder_column fusion-builder-column-2 fusion_builder_column_3_5 3_5 fusion-three-fifth fusion-column-first\" style=\"--awb-bg-size:cover;width:60%;width:calc(60% - ( ( 4% ) * 0.6 ) );margin-right: 4%;\"><div class=\"fusion-column-wrapper fusion-flex-column-wrapper-legacy\"><div class=\"fusion-image-element in-legacy-container\" style=\"--awb-caption-title-font-family:var(--h2_typography-font-family);--awb-caption-title-font-weight:var(--h2_typography-font-weight);--awb-caption-title-font-style:var(--h2_typography-font-style);--awb-caption-title-size:var(--h2_typography-font-size);--awb-caption-title-transform:var(--h2_typography-text-transform);--awb-caption-title-line-height:var(--h2_typography-line-height);--awb-caption-title-letter-spacing:var(--h2_typography-letter-spacing);\"><span class=\" fusion-imageframe imageframe-none imageframe-2 hover-type-none\"><img decoding=\"async\" width=\"1920\" height=\"1080\" title=\"ArchitecturalPark-Chateau\" src=\"https:\/\/www.boisbuchet.org\/wp-content\/uploads\/2019\/02\/ArchitecturalPark-Chateau.jpg\" alt class=\"img-responsive wp-image-3733\" srcset=\"https:\/\/www.boisbuchet.org\/wp-content\/uploads\/2019\/02\/ArchitecturalPark-Chateau-200x113.jpg 200w, https:\/\/www.boisbuchet.org\/wp-content\/uploads\/2019\/02\/ArchitecturalPark-Chateau-400x225.jpg 400w, https:\/\/www.boisbuchet.org\/wp-content\/uploads\/2019\/02\/ArchitecturalPark-Chateau-600x338.jpg 600w, https:\/\/www.boisbuchet.org\/wp-content\/uploads\/2019\/02\/ArchitecturalPark-Chateau-800x450.jpg 800w, https:\/\/www.boisbuchet.org\/wp-content\/uploads\/2019\/02\/ArchitecturalPark-Chateau-1200x675.jpg 1200w, https:\/\/www.boisbuchet.org\/wp-content\/uploads\/2019\/02\/ArchitecturalPark-Chateau.jpg 1920w\" sizes=\"(max-width: 800px) 100vw, 800px\" \/><\/span><\/div><div class=\"fusion-clearfix\"><\/div><\/div><\/div><div class=\"fusion-layout-column fusion_builder_column fusion-builder-column-3 fusion_builder_column_2_5 2_5 fusion-two-fifth fusion-column-last\" style=\"--awb-bg-size:cover;width:40%;width:calc(40% - ( ( 4% ) * 0.4 ) );\"><div class=\"fusion-column-wrapper fusion-flex-column-wrapper-legacy\"><div class=\"fusion-text fusion-text-1\"><h3>Le Ch\u00e2teau de Boisbuchet<\/h3>\n<\/p>\n<div class=\"page\" title=\"Page 1\">\n<div class=\"layoutArea\">\n<div class=\"column\">\n<p>Construit sur le site de deux structures ant\u00e9rieures datant de si\u00e8cles pass\u00e9s, le ch\u00e2teau actuel de Boisbuchet se dresse sur une colline dominant la rivi\u00e8re Vienne, comme un manoir typique du XIXe si\u00e8cle. Ce b\u00e2timent historiciste est compos\u00e9 de cinq volumes imbriqu\u00e9s de formes et de tailles vari\u00e9es. Apr\u00e8s avoir \u00e9t\u00e9 ravag\u00e9 par des squatteurs et \u00eatre rest\u00e9 \u00e0 l\u2019abandon pendant des ann\u00e9es, il est aujourd\u2019hui en cours de restauration minutieuse, commenc\u00e9e en 1991 par une r\u00e9fection compl\u00e8te de la toiture r\u00e9alis\u00e9e par l\u2019Universit\u00e9 technique de Vilnius. Soutenus par des financements publics, deux \u00e9tages ont \u00e9t\u00e9 r\u00e9nov\u00e9s pour accueillir des expositions temporaires.<\/p>\n<\/div>\n<\/div>\n<\/div>\n<\/div><div class=\"fusion-clearfix\"><\/div><\/div><\/div><\/div><\/div><div class=\"fusion-fullwidth fullwidth-box fusion-builder-row-4 nonhundred-percent-fullwidth non-hundred-percent-height-scrolling\" style=\"--awb-border-radius-top-left:0px;--awb-border-radius-top-right:0px;--awb-border-radius-bottom-right:0px;--awb-border-radius-bottom-left:0px;--awb-flex-wrap:wrap;\" ><div class=\"fusion-builder-row fusion-row\"><div class=\"fusion-layout-column fusion_builder_column fusion-builder-column-4 fusion_builder_column_3_5 3_5 fusion-three-fifth fusion-column-first\" style=\"--awb-bg-size:cover;width:60%;width:calc(60% - ( ( 4% ) * 0.6 ) );margin-right: 4%;\"><div class=\"fusion-column-wrapper fusion-flex-column-wrapper-legacy\"><div class=\"fusion-image-element in-legacy-container\" style=\"--awb-caption-title-font-family:var(--h2_typography-font-family);--awb-caption-title-font-weight:var(--h2_typography-font-weight);--awb-caption-title-font-style:var(--h2_typography-font-style);--awb-caption-title-size:var(--h2_typography-font-size);--awb-caption-title-transform:var(--h2_typography-text-transform);--awb-caption-title-line-height:var(--h2_typography-line-height);--awb-caption-title-letter-spacing:var(--h2_typography-letter-spacing);\"><span class=\" fusion-imageframe imageframe-none imageframe-3 hover-type-none\"><img decoding=\"async\" width=\"1920\" height=\"1080\" title=\"ArchitecturalPark-Dependance\" src=\"https:\/\/www.boisbuchet.org\/wp-content\/uploads\/2019\/02\/ArchitecturalPark-Dependance.jpg\" alt class=\"img-responsive wp-image-3756\" srcset=\"https:\/\/www.boisbuchet.org\/wp-content\/uploads\/2019\/02\/ArchitecturalPark-Dependance-200x113.jpg 200w, https:\/\/www.boisbuchet.org\/wp-content\/uploads\/2019\/02\/ArchitecturalPark-Dependance-400x225.jpg 400w, https:\/\/www.boisbuchet.org\/wp-content\/uploads\/2019\/02\/ArchitecturalPark-Dependance-600x338.jpg 600w, https:\/\/www.boisbuchet.org\/wp-content\/uploads\/2019\/02\/ArchitecturalPark-Dependance-800x450.jpg 800w, https:\/\/www.boisbuchet.org\/wp-content\/uploads\/2019\/02\/ArchitecturalPark-Dependance-1200x675.jpg 1200w, https:\/\/www.boisbuchet.org\/wp-content\/uploads\/2019\/02\/ArchitecturalPark-Dependance.jpg 1920w\" sizes=\"(max-width: 800px) 100vw, 800px\" \/><\/span><\/div><div class=\"fusion-clearfix\"><\/div><\/div><\/div><div class=\"fusion-layout-column fusion_builder_column fusion-builder-column-5 fusion_builder_column_2_5 2_5 fusion-two-fifth fusion-column-last\" style=\"--awb-bg-size:cover;width:40%;width:calc(40% - ( ( 4% ) * 0.4 ) );\"><div class=\"fusion-column-wrapper fusion-flex-column-wrapper-legacy\"><div class=\"fusion-text fusion-text-2\"><h3>Dependance<\/h3>\n<p>Ba\u0302ties vers 1860, elles constituaient le ba\u0302timent administratif pour toutes les fermes appartenant au Domaine et accueillaient en outre les e\u0301curies, la blanchisserie, l\u2019entrepo\u0302t a\u0300 ce\u0301re\u0301ales, etc. Aujourd\u2019hui, on y a ame\u0301nage\u0301 des chambres d\u2019ho\u0302tes, des dortoirs, des bureaux, des salles de confe\u0301rence et points d\u2019acce\u0300s a\u0300 Internet.<\/p>\n<\/div><div class=\"fusion-clearfix\"><\/div><\/div><\/div><\/div><\/div><div class=\"fusion-fullwidth fullwidth-box fusion-builder-row-5 nonhundred-percent-fullwidth non-hundred-percent-height-scrolling\" style=\"--awb-border-radius-top-left:0px;--awb-border-radius-top-right:0px;--awb-border-radius-bottom-right:0px;--awb-border-radius-bottom-left:0px;--awb-flex-wrap:wrap;\" ><div class=\"fusion-builder-row fusion-row\"><div class=\"fusion-layout-column fusion_builder_column fusion-builder-column-6 fusion_builder_column_3_5 3_5 fusion-three-fifth fusion-column-first\" style=\"--awb-bg-size:cover;width:60%;width:calc(60% - ( ( 4% ) * 0.6 ) );margin-right: 4%;\"><div class=\"fusion-column-wrapper fusion-flex-column-wrapper-legacy\"><div class=\"fusion-image-element in-legacy-container\" style=\"--awb-caption-title-font-family:var(--h2_typography-font-family);--awb-caption-title-font-weight:var(--h2_typography-font-weight);--awb-caption-title-font-style:var(--h2_typography-font-style);--awb-caption-title-size:var(--h2_typography-font-size);--awb-caption-title-transform:var(--h2_typography-text-transform);--awb-caption-title-line-height:var(--h2_typography-line-height);--awb-caption-title-letter-spacing:var(--h2_typography-letter-spacing);\"><span class=\" fusion-imageframe imageframe-none imageframe-4 hover-type-none\"><img decoding=\"async\" width=\"1920\" height=\"1080\" title=\"ArchitecturalPark-JapaneseHouse\" src=\"https:\/\/www.boisbuchet.org\/wp-content\/uploads\/2019\/02\/ArchitecturalPark-JapaneseHouse.jpg\" alt class=\"img-responsive wp-image-3735\" srcset=\"https:\/\/www.boisbuchet.org\/wp-content\/uploads\/2019\/02\/ArchitecturalPark-JapaneseHouse-200x113.jpg 200w, https:\/\/www.boisbuchet.org\/wp-content\/uploads\/2019\/02\/ArchitecturalPark-JapaneseHouse-400x225.jpg 400w, https:\/\/www.boisbuchet.org\/wp-content\/uploads\/2019\/02\/ArchitecturalPark-JapaneseHouse-600x338.jpg 600w, https:\/\/www.boisbuchet.org\/wp-content\/uploads\/2019\/02\/ArchitecturalPark-JapaneseHouse-800x450.jpg 800w, https:\/\/www.boisbuchet.org\/wp-content\/uploads\/2019\/02\/ArchitecturalPark-JapaneseHouse-1200x675.jpg 1200w, https:\/\/www.boisbuchet.org\/wp-content\/uploads\/2019\/02\/ArchitecturalPark-JapaneseHouse.jpg 1920w\" sizes=\"(max-width: 800px) 100vw, 800px\" \/><\/span><\/div><div class=\"fusion-clearfix\"><\/div><\/div><\/div><div class=\"fusion-layout-column fusion_builder_column fusion-builder-column-7 fusion_builder_column_2_5 2_5 fusion-two-fifth fusion-column-last\" style=\"--awb-bg-size:cover;width:40%;width:calc(40% - ( ( 4% ) * 0.4 ) );\"><div class=\"fusion-column-wrapper fusion-flex-column-wrapper-legacy\"><div class=\"fusion-text fusion-text-3\"><h3>La maison d\u2019h\u00f4tes japonaise<\/h3>\n<p>La maison d\u2019ho\u0302tes traditionnelle (kyakuden) faisait partie d\u2019une grande proprie\u0301te\u0301 situe\u0301e dans la pre\u0301fecture de Shimane a\u0300 l\u2019ouest du Japon et date de 1863, l\u2019e\u0301poque de la construction du cha\u0302teau de Boisbuchet. Offerte par la Kominka Research Society, elle fut de\u0301monte\u0301e en 2008 de son lieu d\u2019origine, documente\u0301e, restaure\u0301e puis amene\u0301e en Charente ou\u0300 elle a e\u0301te\u0301 reconstruite dans sa forme d\u2019origine avec l\u2019aide d\u2019artisans japonais. La construction en bois et en argile entie\u0300rement e\u0301rige\u0301e sans clous ni vis comprend deux grandes pie\u0300ces et un corridor en angle, qui sont se\u0301pare\u0301es par des shoji.<\/p>\n<\/div><div class=\"fusion-clearfix\"><\/div><\/div><\/div><\/div><\/div><div class=\"fusion-fullwidth fullwidth-box fusion-builder-row-6 nonhundred-percent-fullwidth non-hundred-percent-height-scrolling\" style=\"--awb-border-radius-top-left:0px;--awb-border-radius-top-right:0px;--awb-border-radius-bottom-right:0px;--awb-border-radius-bottom-left:0px;--awb-flex-wrap:wrap;\" ><div class=\"fusion-builder-row fusion-row\"><div class=\"fusion-layout-column fusion_builder_column fusion-builder-column-8 fusion_builder_column_3_5 3_5 fusion-three-fifth fusion-column-first\" style=\"--awb-bg-size:cover;width:60%;width:calc(60% - ( ( 4% ) * 0.6 ) );margin-right: 4%;\"><div class=\"fusion-column-wrapper fusion-flex-column-wrapper-legacy\"><div class=\"fusion-image-element in-legacy-container\" style=\"--awb-caption-title-font-family:var(--h2_typography-font-family);--awb-caption-title-font-weight:var(--h2_typography-font-weight);--awb-caption-title-font-style:var(--h2_typography-font-style);--awb-caption-title-size:var(--h2_typography-font-size);--awb-caption-title-transform:var(--h2_typography-text-transform);--awb-caption-title-line-height:var(--h2_typography-line-height);--awb-caption-title-letter-spacing:var(--h2_typography-letter-spacing);\"><span class=\" fusion-imageframe imageframe-none imageframe-5 hover-type-none\"><img decoding=\"async\" width=\"1920\" height=\"1080\" title=\"ArchitecturalPark-SigeruBan\" src=\"https:\/\/www.boisbuchet.org\/wp-content\/uploads\/2019\/02\/ArchitecturalPark-SigeruBan.jpg\" alt class=\"img-responsive wp-image-3738\" srcset=\"https:\/\/www.boisbuchet.org\/wp-content\/uploads\/2019\/02\/ArchitecturalPark-SigeruBan-200x113.jpg 200w, https:\/\/www.boisbuchet.org\/wp-content\/uploads\/2019\/02\/ArchitecturalPark-SigeruBan-400x225.jpg 400w, https:\/\/www.boisbuchet.org\/wp-content\/uploads\/2019\/02\/ArchitecturalPark-SigeruBan-600x338.jpg 600w, https:\/\/www.boisbuchet.org\/wp-content\/uploads\/2019\/02\/ArchitecturalPark-SigeruBan-800x450.jpg 800w, https:\/\/www.boisbuchet.org\/wp-content\/uploads\/2019\/02\/ArchitecturalPark-SigeruBan-1200x675.jpg 1200w, https:\/\/www.boisbuchet.org\/wp-content\/uploads\/2019\/02\/ArchitecturalPark-SigeruBan.jpg 1920w\" sizes=\"(max-width: 800px) 100vw, 800px\" \/><\/span><\/div><div class=\"fusion-clearfix\"><\/div><\/div><\/div><div class=\"fusion-layout-column fusion_builder_column fusion-builder-column-9 fusion_builder_column_2_5 2_5 fusion-two-fifth fusion-column-last\" style=\"--awb-bg-size:cover;width:40%;width:calc(40% - ( ( 4% ) * 0.4 ) );\"><div class=\"fusion-column-wrapper fusion-flex-column-wrapper-legacy\"><div class=\"fusion-text fusion-text-4\"><h3>Le pavillon de papier<\/h3>\n<p>Conc\u0327u par Shigeru Ban, gagnant du Pritzker Prize 2014, ce pavillon est son premier e\u0301di ce permanent en Europe. L\u2019architecte a fait appel a\u0300 des assemblages de bois et des tubes de papier recycle\u0301, comme ceux qu\u2019il avait de\u0301ja\u0300 utilise\u0301s pour le pavillon japonais de l\u2019Expo 2000. Afin que la pie\u0300ce construite sur un socle de be\u0301ton puisse e\u0302tre utilise\u0301e toute l\u2019anne\u0301e, le pavillon a ensuite e\u0301te\u0301 pourvu de fac\u0327ades en aluminium et en verre. Le reve\u0302tement d\u2019origine en panneaux synthe\u0301tiques incurve\u0301s a e\u0301te\u0301 remplace\u0301 par une banne translucide.<\/p>\n<\/div><div class=\"fusion-clearfix\"><\/div><\/div><\/div><\/div><\/div><div class=\"fusion-fullwidth fullwidth-box fusion-builder-row-7 nonhundred-percent-fullwidth non-hundred-percent-height-scrolling\" style=\"--awb-border-radius-top-left:0px;--awb-border-radius-top-right:0px;--awb-border-radius-bottom-right:0px;--awb-border-radius-bottom-left:0px;--awb-flex-wrap:wrap;\" ><div class=\"fusion-builder-row fusion-row\"><div class=\"fusion-layout-column fusion_builder_column fusion-builder-column-10 fusion_builder_column_3_5 3_5 fusion-three-fifth fusion-column-first\" style=\"--awb-bg-size:cover;width:60%;width:calc(60% - ( ( 4% ) * 0.6 ) );margin-right: 4%;\"><div class=\"fusion-column-wrapper fusion-flex-column-wrapper-legacy\"><div class=\"fusion-image-element in-legacy-container\" style=\"--awb-caption-title-font-family:var(--h2_typography-font-family);--awb-caption-title-font-weight:var(--h2_typography-font-weight);--awb-caption-title-font-style:var(--h2_typography-font-style);--awb-caption-title-size:var(--h2_typography-font-size);--awb-caption-title-transform:var(--h2_typography-text-transform);--awb-caption-title-line-height:var(--h2_typography-line-height);--awb-caption-title-letter-spacing:var(--h2_typography-letter-spacing);\"><span class=\" fusion-imageframe imageframe-none imageframe-6 hover-type-none\"><img decoding=\"async\" width=\"1920\" height=\"1080\" title=\"ArchitecturalPark-TechstyleHaus\" src=\"https:\/\/www.boisbuchet.org\/wp-content\/uploads\/2019\/02\/ArchitecturalPark-TechstyleHaus.jpg\" alt class=\"img-responsive wp-image-3754\" srcset=\"https:\/\/www.boisbuchet.org\/wp-content\/uploads\/2019\/02\/ArchitecturalPark-TechstyleHaus-200x113.jpg 200w, https:\/\/www.boisbuchet.org\/wp-content\/uploads\/2019\/02\/ArchitecturalPark-TechstyleHaus-400x225.jpg 400w, https:\/\/www.boisbuchet.org\/wp-content\/uploads\/2019\/02\/ArchitecturalPark-TechstyleHaus-600x338.jpg 600w, https:\/\/www.boisbuchet.org\/wp-content\/uploads\/2019\/02\/ArchitecturalPark-TechstyleHaus-800x450.jpg 800w, https:\/\/www.boisbuchet.org\/wp-content\/uploads\/2019\/02\/ArchitecturalPark-TechstyleHaus-1200x675.jpg 1200w, https:\/\/www.boisbuchet.org\/wp-content\/uploads\/2019\/02\/ArchitecturalPark-TechstyleHaus.jpg 1920w\" sizes=\"(max-width: 800px) 100vw, 800px\" \/><\/span><\/div><div class=\"fusion-clearfix\"><\/div><\/div><\/div><div class=\"fusion-layout-column fusion_builder_column fusion-builder-column-11 fusion_builder_column_2_5 2_5 fusion-two-fifth fusion-column-last\" style=\"--awb-bg-size:cover;width:40%;width:calc(40% - ( ( 4% ) * 0.4 ) );\"><div class=\"fusion-column-wrapper fusion-flex-column-wrapper-legacy\"><div class=\"fusion-text fusion-text-5\"><h3>Techstyle-Haus<\/h3>\n<\/p>\n<div class=\"page\" title=\"Page 1\">\n<div class=\"layoutArea\">\n<div class=\"column\">\n<p>Cette maison, e\u0301nerge\u0301tiquement autonome, a e\u0301te\u0301 de\u0301veloppe\u0301e par des e\u0301tudiants de la Rhode Island School of Design (USA), de la Brown University (USA) et de l\u2019University of Applied Sciences of Erfurt (Allemagne), pour la compe\u0301tition Solar Decathlon Europe 2014, a\u0300 Versailles. Ses parois innovantes en textile forment une enceinte tre\u0300s performante inte\u0301grant des cellules photovoltai\u0308ques exibles ainsi que des unite\u0301s thermiques exploitant l\u2019e\u0301nergie solaire. La consommation d\u2019e\u0301nergie du ba\u0302timent est analyse\u0301e re\u0301gulie\u0300rement pour s\u2019assurer que les standards europe\u0301ens des habitations passives sont respecte\u0301s.<\/p>\n<\/div>\n<\/div>\n<\/div>\n<\/div><div class=\"fusion-clearfix\"><\/div><\/div><\/div><\/div><\/div><div class=\"fusion-fullwidth fullwidth-box fusion-builder-row-8 nonhundred-percent-fullwidth non-hundred-percent-height-scrolling\" style=\"--awb-border-radius-top-left:0px;--awb-border-radius-top-right:0px;--awb-border-radius-bottom-right:0px;--awb-border-radius-bottom-left:0px;--awb-flex-wrap:wrap;\" ><div class=\"fusion-builder-row fusion-row\"><div class=\"fusion-layout-column fusion_builder_column fusion-builder-column-12 fusion_builder_column_3_5 3_5 fusion-three-fifth fusion-column-first\" style=\"--awb-bg-size:cover;width:60%;width:calc(60% - ( ( 4% ) * 0.6 ) );margin-right: 4%;\"><div class=\"fusion-column-wrapper fusion-flex-column-wrapper-legacy\"><div class=\"fusion-image-element in-legacy-container\" style=\"--awb-caption-title-font-family:var(--h2_typography-font-family);--awb-caption-title-font-weight:var(--h2_typography-font-weight);--awb-caption-title-font-style:var(--h2_typography-font-style);--awb-caption-title-size:var(--h2_typography-font-size);--awb-caption-title-transform:var(--h2_typography-text-transform);--awb-caption-title-line-height:var(--h2_typography-line-height);--awb-caption-title-letter-spacing:var(--h2_typography-letter-spacing);\"><span class=\" fusion-imageframe imageframe-none imageframe-7 hover-type-none\"><img decoding=\"async\" width=\"1920\" height=\"1080\" title=\"ArchitecturalPark-Moulin\" src=\"https:\/\/www.boisbuchet.org\/wp-content\/uploads\/2019\/02\/ArchitecturalPark-Moulin.jpg\" alt class=\"img-responsive wp-image-3748\" srcset=\"https:\/\/www.boisbuchet.org\/wp-content\/uploads\/2019\/02\/ArchitecturalPark-Moulin-200x113.jpg 200w, https:\/\/www.boisbuchet.org\/wp-content\/uploads\/2019\/02\/ArchitecturalPark-Moulin-400x225.jpg 400w, https:\/\/www.boisbuchet.org\/wp-content\/uploads\/2019\/02\/ArchitecturalPark-Moulin-600x338.jpg 600w, https:\/\/www.boisbuchet.org\/wp-content\/uploads\/2019\/02\/ArchitecturalPark-Moulin-800x450.jpg 800w, https:\/\/www.boisbuchet.org\/wp-content\/uploads\/2019\/02\/ArchitecturalPark-Moulin-1200x675.jpg 1200w, https:\/\/www.boisbuchet.org\/wp-content\/uploads\/2019\/02\/ArchitecturalPark-Moulin.jpg 1920w\" sizes=\"(max-width: 800px) 100vw, 800px\" \/><\/span><\/div><div class=\"fusion-clearfix\"><\/div><\/div><\/div><div class=\"fusion-layout-column fusion_builder_column fusion-builder-column-13 fusion_builder_column_2_5 2_5 fusion-two-fifth fusion-column-last\" style=\"--awb-bg-size:cover;width:40%;width:calc(40% - ( ( 4% ) * 0.4 ) );\"><div class=\"fusion-column-wrapper fusion-flex-column-wrapper-legacy\"><div class=\"fusion-text fusion-text-6\"><h3>Le moulin<\/h3>\n<p>Le plus ancien ba\u0302timent du domaine encore existant, le moulin historique de Boisbuchet, date du XVIIe sie\u0300cle. En 1993, une grande partie de la ba\u0302tisse a e\u0301te\u0301 de\u0301truite par des inondations, y compris la toiture qui, au XIXe sie\u0300cle, avait e\u0301te\u0301 refaite sur une superbe charpente en che\u0302ne et adapte\u0301e au style du cha\u0302teau actuel. Gra\u0302ce a\u0300 l\u2019e\u0301tat des lieux pre\u0301cis qu\u2019elle avait effectue\u0301 avant les inondations, l\u2019Universite\u0301 des sciences et techniques de Kiev a pu entie\u0300rement restaurer le moulin de\u0300s l\u2019anne\u0301e suivante. Le ba\u0302timent, dans le fondement duquel coule de nouveau un canal, he\u0301berge de\u0301sormais la re\u0301ception du domaine et un bistro ouvert au public.<\/p>\n<\/div><div class=\"fusion-clearfix\"><\/div><\/div><\/div><\/div><\/div><div class=\"fusion-fullwidth fullwidth-box fusion-builder-row-9 nonhundred-percent-fullwidth non-hundred-percent-height-scrolling\" style=\"--awb-border-radius-top-left:0px;--awb-border-radius-top-right:0px;--awb-border-radius-bottom-right:0px;--awb-border-radius-bottom-left:0px;--awb-flex-wrap:wrap;\" ><div class=\"fusion-builder-row fusion-row\"><div class=\"fusion-layout-column fusion_builder_column fusion-builder-column-14 fusion_builder_column_3_5 3_5 fusion-three-fifth fusion-column-first\" style=\"--awb-bg-size:cover;width:60%;width:calc(60% - ( ( 4% ) * 0.6 ) );margin-right: 4%;\"><div class=\"fusion-column-wrapper fusion-flex-column-wrapper-legacy\"><div class=\"fusion-image-element in-legacy-container\" style=\"--awb-caption-title-font-family:var(--h2_typography-font-family);--awb-caption-title-font-weight:var(--h2_typography-font-weight);--awb-caption-title-font-style:var(--h2_typography-font-style);--awb-caption-title-size:var(--h2_typography-font-size);--awb-caption-title-transform:var(--h2_typography-text-transform);--awb-caption-title-line-height:var(--h2_typography-line-height);--awb-caption-title-letter-spacing:var(--h2_typography-letter-spacing);\"><span class=\" fusion-imageframe imageframe-none imageframe-8 hover-type-none\"><img decoding=\"async\" width=\"1920\" height=\"1080\" title=\"ArchitecturalPark-Manage\" src=\"https:\/\/www.boisbuchet.org\/wp-content\/uploads\/2019\/02\/ArchitecturalPark-Manage.jpg\" alt class=\"img-responsive wp-image-3752\" srcset=\"https:\/\/www.boisbuchet.org\/wp-content\/uploads\/2019\/02\/ArchitecturalPark-Manage-200x113.jpg 200w, https:\/\/www.boisbuchet.org\/wp-content\/uploads\/2019\/02\/ArchitecturalPark-Manage-400x225.jpg 400w, https:\/\/www.boisbuchet.org\/wp-content\/uploads\/2019\/02\/ArchitecturalPark-Manage-600x338.jpg 600w, https:\/\/www.boisbuchet.org\/wp-content\/uploads\/2019\/02\/ArchitecturalPark-Manage-800x450.jpg 800w, https:\/\/www.boisbuchet.org\/wp-content\/uploads\/2019\/02\/ArchitecturalPark-Manage-1200x675.jpg 1200w, https:\/\/www.boisbuchet.org\/wp-content\/uploads\/2019\/02\/ArchitecturalPark-Manage.jpg 1920w\" sizes=\"(max-width: 800px) 100vw, 800px\" \/><\/span><\/div><div class=\"fusion-clearfix\"><\/div><\/div><\/div><div class=\"fusion-layout-column fusion_builder_column fusion-builder-column-15 fusion_builder_column_2_5 2_5 fusion-two-fifth fusion-column-last\" style=\"--awb-bg-size:cover;width:40%;width:calc(40% - ( ( 4% ) * 0.4 ) );\"><div class=\"fusion-column-wrapper fusion-flex-column-wrapper-legacy\"><div class=\"fusion-text fusion-text-7\"><h3>Le man\u00e8ge<\/h3>\n<p>C\u2019est dans le cadre d\u2019une tourne\u0301e d\u2019exposition en Chine, au cours de laquelle l\u2019industrie allemande pre\u0301sentait des technologies modernes pour un de\u0301veloppement urbain durable, que l\u2019artiste et architecte allemand Markus Heinsdorff a conc\u0327u en 2007 une se\u0301rie de pavillons de bambou dont ce ba\u0302timent formait la pie\u0300ce centrale. Pour l\u2019ossature porteuse, Heinsdorff a utilise\u0301 des tiges creuses et du bois strati e\u0301 de bambou, les e\u0301le\u0301ments de xation sont des armatures spe\u0301ciales en acier. Des membranes de polycarbonate forment le toit et les parois murales.<\/p>\n<\/div><div class=\"fusion-clearfix\"><\/div><\/div><\/div><\/div><\/div><div class=\"fusion-fullwidth fullwidth-box fusion-builder-row-10 nonhundred-percent-fullwidth non-hundred-percent-height-scrolling\" style=\"--awb-border-radius-top-left:0px;--awb-border-radius-top-right:0px;--awb-border-radius-bottom-right:0px;--awb-border-radius-bottom-left:0px;--awb-flex-wrap:wrap;\" ><div class=\"fusion-builder-row fusion-row\"><div class=\"fusion-layout-column fusion_builder_column fusion-builder-column-16 fusion_builder_column_3_5 3_5 fusion-three-fifth fusion-column-first\" style=\"--awb-bg-size:cover;width:60%;width:calc(60% - ( ( 4% ) * 0.6 ) );margin-right: 4%;\"><div class=\"fusion-column-wrapper fusion-flex-column-wrapper-legacy\"><div class=\"fusion-image-element in-legacy-container\" style=\"--awb-caption-title-font-family:var(--h2_typography-font-family);--awb-caption-title-font-weight:var(--h2_typography-font-weight);--awb-caption-title-font-style:var(--h2_typography-font-style);--awb-caption-title-size:var(--h2_typography-font-size);--awb-caption-title-transform:var(--h2_typography-text-transform);--awb-caption-title-line-height:var(--h2_typography-line-height);--awb-caption-title-letter-spacing:var(--h2_typography-letter-spacing);\"><span class=\" fusion-imageframe imageframe-none imageframe-9 hover-type-none\"><img decoding=\"async\" width=\"1920\" height=\"1080\" title=\"ArchitecturalPark-Bambou\" src=\"https:\/\/www.boisbuchet.org\/wp-content\/uploads\/2019\/02\/ArchitecturalPark-Bambou-1.jpg\" alt class=\"img-responsive wp-image-3766\" srcset=\"https:\/\/www.boisbuchet.org\/wp-content\/uploads\/2019\/02\/ArchitecturalPark-Bambou-1-200x113.jpg 200w, https:\/\/www.boisbuchet.org\/wp-content\/uploads\/2019\/02\/ArchitecturalPark-Bambou-1-400x225.jpg 400w, https:\/\/www.boisbuchet.org\/wp-content\/uploads\/2019\/02\/ArchitecturalPark-Bambou-1-600x338.jpg 600w, https:\/\/www.boisbuchet.org\/wp-content\/uploads\/2019\/02\/ArchitecturalPark-Bambou-1-800x450.jpg 800w, https:\/\/www.boisbuchet.org\/wp-content\/uploads\/2019\/02\/ArchitecturalPark-Bambou-1-1200x675.jpg 1200w, https:\/\/www.boisbuchet.org\/wp-content\/uploads\/2019\/02\/ArchitecturalPark-Bambou-1.jpg 1920w\" sizes=\"(max-width: 800px) 100vw, 800px\" \/><\/span><\/div><div class=\"fusion-clearfix\"><\/div><\/div><\/div><div class=\"fusion-layout-column fusion_builder_column fusion-builder-column-17 fusion_builder_column_2_5 2_5 fusion-two-fifth fusion-column-last\" style=\"--awb-bg-size:cover;width:40%;width:calc(40% - ( ( 4% ) * 0.4 ) );\"><div class=\"fusion-column-wrapper fusion-flex-column-wrapper-legacy\"><div class=\"fusion-text fusion-text-8\"><h3>La maison de bambou et la salle de conf\u00e9rences<\/h3>\n<\/p>\n<div class=\"page\" title=\"Page 1\">\n<div class=\"layoutArea\">\n<div class=\"column\">\n<p>Pour la nouvelle Maison d\u2019ho\u0302tes de Boisbuchet, que Sim\u00f3n V\u00e9lez dessina en me\u0302me temps, il appliqua une nouvelle technique ; ainsi aux points de jonctions de la structure, Ve\u0301lez remplit les cavite\u0301s des cannes de bambou avec du be\u0301ton et y encastra des tiges me\u0301talliques comme e\u0301le\u0301ments de liaison. Le bambou n\u2019ayant pas e\u0301te\u0301 certi e\u0301 conforme aux re\u0300glements statiques, l\u2019e\u0301di ce fut renforce\u0301 par des poutres en acier. En 2000, Ve\u0301lez re\u0301ite\u0301ra cette expe\u0301rience innovante alliant le bambou, le ciment et le me\u0301tal pour le pavillon des confe\u0301rences pouvant accueillir jusqu\u2019a\u0300 40 personnes.<\/p>\n<\/div>\n<\/div>\n<\/div>\n<\/div><div class=\"fusion-clearfix\"><\/div><\/div><\/div><\/div><\/div><div class=\"fusion-fullwidth fullwidth-box fusion-builder-row-11 nonhundred-percent-fullwidth non-hundred-percent-height-scrolling\" style=\"--awb-border-radius-top-left:0px;--awb-border-radius-top-right:0px;--awb-border-radius-bottom-right:0px;--awb-border-radius-bottom-left:0px;--awb-flex-wrap:wrap;\" ><div class=\"fusion-builder-row fusion-row\"><div class=\"fusion-layout-column fusion_builder_column fusion-builder-column-18 fusion_builder_column_3_5 3_5 fusion-three-fifth fusion-column-first\" style=\"--awb-bg-size:cover;width:60%;width:calc(60% - ( ( 4% ) * 0.6 ) );margin-right: 4%;\"><div class=\"fusion-column-wrapper fusion-flex-column-wrapper-legacy\"><div class=\"fusion-image-element in-legacy-container\" style=\"--awb-caption-title-font-family:var(--h2_typography-font-family);--awb-caption-title-font-weight:var(--h2_typography-font-weight);--awb-caption-title-font-style:var(--h2_typography-font-style);--awb-caption-title-size:var(--h2_typography-font-size);--awb-caption-title-transform:var(--h2_typography-text-transform);--awb-caption-title-line-height:var(--h2_typography-line-height);--awb-caption-title-letter-spacing:var(--h2_typography-letter-spacing);\"><span class=\" fusion-imageframe imageframe-none imageframe-10 hover-type-none\"><img decoding=\"async\" width=\"1920\" height=\"1080\" title=\"ArchitecturalPark-Bamboo\" src=\"https:\/\/www.boisbuchet.org\/wp-content\/uploads\/2019\/11\/ArchitecturalPark-Bamboo.jpg\" alt class=\"img-responsive wp-image-8546\" srcset=\"https:\/\/www.boisbuchet.org\/wp-content\/uploads\/2019\/11\/ArchitecturalPark-Bamboo-200x113.jpg 200w, https:\/\/www.boisbuchet.org\/wp-content\/uploads\/2019\/11\/ArchitecturalPark-Bamboo-400x225.jpg 400w, https:\/\/www.boisbuchet.org\/wp-content\/uploads\/2019\/11\/ArchitecturalPark-Bamboo-600x338.jpg 600w, https:\/\/www.boisbuchet.org\/wp-content\/uploads\/2019\/11\/ArchitecturalPark-Bamboo-800x450.jpg 800w, https:\/\/www.boisbuchet.org\/wp-content\/uploads\/2019\/11\/ArchitecturalPark-Bamboo-1200x675.jpg 1200w, https:\/\/www.boisbuchet.org\/wp-content\/uploads\/2019\/11\/ArchitecturalPark-Bamboo.jpg 1920w\" sizes=\"(max-width: 800px) 100vw, 800px\" \/><\/span><\/div><div class=\"fusion-clearfix\"><\/div><\/div><\/div><div class=\"fusion-layout-column fusion_builder_column fusion-builder-column-19 fusion_builder_column_2_5 2_5 fusion-two-fifth fusion-column-last\" style=\"--awb-bg-size:cover;width:40%;width:calc(40% - ( ( 4% ) * 0.4 ) );\"><div class=\"fusion-column-wrapper fusion-flex-column-wrapper-legacy\"><div class=\"fusion-text fusion-text-9\"><h3>Le pavillon de bambou<\/h3>\n<p>Pour ce pavillon e\u0301rige\u0301 en 2001, le Colombien Simo\u0301n Ve\u0301lez a utilise\u0301 des bambous provenant de son pays, les nes tiges d\u2019espe\u0300ces europe\u0301ennes ne re\u0301sistant pas a\u0300 la me\u0301thode de construction de\u0301veloppe\u0301e par Ve\u0301lez. La toiture avec ses soutiens route\u0301s dans quatre fondaments (avec des bouteilles en plastiques servant de moules pour les extre\u0301mite\u0301s) rappelle les voilures des anciens ae\u0301roplanes et confe\u0300rent une touche ae\u0301rienne au ba\u0302timent qui sert de protection contre le soleil et la pluie.<\/p>\n<\/div><div class=\"fusion-clearfix\"><\/div><\/div><\/div><\/div><\/div><div class=\"fusion-fullwidth fullwidth-box fusion-builder-row-12 nonhundred-percent-fullwidth non-hundred-percent-height-scrolling\" style=\"--awb-border-radius-top-left:0px;--awb-border-radius-top-right:0px;--awb-border-radius-bottom-right:0px;--awb-border-radius-bottom-left:0px;--awb-flex-wrap:wrap;\" ><div class=\"fusion-builder-row fusion-row\"><div class=\"fusion-layout-column fusion_builder_column fusion-builder-column-20 fusion_builder_column_3_5 3_5 fusion-three-fifth fusion-column-first\" style=\"--awb-bg-size:cover;width:60%;width:calc(60% - ( ( 4% ) * 0.6 ) );margin-right: 4%;\"><div class=\"fusion-column-wrapper fusion-flex-column-wrapper-legacy\"><div class=\"fusion-image-element in-legacy-container\" style=\"--awb-caption-title-font-family:var(--h2_typography-font-family);--awb-caption-title-font-weight:var(--h2_typography-font-weight);--awb-caption-title-font-style:var(--h2_typography-font-style);--awb-caption-title-size:var(--h2_typography-font-size);--awb-caption-title-transform:var(--h2_typography-text-transform);--awb-caption-title-line-height:var(--h2_typography-line-height);--awb-caption-title-letter-spacing:var(--h2_typography-letter-spacing);\"><span class=\" fusion-imageframe imageframe-none imageframe-11 hover-type-none\"><img decoding=\"async\" width=\"1920\" height=\"1080\" title=\"ArchitecturalPark-PetiteCoupole\" src=\"https:\/\/www.boisbuchet.org\/wp-content\/uploads\/2019\/02\/ArchitecturalPark-PetiteCoupole.jpg\" alt class=\"img-responsive wp-image-3740\" srcset=\"https:\/\/www.boisbuchet.org\/wp-content\/uploads\/2019\/02\/ArchitecturalPark-PetiteCoupole-200x113.jpg 200w, https:\/\/www.boisbuchet.org\/wp-content\/uploads\/2019\/02\/ArchitecturalPark-PetiteCoupole-400x225.jpg 400w, https:\/\/www.boisbuchet.org\/wp-content\/uploads\/2019\/02\/ArchitecturalPark-PetiteCoupole-600x338.jpg 600w, https:\/\/www.boisbuchet.org\/wp-content\/uploads\/2019\/02\/ArchitecturalPark-PetiteCoupole-800x450.jpg 800w, https:\/\/www.boisbuchet.org\/wp-content\/uploads\/2019\/02\/ArchitecturalPark-PetiteCoupole-1200x675.jpg 1200w, https:\/\/www.boisbuchet.org\/wp-content\/uploads\/2019\/02\/ArchitecturalPark-PetiteCoupole.jpg 1920w\" sizes=\"(max-width: 800px) 100vw, 800px\" \/><\/span><\/div><div class=\"fusion-clearfix\"><\/div><\/div><\/div><div class=\"fusion-layout-column fusion_builder_column fusion-builder-column-21 fusion_builder_column_2_5 2_5 fusion-two-fifth fusion-column-last\" style=\"--awb-bg-size:cover;width:40%;width:calc(40% - ( ( 4% ) * 0.4 ) );\"><div class=\"fusion-column-wrapper fusion-flex-column-wrapper-legacy\"><div class=\"fusion-text fusion-text-10\"><h3>Le D\u00f4me en bambou et en fibre de verre<\/h3>\n<p>Ce ba\u0302timent a\u0300 coupole conc\u0327u par l\u2019inge\u0301nieur et architecte Jo\u0308rg Schlaich, qui avait de\u0301ja\u0300 conc\u0327u le stade olympique de Munich avec Frei Otto, est un hommage a\u0300 la le\u0301ge\u0300rete\u0301 des structures tendues et au bambou utilise\u0301 comme mate\u0301riau de construction. A l\u2019aide de vis, des tiges fendues se relient en treillage qui une fois cintre\u0301 sur place forme la coupole ovale de cette tente. L\u2019ide\u0301e fut reprise en 2008 pour la grande coupole. Les tiges fendues furent remplace\u0301es par des baguettes de bres de verre.<\/p>\n<\/div><div class=\"fusion-clearfix\"><\/div><\/div><\/div><\/div><\/div><div class=\"fusion-fullwidth fullwidth-box fusion-builder-row-13 nonhundred-percent-fullwidth non-hundred-percent-height-scrolling\" style=\"--awb-border-radius-top-left:0px;--awb-border-radius-top-right:0px;--awb-border-radius-bottom-right:0px;--awb-border-radius-bottom-left:0px;--awb-flex-wrap:wrap;\" ><div class=\"fusion-builder-row fusion-row\"><div class=\"fusion-layout-column fusion_builder_column fusion-builder-column-22 fusion_builder_column_3_5 3_5 fusion-three-fifth fusion-column-first\" style=\"--awb-bg-size:cover;width:60%;width:calc(60% - ( ( 4% ) * 0.6 ) );margin-right: 4%;\"><div class=\"fusion-column-wrapper fusion-flex-column-wrapper-legacy\"><div class=\"fusion-image-element in-legacy-container\" style=\"--awb-caption-title-font-family:var(--h2_typography-font-family);--awb-caption-title-font-weight:var(--h2_typography-font-weight);--awb-caption-title-font-style:var(--h2_typography-font-style);--awb-caption-title-size:var(--h2_typography-font-size);--awb-caption-title-transform:var(--h2_typography-text-transform);--awb-caption-title-line-height:var(--h2_typography-line-height);--awb-caption-title-letter-spacing:var(--h2_typography-letter-spacing);\"><span class=\" fusion-imageframe imageframe-none imageframe-12 hover-type-none\"><img decoding=\"async\" width=\"1920\" height=\"1080\" title=\"ArchitecturalPark-LinaGhotmeh\" src=\"https:\/\/www.boisbuchet.org\/wp-content\/uploads\/2019\/02\/ArchitecturalPark-LinaGhotmeh.jpg\" alt class=\"img-responsive wp-image-3744\" srcset=\"https:\/\/www.boisbuchet.org\/wp-content\/uploads\/2019\/02\/ArchitecturalPark-LinaGhotmeh-200x113.jpg 200w, https:\/\/www.boisbuchet.org\/wp-content\/uploads\/2019\/02\/ArchitecturalPark-LinaGhotmeh-400x225.jpg 400w, https:\/\/www.boisbuchet.org\/wp-content\/uploads\/2019\/02\/ArchitecturalPark-LinaGhotmeh-600x338.jpg 600w, https:\/\/www.boisbuchet.org\/wp-content\/uploads\/2019\/02\/ArchitecturalPark-LinaGhotmeh-800x450.jpg 800w, https:\/\/www.boisbuchet.org\/wp-content\/uploads\/2019\/02\/ArchitecturalPark-LinaGhotmeh-1200x675.jpg 1200w, https:\/\/www.boisbuchet.org\/wp-content\/uploads\/2019\/02\/ArchitecturalPark-LinaGhotmeh.jpg 1920w\" sizes=\"(max-width: 800px) 100vw, 800px\" \/><\/span><\/div><div class=\"fusion-clearfix\"><\/div><\/div><\/div><div class=\"fusion-layout-column fusion_builder_column fusion-builder-column-23 fusion_builder_column_2_5 2_5 fusion-two-fifth fusion-column-last\" style=\"--awb-bg-size:cover;width:40%;width:calc(40% - ( ( 4% ) * 0.4 ) );\"><div class=\"fusion-column-wrapper fusion-flex-column-wrapper-legacy\"><div class=\"fusion-text fusion-text-11\"><h3>La serre<\/h3>\n<p>Cre\u0301e\u0301e en 2017 dans un atelier dirige\u0301 par l\u2019architecte franco-libanaise Lina Ghotmeh, la serre de Boisbuchet se situe dans l\u2019axe central du potager historique du domaine. La forme est minimale mais complexe et fonctionnelle : c\u2019est un toit avec un co\u0302te\u0301 plus petit et plus bas qui e\u0301vite les vents de l\u2019atlantique venant de l\u2019ouest tout en recueillant l\u2019eau de pluie dans le re\u0301servoir voisin. La charpente a\u0300 l\u2019inte\u0301rieur accueille des e\u0301tage\u0300res pour les pots et offre la possibilite\u0301 de suspendre les plantes pour le se\u0301chage.<\/p>\n<\/div><div class=\"fusion-clearfix\"><\/div><\/div><\/div><\/div><\/div><div class=\"fusion-fullwidth fullwidth-box fusion-builder-row-14 nonhundred-percent-fullwidth non-hundred-percent-height-scrolling\" style=\"--awb-border-radius-top-left:0px;--awb-border-radius-top-right:0px;--awb-border-radius-bottom-right:0px;--awb-border-radius-bottom-left:0px;--awb-flex-wrap:wrap;\" ><div class=\"fusion-builder-row fusion-row\"><div class=\"fusion-layout-column fusion_builder_column fusion-builder-column-24 fusion_builder_column_3_5 3_5 fusion-three-fifth fusion-column-first\" style=\"--awb-bg-size:cover;width:60%;width:calc(60% - ( ( 4% ) * 0.6 ) );margin-right: 4%;\"><div class=\"fusion-column-wrapper fusion-flex-column-wrapper-legacy\"><div class=\"fusion-image-element in-legacy-container\" style=\"--awb-caption-title-font-family:var(--h2_typography-font-family);--awb-caption-title-font-weight:var(--h2_typography-font-weight);--awb-caption-title-font-style:var(--h2_typography-font-style);--awb-caption-title-size:var(--h2_typography-font-size);--awb-caption-title-transform:var(--h2_typography-text-transform);--awb-caption-title-line-height:var(--h2_typography-line-height);--awb-caption-title-letter-spacing:var(--h2_typography-letter-spacing);\"><span class=\" fusion-imageframe imageframe-none imageframe-13 hover-type-none\"><img decoding=\"async\" width=\"1920\" height=\"1080\" title=\"ArchitecturalPark-DSC_6287 &#8211; copie copy\" src=\"https:\/\/www.boisbuchet.org\/wp-content\/uploads\/2019\/11\/ArchitecturalPark-DSC_6287-copie-copy.jpg\" alt class=\"img-responsive wp-image-8544\" srcset=\"https:\/\/www.boisbuchet.org\/wp-content\/uploads\/2019\/11\/ArchitecturalPark-DSC_6287-copie-copy-200x113.jpg 200w, https:\/\/www.boisbuchet.org\/wp-content\/uploads\/2019\/11\/ArchitecturalPark-DSC_6287-copie-copy-400x225.jpg 400w, https:\/\/www.boisbuchet.org\/wp-content\/uploads\/2019\/11\/ArchitecturalPark-DSC_6287-copie-copy-600x338.jpg 600w, https:\/\/www.boisbuchet.org\/wp-content\/uploads\/2019\/11\/ArchitecturalPark-DSC_6287-copie-copy-800x450.jpg 800w, https:\/\/www.boisbuchet.org\/wp-content\/uploads\/2019\/11\/ArchitecturalPark-DSC_6287-copie-copy-1200x675.jpg 1200w, https:\/\/www.boisbuchet.org\/wp-content\/uploads\/2019\/11\/ArchitecturalPark-DSC_6287-copie-copy.jpg 1920w\" sizes=\"(max-width: 800px) 100vw, 800px\" \/><\/span><\/div><div class=\"fusion-clearfix\"><\/div><\/div><\/div><div class=\"fusion-layout-column fusion_builder_column fusion-builder-column-25 fusion_builder_column_2_5 2_5 fusion-two-fifth fusion-column-last\" style=\"--awb-bg-size:cover;width:40%;width:calc(40% - ( ( 4% ) * 0.4 ) );\"><div class=\"fusion-column-wrapper fusion-flex-column-wrapper-legacy\"><div class=\"fusion-text fusion-text-12\"><h3>Four a\u0300 ce\u0301ramique<\/h3>\n<p>Le Corning Museum of Glass de l\u2019E\u0301tat de New York organise depuis 2005 des ateliers dans le domaine de Boisbuchet. Depuis 2010, il utilise un four a\u0300 bois spe\u0301cial de tradition nippo-core\u0301enne conc\u0327u a\u0300 cet effet, qui permet de cuire dans la me\u0302me fourne\u0301e des objets en verre, en ce\u0301ramique et en porcelaine. Des experts de Corning ont pour cela importe\u0301 des E\u0301tats-Unis des briques spe\u0301ciales ; empile\u0301es sans ajout de mortier, elles forment un four qui peut a\u0300 tout moment changer de silhouette et de contenance.<\/p>\n<\/div><div class=\"fusion-clearfix\"><\/div><\/div><\/div><\/div><\/div><div class=\"fusion-fullwidth fullwidth-box fusion-builder-row-15 nonhundred-percent-fullwidth non-hundred-percent-height-scrolling\" style=\"--awb-border-radius-top-left:0px;--awb-border-radius-top-right:0px;--awb-border-radius-bottom-right:0px;--awb-border-radius-bottom-left:0px;--awb-flex-wrap:wrap;\" ><div class=\"fusion-builder-row fusion-row\"><div class=\"fusion-layout-column fusion_builder_column fusion-builder-column-26 fusion_builder_column_3_5 3_5 fusion-three-fifth fusion-column-first\" style=\"--awb-bg-size:cover;width:60%;width:calc(60% - ( ( 4% ) * 0.6 ) );margin-right: 4%;\"><div class=\"fusion-column-wrapper fusion-flex-column-wrapper-legacy\"><div class=\"fusion-image-element in-legacy-container\" style=\"--awb-caption-title-font-family:var(--h2_typography-font-family);--awb-caption-title-font-weight:var(--h2_typography-font-weight);--awb-caption-title-font-style:var(--h2_typography-font-style);--awb-caption-title-size:var(--h2_typography-font-size);--awb-caption-title-transform:var(--h2_typography-text-transform);--awb-caption-title-line-height:var(--h2_typography-line-height);--awb-caption-title-letter-spacing:var(--h2_typography-letter-spacing);\"><span class=\" fusion-imageframe imageframe-none imageframe-14 hover-type-none\"><img decoding=\"async\" width=\"1920\" height=\"1080\" title=\"ArchitecturalPark-_DSC0787_Alvaro Siza_A_Fireplace_For_Boisbuchet_01112018_PabloSevilla\u00a9Boisbuchet\" src=\"https:\/\/www.boisbuchet.org\/wp-content\/uploads\/2019\/11\/ArchitecturalPark-_DSC0787_Alvaro-Siza_A_Fireplace_For_Boisbuchet_01112018_PabloSevilla\u00a9Boisbuchet.jpg\" alt class=\"img-responsive wp-image-8548\" srcset=\"https:\/\/www.boisbuchet.org\/wp-content\/uploads\/2019\/11\/ArchitecturalPark-_DSC0787_Alvaro-Siza_A_Fireplace_For_Boisbuchet_01112018_PabloSevilla\u00a9Boisbuchet-200x113.jpg 200w, https:\/\/www.boisbuchet.org\/wp-content\/uploads\/2019\/11\/ArchitecturalPark-_DSC0787_Alvaro-Siza_A_Fireplace_For_Boisbuchet_01112018_PabloSevilla\u00a9Boisbuchet-400x225.jpg 400w, https:\/\/www.boisbuchet.org\/wp-content\/uploads\/2019\/11\/ArchitecturalPark-_DSC0787_Alvaro-Siza_A_Fireplace_For_Boisbuchet_01112018_PabloSevilla\u00a9Boisbuchet-600x338.jpg 600w, https:\/\/www.boisbuchet.org\/wp-content\/uploads\/2019\/11\/ArchitecturalPark-_DSC0787_Alvaro-Siza_A_Fireplace_For_Boisbuchet_01112018_PabloSevilla\u00a9Boisbuchet-800x450.jpg 800w, https:\/\/www.boisbuchet.org\/wp-content\/uploads\/2019\/11\/ArchitecturalPark-_DSC0787_Alvaro-Siza_A_Fireplace_For_Boisbuchet_01112018_PabloSevilla\u00a9Boisbuchet-1200x675.jpg 1200w, https:\/\/www.boisbuchet.org\/wp-content\/uploads\/2019\/11\/ArchitecturalPark-_DSC0787_Alvaro-Siza_A_Fireplace_For_Boisbuchet_01112018_PabloSevilla\u00a9Boisbuchet.jpg 1920w\" sizes=\"(max-width: 800px) 100vw, 800px\" \/><\/span><\/div><div class=\"fusion-clearfix\"><\/div><\/div><\/div><div class=\"fusion-layout-column fusion_builder_column fusion-builder-column-27 fusion_builder_column_2_5 2_5 fusion-two-fifth fusion-column-last\" style=\"--awb-bg-size:cover;width:40%;width:calc(40% - ( ( 4% ) * 0.4 ) );\"><div class=\"fusion-column-wrapper fusion-flex-column-wrapper-legacy\"><div class=\"fusion-text fusion-text-13\"><h3>Feu de camp de la cite\u0301<\/h3>\n<p>Se basant sur la grille et les mate\u0301riaux architecturaux pre\u0301dominants sur le domaine, Alvaro Siza et ses e\u0301tudiants de\u0301 nirent un lieu commun qui comple\u0300te l\u2019espace entre la De\u0301pendance de Boisbuchet, sa grange et son ancienne porcherie, tout en donnant vue sur la valle\u0301e de la Vienne.<\/p>\n<\/div><div class=\"fusion-clearfix\"><\/div><\/div><\/div><\/div><\/div><div class=\"fusion-fullwidth fullwidth-box fusion-builder-row-16 nonhundred-percent-fullwidth non-hundred-percent-height-scrolling\" style=\"--awb-border-radius-top-left:0px;--awb-border-radius-top-right:0px;--awb-border-radius-bottom-right:0px;--awb-border-radius-bottom-left:0px;--awb-flex-wrap:wrap;\" ><div class=\"fusion-builder-row fusion-row\"><div class=\"fusion-layout-column fusion_builder_column fusion-builder-column-28 fusion_builder_column_3_5 3_5 fusion-three-fifth fusion-column-first\" style=\"--awb-bg-size:cover;width:60%;width:calc(60% - ( ( 4% ) * 0.6 ) );margin-right: 4%;\"><div class=\"fusion-column-wrapper fusion-flex-column-wrapper-legacy\"><div class=\"fusion-image-element in-legacy-container\" style=\"--awb-caption-title-font-family:var(--h2_typography-font-family);--awb-caption-title-font-weight:var(--h2_typography-font-weight);--awb-caption-title-font-style:var(--h2_typography-font-style);--awb-caption-title-size:var(--h2_typography-font-size);--awb-caption-title-transform:var(--h2_typography-text-transform);--awb-caption-title-line-height:var(--h2_typography-line-height);--awb-caption-title-letter-spacing:var(--h2_typography-letter-spacing);\"><span class=\" fusion-imageframe imageframe-none imageframe-15 hover-type-none\"><img decoding=\"async\" width=\"1920\" height=\"1080\" title=\"ArchitecturalPark-LaCabane\" src=\"https:\/\/www.boisbuchet.org\/wp-content\/uploads\/2019\/02\/ArchitecturalPark-LaCabane.jpg\" alt class=\"img-responsive wp-image-3758\" srcset=\"https:\/\/www.boisbuchet.org\/wp-content\/uploads\/2019\/02\/ArchitecturalPark-LaCabane-200x113.jpg 200w, https:\/\/www.boisbuchet.org\/wp-content\/uploads\/2019\/02\/ArchitecturalPark-LaCabane-400x225.jpg 400w, https:\/\/www.boisbuchet.org\/wp-content\/uploads\/2019\/02\/ArchitecturalPark-LaCabane-600x338.jpg 600w, https:\/\/www.boisbuchet.org\/wp-content\/uploads\/2019\/02\/ArchitecturalPark-LaCabane-800x450.jpg 800w, https:\/\/www.boisbuchet.org\/wp-content\/uploads\/2019\/02\/ArchitecturalPark-LaCabane-1200x675.jpg 1200w, https:\/\/www.boisbuchet.org\/wp-content\/uploads\/2019\/02\/ArchitecturalPark-LaCabane.jpg 1920w\" sizes=\"(max-width: 800px) 100vw, 800px\" \/><\/span><\/div><div class=\"fusion-clearfix\"><\/div><\/div><\/div><div class=\"fusion-layout-column fusion_builder_column fusion-builder-column-29 fusion_builder_column_2_5 2_5 fusion-two-fifth fusion-column-last\" style=\"--awb-bg-size:cover;width:40%;width:calc(40% - ( ( 4% ) * 0.4 ) );\"><div class=\"fusion-column-wrapper fusion-flex-column-wrapper-legacy\"><div class=\"fusion-text fusion-text-14\"><h3>La cabane<\/h3>\n<p>Situ\u00e9e dans l\u2019axe central de la d\u00e9pendance du XIX<sup>e<\/sup>\u00a0si\u00e8cle, les architectes bavarois\u00a0<a href=\"http:\/\/www.bruecknerundbrueckner.de\/\" target=\"_blank\" rel=\"noopener\">Br\u00fcckner &amp; Br\u00fcckner<\/a>\u00a0ont construit cette maison lors d\u2019un atelier en 2006 \u00e0 Boisbuchet. R\u00e9pondant \u00e0 l\u2019incarnation m\u00eame de l\u2019architecture, la cabane est constitu\u00e9e de rondins de bois soigneusement empil\u00e9s qui servent g\u00e9n\u00e9ralement de bois de chauffe, entrepos\u00e9 le long des p\u00e2turages de Boisbuchet. De pr\u00e8s d\u2019un m\u00e8tre d\u2019\u00e9paisseur, les murs constituent une seule cellule transperc\u00e9e par la lumi\u00e8re qui scintille, au travers des b\u00fbches, comme les \u00e9toiles dans la nuit.<\/p>\n<\/div><div class=\"fusion-clearfix\"><\/div><\/div><\/div><\/div><\/div><div class=\"fusion-fullwidth fullwidth-box fusion-builder-row-17 nonhundred-percent-fullwidth non-hundred-percent-height-scrolling\" style=\"--awb-border-radius-top-left:0px;--awb-border-radius-top-right:0px;--awb-border-radius-bottom-right:0px;--awb-border-radius-bottom-left:0px;--awb-flex-wrap:wrap;\" ><div class=\"fusion-builder-row fusion-row\"><div class=\"fusion-layout-column fusion_builder_column fusion-builder-column-30 fusion_builder_column_3_5 3_5 fusion-three-fifth fusion-column-first\" style=\"--awb-bg-size:cover;width:60%;width:calc(60% - ( ( 4% ) * 0.6 ) );margin-right: 4%;\"><div class=\"fusion-column-wrapper fusion-flex-column-wrapper-legacy\"><div class=\"fusion-image-element in-legacy-container\" style=\"--awb-caption-title-font-family:var(--h2_typography-font-family);--awb-caption-title-font-weight:var(--h2_typography-font-weight);--awb-caption-title-font-style:var(--h2_typography-font-style);--awb-caption-title-size:var(--h2_typography-font-size);--awb-caption-title-transform:var(--h2_typography-text-transform);--awb-caption-title-line-height:var(--h2_typography-line-height);--awb-caption-title-letter-spacing:var(--h2_typography-letter-spacing);\"><span class=\" fusion-imageframe imageframe-none imageframe-16 hover-type-none\"><img decoding=\"async\" width=\"1920\" height=\"1080\" title=\"ArchitecturalPark-TeaPavilion\" src=\"https:\/\/www.boisbuchet.org\/wp-content\/uploads\/2019\/02\/ArchitecturalPark-TeaPavilion.jpg\" alt class=\"img-responsive wp-image-3746\" srcset=\"https:\/\/www.boisbuchet.org\/wp-content\/uploads\/2019\/02\/ArchitecturalPark-TeaPavilion-200x113.jpg 200w, https:\/\/www.boisbuchet.org\/wp-content\/uploads\/2019\/02\/ArchitecturalPark-TeaPavilion-400x225.jpg 400w, https:\/\/www.boisbuchet.org\/wp-content\/uploads\/2019\/02\/ArchitecturalPark-TeaPavilion-600x338.jpg 600w, https:\/\/www.boisbuchet.org\/wp-content\/uploads\/2019\/02\/ArchitecturalPark-TeaPavilion-800x450.jpg 800w, https:\/\/www.boisbuchet.org\/wp-content\/uploads\/2019\/02\/ArchitecturalPark-TeaPavilion-1200x675.jpg 1200w, https:\/\/www.boisbuchet.org\/wp-content\/uploads\/2019\/02\/ArchitecturalPark-TeaPavilion.jpg 1920w\" sizes=\"(max-width: 800px) 100vw, 800px\" \/><\/span><\/div><div class=\"fusion-clearfix\"><\/div><\/div><\/div><div class=\"fusion-layout-column fusion_builder_column fusion-builder-column-31 fusion_builder_column_2_5 2_5 fusion-two-fifth fusion-column-last\" style=\"--awb-bg-size:cover;width:40%;width:calc(40% - ( ( 4% ) * 0.4 ) );\"><div class=\"fusion-column-wrapper fusion-flex-column-wrapper-legacy\"><div class=\"fusion-text fusion-text-15\"><h3>Le pavillon de th\u00e9<\/h3>\n<p>Ce b\u00e2timent est un assemblage de deux techniques architecturales durables et a \u00e9t\u00e9 r\u00e9alis\u00e9 de haut en bas: Dans son atelier en 2012, Sim\u00f3n V\u00e9lez a construit un toit en joignant des poteaux en bambou \u00e0 des vis m\u00e9talliques maintenues par du b\u00e9ton qui avait \u00e9t\u00e9 inject\u00e9 dans un segment \u00e0 chaque extr\u00e9mit\u00e9 des bambous. La structure portant ce toit a \u00e9t\u00e9 con\u00e7ue par Timur Ersen et r\u00e9alis\u00e9e dans son atelier en 2017. Timur \u00e9rige les murs en int\u00e9grant apr\u00e8s chaque troisi\u00e8me couche de terre une couche de ciment r\u00e9sistant \u00e0 la pluie emp\u00eachant ainsi l&#8217;\u00e9rosion du b\u00e2ti.<\/p>\n<\/div><div class=\"fusion-clearfix\"><\/div><\/div><\/div><\/div><\/div><div class=\"fusion-fullwidth fullwidth-box fusion-builder-row-18 nonhundred-percent-fullwidth non-hundred-percent-height-scrolling\" style=\"--awb-border-radius-top-left:0px;--awb-border-radius-top-right:0px;--awb-border-radius-bottom-right:0px;--awb-border-radius-bottom-left:0px;--awb-flex-wrap:wrap;\" ><div class=\"fusion-builder-row fusion-row\"><div class=\"fusion-layout-column fusion_builder_column fusion-builder-column-32 fusion_builder_column_3_5 3_5 fusion-three-fifth fusion-column-first\" style=\"--awb-bg-size:cover;width:60%;width:calc(60% - ( ( 4% ) * 0.6 ) );margin-right: 4%;\"><div class=\"fusion-column-wrapper fusion-flex-column-wrapper-legacy\"><div class=\"fusion-image-element in-legacy-container\" style=\"--awb-caption-title-font-family:var(--h2_typography-font-family);--awb-caption-title-font-weight:var(--h2_typography-font-weight);--awb-caption-title-font-style:var(--h2_typography-font-style);--awb-caption-title-size:var(--h2_typography-font-size);--awb-caption-title-transform:var(--h2_typography-text-transform);--awb-caption-title-line-height:var(--h2_typography-line-height);--awb-caption-title-letter-spacing:var(--h2_typography-letter-spacing);\"><span class=\" fusion-imageframe imageframe-none imageframe-17 hover-type-none\"><img decoding=\"async\" width=\"1920\" height=\"1080\" title=\"ArchitecturalPark-_DSC0040_2014_A.B.Pavillion_CarloCialli_Boisbuchet\" src=\"https:\/\/www.boisbuchet.org\/wp-content\/uploads\/2019\/11\/ArchitecturalPark-_DSC0040_2014_A.B.Pavillion_CarloCialli_Boisbuchet.jpg\" alt class=\"img-responsive wp-image-8550\" srcset=\"https:\/\/www.boisbuchet.org\/wp-content\/uploads\/2019\/11\/ArchitecturalPark-_DSC0040_2014_A.B.Pavillion_CarloCialli_Boisbuchet-200x113.jpg 200w, https:\/\/www.boisbuchet.org\/wp-content\/uploads\/2019\/11\/ArchitecturalPark-_DSC0040_2014_A.B.Pavillion_CarloCialli_Boisbuchet-400x225.jpg 400w, https:\/\/www.boisbuchet.org\/wp-content\/uploads\/2019\/11\/ArchitecturalPark-_DSC0040_2014_A.B.Pavillion_CarloCialli_Boisbuchet-600x338.jpg 600w, https:\/\/www.boisbuchet.org\/wp-content\/uploads\/2019\/11\/ArchitecturalPark-_DSC0040_2014_A.B.Pavillion_CarloCialli_Boisbuchet-800x450.jpg 800w, https:\/\/www.boisbuchet.org\/wp-content\/uploads\/2019\/11\/ArchitecturalPark-_DSC0040_2014_A.B.Pavillion_CarloCialli_Boisbuchet-1200x675.jpg 1200w, https:\/\/www.boisbuchet.org\/wp-content\/uploads\/2019\/11\/ArchitecturalPark-_DSC0040_2014_A.B.Pavillion_CarloCialli_Boisbuchet.jpg 1920w\" sizes=\"(max-width: 800px) 100vw, 800px\" \/><\/span><\/div><div class=\"fusion-clearfix\"><\/div><\/div><\/div><div class=\"fusion-layout-column fusion_builder_column fusion-builder-column-33 fusion_builder_column_2_5 2_5 fusion-two-fifth fusion-column-last\" style=\"--awb-bg-size:cover;width:40%;width:calc(40% - ( ( 4% ) * 0.4 ) );\"><div class=\"fusion-column-wrapper fusion-flex-column-wrapper-legacy\"><div class=\"fusion-text fusion-text-16\"><h3>La datcha<\/h3>\n<p>L\u2019architecte et artiste Alexander Brodsky a engage\u0301 les e\u0301tudiants a\u0300 recycler les restes de pre\u0301ce\u0301dentes architectures pre\u0301sentes sur le do- maine pour la construction de cette petite cabane. Re\u0301interpre\u0301tant les mate\u0301riaux a\u0300 cette fin, ils inte\u0301gre\u0300rent la hutte dans son environnement notamment en suivant l\u2019inclinaison des arbres voisins.<\/p>\n<\/div><div class=\"fusion-clearfix\"><\/div><\/div><\/div><\/div><\/div><div class=\"fusion-fullwidth fullwidth-box fusion-builder-row-19 nonhundred-percent-fullwidth non-hundred-percent-height-scrolling\" style=\"--awb-border-radius-top-left:0px;--awb-border-radius-top-right:0px;--awb-border-radius-bottom-right:0px;--awb-border-radius-bottom-left:0px;--awb-flex-wrap:wrap;\" ><div class=\"fusion-builder-row fusion-row\"><div class=\"fusion-layout-column fusion_builder_column fusion-builder-column-34 fusion_builder_column_3_5 3_5 fusion-three-fifth fusion-column-first\" style=\"--awb-bg-size:cover;width:60%;width:calc(60% - ( ( 4% ) * 0.6 ) );margin-right: 4%;\"><div class=\"fusion-column-wrapper fusion-flex-column-wrapper-legacy\"><div class=\"fusion-image-element in-legacy-container\" style=\"--awb-caption-title-font-family:var(--h2_typography-font-family);--awb-caption-title-font-weight:var(--h2_typography-font-weight);--awb-caption-title-font-style:var(--h2_typography-font-style);--awb-caption-title-size:var(--h2_typography-font-size);--awb-caption-title-transform:var(--h2_typography-text-transform);--awb-caption-title-line-height:var(--h2_typography-line-height);--awb-caption-title-letter-spacing:var(--h2_typography-letter-spacing);\"><span class=\" fusion-imageframe imageframe-none imageframe-18 hover-type-none\"><img decoding=\"async\" width=\"1920\" height=\"1080\" title=\"Polycare-House_2022\" src=\"https:\/\/www.boisbuchet.org\/wp-content\/uploads\/2022\/10\/Polycare-House_2022.jpg\" alt class=\"img-responsive wp-image-15867\" srcset=\"https:\/\/www.boisbuchet.org\/wp-content\/uploads\/2022\/10\/Polycare-House_2022-200x113.jpg 200w, https:\/\/www.boisbuchet.org\/wp-content\/uploads\/2022\/10\/Polycare-House_2022-400x225.jpg 400w, https:\/\/www.boisbuchet.org\/wp-content\/uploads\/2022\/10\/Polycare-House_2022-600x338.jpg 600w, https:\/\/www.boisbuchet.org\/wp-content\/uploads\/2022\/10\/Polycare-House_2022-800x450.jpg 800w, https:\/\/www.boisbuchet.org\/wp-content\/uploads\/2022\/10\/Polycare-House_2022-1200x675.jpg 1200w, https:\/\/www.boisbuchet.org\/wp-content\/uploads\/2022\/10\/Polycare-House_2022.jpg 1920w\" sizes=\"(max-width: 800px) 100vw, 800px\" \/><\/span><\/div><div class=\"fusion-clearfix\"><\/div><\/div><\/div><div class=\"fusion-layout-column fusion_builder_column fusion-builder-column-35 fusion_builder_column_2_5 2_5 fusion-two-fifth fusion-column-last\" style=\"--awb-bg-size:cover;width:40%;width:calc(40% - ( ( 4% ) * 0.4 ) );\"><div class=\"fusion-column-wrapper fusion-flex-column-wrapper-legacy\"><div class=\"fusion-text fusion-text-17\"><h3>La maison Polycare<\/h3>\n<p>\u00c0 la suite d&#8217;une collaboration entre le laboratoire d&#8217;ing\u00e9nierie allemand Polycare et le studio d&#8217;architecture belge dmvA, les murs de la maison sont constitu\u00e9s de blocs de construction r\u00e9utilisables configur\u00e9s par le logiciel de Polycare. Plus de 80 % de chaque bloc est compos\u00e9 d\u2019un noyau isolant, tandis que l\u2019enveloppe est faite de b\u00e9ton polym\u00e8re. Avec 1 m\u00b3 de b\u00e9ton polym\u00e8re, il est possible de construire 20 m\u00b2 de surface murale. Con\u00e7ue en forme de tr\u00e8fle, la structure d\u2019environ 70 m\u00b2 illustre les nombreuses applications possibles du syst\u00e8me de Polycare.<\/p>\n<\/div><div class=\"fusion-clearfix\"><\/div><\/div><\/div><\/div><\/div><div class=\"fusion-fullwidth fullwidth-box fusion-builder-row-20 nonhundred-percent-fullwidth non-hundred-percent-height-scrolling\" style=\"--awb-border-radius-top-left:0px;--awb-border-radius-top-right:0px;--awb-border-radius-bottom-right:0px;--awb-border-radius-bottom-left:0px;--awb-flex-wrap:wrap;\" ><div class=\"fusion-builder-row fusion-row\"><div class=\"fusion-layout-column fusion_builder_column fusion-builder-column-36 fusion_builder_column_1_1 1_1 fusion-one-full fusion-column-first fusion-column-last\" style=\"--awb-bg-size:cover;\"><div class=\"fusion-column-wrapper fusion-column-has-shadow fusion-flex-column-wrapper-legacy\"><div class=\"fusion-text fusion-text-18\">\n<\/div><div class=\"fusion-clearfix\"><\/div><\/div><\/div><\/div><\/div>\n","protected":false},"excerpt":{"rendered":"","protected":false},"author":1,"featured_media":0,"parent":1781,"menu_order":0,"comment_status":"closed","ping_status":"closed","template":"100-width.php","meta":{"_monsterinsights_skip_tracking":false,"_monsterinsights_sitenote_active":false,"_monsterinsights_sitenote_note":"","_monsterinsights_sitenote_category":0,"footnotes":""},"class_list":["post-3726","page","type-page","status-publish","hentry"],"yoast_head":"<!-- This site is optimized with the Yoast SEO plugin v27.1.1 - https:\/\/yoast.com\/product\/yoast-seo-wordpress\/ -->\n<title>Parc Architectural | Domaine de Boisbuchet<\/title>\n<meta name=\"robots\" content=\"index, follow, max-snippet:-1, max-image-preview:large, max-video-preview:-1\" \/>\n<link rel=\"canonical\" href=\"https:\/\/www.boisbuchet.org\/visit-the-domaine\/architectural-park\/\" \/>\n<meta property=\"og:locale\" content=\"fr_FR\" \/>\n<meta property=\"og:type\" content=\"article\" \/>\n<meta property=\"og:title\" content=\"Parc Architectural | Domaine de Boisbuchet\" \/>\n<meta property=\"og:url\" content=\"https:\/\/www.boisbuchet.org\/visit-the-domaine\/architectural-park\/\" \/>\n<meta property=\"og:site_name\" content=\"Domaine de Boisbuchet\" \/>\n<meta property=\"article:publisher\" content=\"https:\/\/www.facebook.com\/boisbuchet\" \/>\n<meta property=\"article:modified_time\" content=\"2025-05-19T12:27:09+00:00\" \/>\n<meta name=\"twitter:card\" content=\"summary_large_image\" \/>\n<meta name=\"twitter:site\" content=\"@boisbuchet\" \/>\n<meta name=\"twitter:label1\" content=\"Dur\u00e9e de lecture estim\u00e9e\" \/>\n\t<meta name=\"twitter:data1\" content=\"49 minutes\" \/>\n<script type=\"application\/ld+json\" class=\"yoast-schema-graph\">{\"@context\":\"https:\/\/schema.org\",\"@graph\":[{\"@type\":\"WebPage\",\"@id\":\"https:\/\/www.boisbuchet.org\/visit-the-domaine\/architectural-park\/\",\"url\":\"https:\/\/www.boisbuchet.org\/visit-the-domaine\/architectural-park\/\",\"name\":\"Parc Architectural | Domaine de Boisbuchet\",\"isPartOf\":{\"@id\":\"https:\/\/www.boisbuchet.org\/#website\"},\"datePublished\":\"2019-02-20T20:44:35+00:00\",\"dateModified\":\"2025-05-19T12:27:09+00:00\",\"breadcrumb\":{\"@id\":\"https:\/\/www.boisbuchet.org\/visit-the-domaine\/architectural-park\/#breadcrumb\"},\"inLanguage\":\"fr-FR\",\"potentialAction\":[{\"@type\":\"ReadAction\",\"target\":[\"https:\/\/www.boisbuchet.org\/visit-the-domaine\/architectural-park\/\"]}]},{\"@type\":\"BreadcrumbList\",\"@id\":\"https:\/\/www.boisbuchet.org\/visit-the-domaine\/architectural-park\/#breadcrumb\",\"itemListElement\":[{\"@type\":\"ListItem\",\"position\":1,\"name\":\"Home\",\"item\":\"https:\/\/www.boisbuchet.org\/fr\/\"},{\"@type\":\"ListItem\",\"position\":2,\"name\":\"Visitez le Domaine\",\"item\":\"https:\/\/www.boisbuchet.org\/visit-the-domaine\/\"},{\"@type\":\"ListItem\",\"position\":3,\"name\":\"Parc Architectural\"}]},{\"@type\":\"WebSite\",\"@id\":\"https:\/\/www.boisbuchet.org\/#website\",\"url\":\"https:\/\/www.boisbuchet.org\/\",\"name\":\"Domaine de Boisbuchet\",\"description\":\"Summer Workshops | Park | Event\u00a0Location\",\"publisher\":{\"@id\":\"https:\/\/www.boisbuchet.org\/#organization\"},\"potentialAction\":[{\"@type\":\"SearchAction\",\"target\":{\"@type\":\"EntryPoint\",\"urlTemplate\":\"https:\/\/www.boisbuchet.org\/?s={search_term_string}\"},\"query-input\":{\"@type\":\"PropertyValueSpecification\",\"valueRequired\":true,\"valueName\":\"search_term_string\"}}],\"inLanguage\":\"fr-FR\"},{\"@type\":\"Organization\",\"@id\":\"https:\/\/www.boisbuchet.org\/#organization\",\"name\":\"Domine de Boisbuchet\",\"url\":\"https:\/\/www.boisbuchet.org\/\",\"logo\":{\"@type\":\"ImageObject\",\"inLanguage\":\"fr-FR\",\"@id\":\"https:\/\/www.boisbuchet.org\/#\/schema\/logo\/image\/\",\"url\":\"https:\/\/www.boisbuchet.org\/wp-content\/uploads\/2019\/01\/logo_boisbuchet_black.png\",\"contentUrl\":\"https:\/\/www.boisbuchet.org\/wp-content\/uploads\/2019\/01\/logo_boisbuchet_black.png\",\"width\":200,\"height\":73,\"caption\":\"Domine de Boisbuchet\"},\"image\":{\"@id\":\"https:\/\/www.boisbuchet.org\/#\/schema\/logo\/image\/\"},\"sameAs\":[\"https:\/\/www.facebook.com\/boisbuchet\",\"https:\/\/x.com\/boisbuchet\",\"https:\/\/www.instagram.com\/boisbuchet\",\"https:\/\/www.linkedin.com\/company\/domaine-de-boisbuchet\",\"https:\/\/www.pinterest.com\/boisbuchet\"]}]}<\/script>\n<!-- \/ Yoast SEO plugin. -->","yoast_head_json":{"title":"Parc Architectural | Domaine de Boisbuchet","robots":{"index":"index","follow":"follow","max-snippet":"max-snippet:-1","max-image-preview":"max-image-preview:large","max-video-preview":"max-video-preview:-1"},"canonical":"https:\/\/www.boisbuchet.org\/visit-the-domaine\/architectural-park\/","og_locale":"fr_FR","og_type":"article","og_title":"Parc Architectural | Domaine de Boisbuchet","og_url":"https:\/\/www.boisbuchet.org\/visit-the-domaine\/architectural-park\/","og_site_name":"Domaine de Boisbuchet","article_publisher":"https:\/\/www.facebook.com\/boisbuchet","article_modified_time":"2025-05-19T12:27:09+00:00","twitter_card":"summary_large_image","twitter_site":"@boisbuchet","twitter_misc":{"Dur\u00e9e de lecture estim\u00e9e":"49 minutes"},"schema":{"@context":"https:\/\/schema.org","@graph":[{"@type":"WebPage","@id":"https:\/\/www.boisbuchet.org\/visit-the-domaine\/architectural-park\/","url":"https:\/\/www.boisbuchet.org\/visit-the-domaine\/architectural-park\/","name":"Parc Architectural | Domaine de Boisbuchet","isPartOf":{"@id":"https:\/\/www.boisbuchet.org\/#website"},"datePublished":"2019-02-20T20:44:35+00:00","dateModified":"2025-05-19T12:27:09+00:00","breadcrumb":{"@id":"https:\/\/www.boisbuchet.org\/visit-the-domaine\/architectural-park\/#breadcrumb"},"inLanguage":"fr-FR","potentialAction":[{"@type":"ReadAction","target":["https:\/\/www.boisbuchet.org\/visit-the-domaine\/architectural-park\/"]}]},{"@type":"BreadcrumbList","@id":"https:\/\/www.boisbuchet.org\/visit-the-domaine\/architectural-park\/#breadcrumb","itemListElement":[{"@type":"ListItem","position":1,"name":"Home","item":"https:\/\/www.boisbuchet.org\/fr\/"},{"@type":"ListItem","position":2,"name":"Visitez le Domaine","item":"https:\/\/www.boisbuchet.org\/visit-the-domaine\/"},{"@type":"ListItem","position":3,"name":"Parc Architectural"}]},{"@type":"WebSite","@id":"https:\/\/www.boisbuchet.org\/#website","url":"https:\/\/www.boisbuchet.org\/","name":"Domaine de Boisbuchet","description":"Summer Workshops | Park | Event\u00a0Location","publisher":{"@id":"https:\/\/www.boisbuchet.org\/#organization"},"potentialAction":[{"@type":"SearchAction","target":{"@type":"EntryPoint","urlTemplate":"https:\/\/www.boisbuchet.org\/?s={search_term_string}"},"query-input":{"@type":"PropertyValueSpecification","valueRequired":true,"valueName":"search_term_string"}}],"inLanguage":"fr-FR"},{"@type":"Organization","@id":"https:\/\/www.boisbuchet.org\/#organization","name":"Domine de Boisbuchet","url":"https:\/\/www.boisbuchet.org\/","logo":{"@type":"ImageObject","inLanguage":"fr-FR","@id":"https:\/\/www.boisbuchet.org\/#\/schema\/logo\/image\/","url":"https:\/\/www.boisbuchet.org\/wp-content\/uploads\/2019\/01\/logo_boisbuchet_black.png","contentUrl":"https:\/\/www.boisbuchet.org\/wp-content\/uploads\/2019\/01\/logo_boisbuchet_black.png","width":200,"height":73,"caption":"Domine de Boisbuchet"},"image":{"@id":"https:\/\/www.boisbuchet.org\/#\/schema\/logo\/image\/"},"sameAs":["https:\/\/www.facebook.com\/boisbuchet","https:\/\/x.com\/boisbuchet","https:\/\/www.instagram.com\/boisbuchet","https:\/\/www.linkedin.com\/company\/domaine-de-boisbuchet","https:\/\/www.pinterest.com\/boisbuchet"]}]}},"_links":{"self":[{"href":"https:\/\/www.boisbuchet.org\/fr\/wp-json\/wp\/v2\/pages\/3726","targetHints":{"allow":["GET"]}}],"collection":[{"href":"https:\/\/www.boisbuchet.org\/fr\/wp-json\/wp\/v2\/pages"}],"about":[{"href":"https:\/\/www.boisbuchet.org\/fr\/wp-json\/wp\/v2\/types\/page"}],"author":[{"embeddable":true,"href":"https:\/\/www.boisbuchet.org\/fr\/wp-json\/wp\/v2\/users\/1"}],"replies":[{"embeddable":true,"href":"https:\/\/www.boisbuchet.org\/fr\/wp-json\/wp\/v2\/comments?post=3726"}],"version-history":[{"count":19,"href":"https:\/\/www.boisbuchet.org\/fr\/wp-json\/wp\/v2\/pages\/3726\/revisions"}],"predecessor-version":[{"id":22390,"href":"https:\/\/www.boisbuchet.org\/fr\/wp-json\/wp\/v2\/pages\/3726\/revisions\/22390"}],"up":[{"embeddable":true,"href":"https:\/\/www.boisbuchet.org\/fr\/wp-json\/wp\/v2\/pages\/1781"}],"wp:attachment":[{"href":"https:\/\/www.boisbuchet.org\/fr\/wp-json\/wp\/v2\/media?parent=3726"}],"curies":[{"name":"wp","href":"https:\/\/api.w.org\/{rel}","templated":true}]}}